{"id":2290,"date":"2024-03-13T21:15:41","date_gmt":"2024-03-13T20:15:41","guid":{"rendered":"https:\/\/intpro-handelsagentur.com\/intpro-mobility\/?page_id=2290"},"modified":"2025-12-19T14:53:46","modified_gmt":"2025-12-19T13:53:46","slug":"schaumstoffe-sitzpolsterkerne","status":"publish","type":"page","link":"https:\/\/intpro-handelsagentur.com\/intpro-mobility\/schaumstoffe-sitzpolsterkerne\/","title":{"rendered":"Schaumstoffe &amp; Sitzpolsterkerne"},"content":{"rendered":"\n\n\t<section class=\"section\" id=\"section_695410722\">\n\t\t<div class=\"section-bg fill\" >\n\t\t\t\t\t\t\t\t\t<button class=\"scroll-for-more z-5 icon absolute bottom h-center\" aria-label=\"Scrollen f\u00fcr mehr\"><i class=\"icon-angle-down\" style=\"font-size:42px;\" ><\/i><\/button>\n\t\t\t\n\n\t\t<\/div>\n\n\t\t\n\n\t\t<div class=\"section-content relative\">\n\t\t\t\n\n<div class=\"row row-full-width align-middle\"  id=\"row-1401593616\">\n\n\n\t<div id=\"col-1602319883\" class=\"col medium-12 small-12 large-6\"  >\n\t\t\t\t<div class=\"col-inner text-left\"  >\n\t\t\t\n\t\t\t\n\n\t<div id=\"text-2209004164\" class=\"text\">\n\t\t\n\n<h3><span style=\"color: #ffffff;\">PRODUKTE<\/span><\/h3>\n\t\t\n<style>\n#text-2209004164 {\n  font-size: 1.3rem;\n}\n<\/style>\n\t<\/div>\n\t\n<div class=\"is-divider divider clearfix\" style=\"max-width:241px;background-color:rgb(255, 244, 28);\"><\/div>\n\n\t<div id=\"text-3978160744\" class=\"text\">\n\t\t\n\n<h1><span style=\"color: #ffffff;\">Schaumstoffe &#038; Sitzpolster f\u00fcr Sitzsysteme<\/span><\/h1>\n\n\t\t\n<style>\n#text-3978160744 {\n  font-size: 2.3rem;\n}\n<\/style>\n\t<\/div>\n\t\n\t<div id=\"text-1578793809\" class=\"text\">\n\t\t\n\n<p>Entdecken Sie hochwertige Schaumstoffe &#038; Sitzpolster f\u00fcr Sitzsysteme, Polsterelemente und Verkleidungen, die speziell f\u00fcr Busse, Z\u00fcge und den \u00f6ffentlichen Personentransport entwickelt wurden \u2013 f\u00fcr maximalen Komfort, Sicherheit und Langlebigkeit.<\/p>\n\n\t\t\n<style>\n#text-1578793809 {\n  font-size: 1.5rem;\n  color: rgb(255,255,255);\n}\n#text-1578793809 > * {\n  color: rgb(255,255,255);\n}\n<\/style>\n\t<\/div>\n\t\n\n\t\t<\/div>\n\t\t\t\t\n<style>\n#col-1602319883 > .col-inner {\n  margin: 0px 0px 0 0px;\n}\n@media (min-width:550px) {\n  #col-1602319883 > .col-inner {\n    margin: 0 0px 0px 0px;\n  }\n}\n@media (min-width:850px) {\n  #col-1602319883 > .col-inner {\n    margin: 0px 0px 0px 0px;\n  }\n}\n<\/style>\n\t<\/div>\n\n\t\n\n\t<div id=\"col-2068516586\" class=\"col hide-for-medium medium-6 small-12 large-6\"  >\n\t\t\t\t<div class=\"col-inner\"  >\n\t\t\t\n\t\t\t\n\n\t<div class=\"img has-hover x md-x lg-x y md-y lg-y\" id=\"image_174797733\">\n\t\t\t\t\t\t\t\t<div class=\"img-inner image-cover dark\" style=\"padding-top:600px;\">\n\t\t\t<img loading=\"lazy\" decoding=\"async\" width=\"1823\" height=\"2560\" src=\"https:\/\/intpro-handelsagentur.com\/intpro-mobility\/wp-content\/uploads\/2024\/03\/Schaumstoffe-Sitzpolsterkerne-IntPro-mobility-1-scaled.jpg\" class=\"attachment-original size-original\" alt=\"\" srcset=\"https:\/\/intpro-handelsagentur.com\/intpro-mobility\/wp-content\/uploads\/2024\/03\/Schaumstoffe-Sitzpolsterkerne-IntPro-mobility-1-scaled.jpg 1823w, https:\/\/intpro-handelsagentur.com\/intpro-mobility\/wp-content\/uploads\/2024\/03\/Schaumstoffe-Sitzpolsterkerne-IntPro-mobility-1-214x300.jpg 214w, https:\/\/intpro-handelsagentur.com\/intpro-mobility\/wp-content\/uploads\/2024\/03\/Schaumstoffe-Sitzpolsterkerne-IntPro-mobility-1-729x1024.jpg 729w, https:\/\/intpro-handelsagentur.com\/intpro-mobility\/wp-content\/uploads\/2024\/03\/Schaumstoffe-Sitzpolsterkerne-IntPro-mobility-1-768x1078.jpg 768w, https:\/\/intpro-handelsagentur.com\/intpro-mobility\/wp-content\/uploads\/2024\/03\/Schaumstoffe-Sitzpolsterkerne-IntPro-mobility-1-1094x1536.jpg 1094w, https:\/\/intpro-handelsagentur.com\/intpro-mobility\/wp-content\/uploads\/2024\/03\/Schaumstoffe-Sitzpolsterkerne-IntPro-mobility-1-1459x2048.jpg 1459w\" sizes=\"auto, (max-width: 1823px) 100vw, 1823px\" \/>\t\t\t\t\t\t\n\t\t\t\t\t<\/div>\n\t\t\t\t\t\t\t\t\n<style>\n#image_174797733 {\n  width: 100%;\n}\n<\/style>\n\t<\/div>\n\t\n\n\n\t\t<\/div>\n\t\t\t\t\t<\/div>\n\n\t\n\n<\/div>\n\t<div id=\"gap-2036828312\" class=\"gap-element clearfix\" style=\"display:block; height:auto;\">\n\t\t\n<style>\n#gap-2036828312 {\n  padding-top: 50px;\n}\n<\/style>\n\t<\/div>\n\t\n\n\n\t\t<\/div>\n\n\t\t\n<style>\n#section_695410722 {\n  padding-top: 30px;\n  padding-bottom: 30px;\n  background-color: rgb(0,0,0);\n}\n<\/style>\n\t<\/section>\n\t\n\n\t<section class=\"section\" id=\"section_1734315482\">\n\t\t<div class=\"section-bg fill\" >\n\t\t\t\t\t\t\t\t\t\n\t\t\t\n\n\t\t<\/div>\n\n\t\t\n\n\t\t<div class=\"section-content relative\">\n\t\t\t\n\n<div class=\"row row-full-width\"  id=\"row-602696832\">\n\n\n\t<div id=\"col-1030148365\" class=\"col medium-12 small-12 large-5\"  >\n\t\t\t\t<div class=\"col-inner\"  >\n\t\t\t\n\t\t\t\n\n<div class=\"slider-wrapper relative\" id=\"slider-2089980675\" >\n    <div class=\"slider slider-nav-circle slider-nav-large slider-nav-light slider-style-normal\"\n        data-flickity-options='{\n            \"cellAlign\": \"center\",\n            \"imagesLoaded\": true,\n            \"lazyLoad\": 1,\n            \"freeScroll\": false,\n            \"wrapAround\": true,\n            \"autoPlay\": 3000,\n            \"pauseAutoPlayOnHover\" : true,\n            \"prevNextButtons\": true,\n            \"contain\" : true,\n            \"adaptiveHeight\" : true,\n            \"dragThreshold\" : 10,\n            \"percentPosition\": true,\n            \"pageDots\": true,\n            \"rightToLeft\": false,\n            \"draggable\": true,\n            \"selectedAttraction\": 0.1,\n            \"parallax\" : 0,\n            \"friction\": 0.6        }'\n        >\n        \n\n\t<div class=\"img has-hover x md-x lg-x y md-y lg-y\" id=\"image_1361858570\">\n\t\t<a class=\"image-lightbox lightbox-gallery\" title=\"\" href=\"https:\/\/intpro-handelsagentur.com\/intpro-mobility\/wp-content\/uploads\/2024\/03\/Schaumstoffe-Sitzpolsterkerne-IntPro-mobility-2-1024x968.jpg\">\t\t\t\t\t\t<div class=\"img-inner image-cover dark\" style=\"padding-top:100%;\">\n\t\t\t<img loading=\"lazy\" decoding=\"async\" width=\"2560\" height=\"2420\" src=\"https:\/\/intpro-handelsagentur.com\/intpro-mobility\/wp-content\/uploads\/2024\/03\/Schaumstoffe-Sitzpolsterkerne-IntPro-mobility-2-scaled.jpg\" class=\"attachment-original size-original\" alt=\"\" srcset=\"https:\/\/intpro-handelsagentur.com\/intpro-mobility\/wp-content\/uploads\/2024\/03\/Schaumstoffe-Sitzpolsterkerne-IntPro-mobility-2-scaled.jpg 2560w, https:\/\/intpro-handelsagentur.com\/intpro-mobility\/wp-content\/uploads\/2024\/03\/Schaumstoffe-Sitzpolsterkerne-IntPro-mobility-2-300x284.jpg 300w, https:\/\/intpro-handelsagentur.com\/intpro-mobility\/wp-content\/uploads\/2024\/03\/Schaumstoffe-Sitzpolsterkerne-IntPro-mobility-2-1024x968.jpg 1024w, https:\/\/intpro-handelsagentur.com\/intpro-mobility\/wp-content\/uploads\/2024\/03\/Schaumstoffe-Sitzpolsterkerne-IntPro-mobility-2-768x726.jpg 768w, https:\/\/intpro-handelsagentur.com\/intpro-mobility\/wp-content\/uploads\/2024\/03\/Schaumstoffe-Sitzpolsterkerne-IntPro-mobility-2-1536x1452.jpg 1536w, https:\/\/intpro-handelsagentur.com\/intpro-mobility\/wp-content\/uploads\/2024\/03\/Schaumstoffe-Sitzpolsterkerne-IntPro-mobility-2-2048x1936.jpg 2048w\" sizes=\"auto, (max-width: 2560px) 100vw, 2560px\" \/>\t\t\t\t\t\t\n\t\t\t\t\t<\/div>\n\t\t\t\t\t\t<\/a>\t\t\n<style>\n#image_1361858570 {\n  width: 100%;\n}\n<\/style>\n\t<\/div>\n\t\n\n\t<div class=\"img has-hover x md-x lg-x y md-y lg-y\" id=\"image_1947017026\">\n\t\t<a class=\"image-lightbox lightbox-gallery\" title=\"\" href=\"https:\/\/intpro-handelsagentur.com\/intpro-mobility\/wp-content\/uploads\/2024\/03\/Schaumstoffe-Sitzpolsterkerne-IntPro-mobility-3-714x1024.jpg\">\t\t\t\t\t\t<div class=\"img-inner image-cover dark\" style=\"padding-top:100%;\">\n\t\t\t<img loading=\"lazy\" decoding=\"async\" width=\"1786\" height=\"2560\" src=\"https:\/\/intpro-handelsagentur.com\/intpro-mobility\/wp-content\/uploads\/2024\/03\/Schaumstoffe-Sitzpolsterkerne-IntPro-mobility-3-scaled.jpg\" class=\"attachment-original size-original\" alt=\"\" srcset=\"https:\/\/intpro-handelsagentur.com\/intpro-mobility\/wp-content\/uploads\/2024\/03\/Schaumstoffe-Sitzpolsterkerne-IntPro-mobility-3-scaled.jpg 1786w, https:\/\/intpro-handelsagentur.com\/intpro-mobility\/wp-content\/uploads\/2024\/03\/Schaumstoffe-Sitzpolsterkerne-IntPro-mobility-3-209x300.jpg 209w, https:\/\/intpro-handelsagentur.com\/intpro-mobility\/wp-content\/uploads\/2024\/03\/Schaumstoffe-Sitzpolsterkerne-IntPro-mobility-3-714x1024.jpg 714w, https:\/\/intpro-handelsagentur.com\/intpro-mobility\/wp-content\/uploads\/2024\/03\/Schaumstoffe-Sitzpolsterkerne-IntPro-mobility-3-768x1101.jpg 768w, https:\/\/intpro-handelsagentur.com\/intpro-mobility\/wp-content\/uploads\/2024\/03\/Schaumstoffe-Sitzpolsterkerne-IntPro-mobility-3-1072x1536.jpg 1072w, https:\/\/intpro-handelsagentur.com\/intpro-mobility\/wp-content\/uploads\/2024\/03\/Schaumstoffe-Sitzpolsterkerne-IntPro-mobility-3-1429x2048.jpg 1429w\" sizes=\"auto, (max-width: 1786px) 100vw, 1786px\" \/>\t\t\t\t\t\t\n\t\t\t\t\t<\/div>\n\t\t\t\t\t\t<\/a>\t\t\n<style>\n#image_1947017026 {\n  width: 100%;\n}\n<\/style>\n\t<\/div>\n\t\n\n\n     <\/div>\n\n     <div class=\"loading-spin dark large centered\"><\/div>\n\n\t<\/div>\n\n\n\n\t\t<\/div>\n\t\t\t\t\t<\/div>\n\n\t\n\n\t<div id=\"col-242158422\" class=\"col medium-12 small-12 large-7\"  >\n\t\t\t\t<div class=\"col-inner\"  >\n\t\t\t\n\t\t\t\n\n<h1><span style=\"color: #ffff00;\">Schaumstoffe &#038; Sitzpolsterkerne f\u00fcr Sitzsysteme oder Aufdopplungen <\/span><\/h1>\n\n\t<div id=\"text-3840138166\" class=\"text\">\n\t\t\n\n<div class=\"et_pb_module et_pb_text et_pb_text_2  et_pb_text_align_left et_pb_bg_layout_dark\">\n<div class=\"et_pb_text_inner\">\n<p>Unsere <strong>Schaumstoffe &amp; Sitzpolster<\/strong> bieten die perfekte L\u00f6sung f\u00fcr anspruchsvolle Anwendungen im \u00f6ffentlichen Personentransport. Ob f\u00fcr <strong>Sitzsysteme, Polsterelemente oder Verkleidungen<\/strong> \u2013 wir liefern Produkte, die Komfort, Sicherheit und Haltbarkeit vereinen. Dank modernster Fertigungstechnologien und gepr\u00fcfter Materialien erf\u00fcllen unsere Sitzpolster h\u00f6chste Qualit\u00e4ts- und Brandschutzstandards wie <strong>EN 45545-2 HL2\/HL3<\/strong> und <strong>ECE-R118<\/strong>.<\/p>\n<p><strong>Anwendungsbereiche:<\/strong><\/p>\n<ul>\n<li>Sitze in Bussen und Z\u00fcgen<\/li>\n<li>Modernisierung und Renovierung von Fahrgastr\u00e4umen<\/li>\n<li>Sonderanfertigungen f\u00fcr Verkehrsbetriebe und Fahrzeughersteller<\/li>\n<\/ul>\n<p><br \/>Unsere Schaumstoffe sind formstabil, langlebig und bieten optimalen Sitzkomfort. Sie sind ideal f\u00fcr <strong>Bus- und Bahnbetreiber<\/strong>, <strong>Designer<\/strong>, <strong>Instandhalter<\/strong>, sowie <strong>Zug- oder Bushersteller und Sitzhersteller<\/strong>, die eine zuverl\u00e4ssige L\u00f6sung suchen.<\/p>\n<ul>\n<li>Schaumstoffe f\u00fcr Sitzsysteme im \u00f6ffentlichen Personentransport<\/li>\n<li>Brandschutz-zertifizierte Sitzpolster f\u00fcr Busse und Bahnen<\/li>\n<li>Hochwertige Schaumstoffkerne f\u00fcr Sitz- und Polsterelemente<\/li>\n<\/ul>\n<p><strong>Ihre Vorteile mit unseren Schaumstoffen &amp; Sitzpolstern<\/strong><\/p>\n<ul>\n<li><strong>Brandschutzkonform:<\/strong> Erf\u00fcllt EN 45545-2 und ECE-R118 f\u00fcr maximale Sicherheit.<\/li>\n<li><strong>Langlebig &amp; komfortabel:<\/strong> Hohe R\u00fcckstellkraft und ergonomische Eigenschaften.<\/li>\n<li><strong>Individuelle Anpassung:<\/strong> Ma\u00dfgeschneiderte L\u00f6sungen f\u00fcr Busse, Bahnen und Sonderfahrzeuge.<\/li>\n<li><strong>Zuverl\u00e4ssige Qualit\u00e4t:<\/strong> Regelm\u00e4\u00dfige Pr\u00fcfungen und Fertigung nach h\u00f6chsten Standards.<\/li>\n<\/ul>\n<\/div>\n<\/div>\n\t\t\n<style>\n#text-3840138166 {\n  color: rgb(255,255,255);\n}\n#text-3840138166 > * {\n  color: rgb(255,255,255);\n}\n<\/style>\n\t<\/div>\n\t\n\t<div id=\"text-3334751362\" class=\"text\">\n\t\t\n\n<blockquote>\n<p><span style=\"color: #ffffff;\"><strong>Einsatzgebiet:<\/strong> Bahnen, Busse, Spezialfahrzeuge, Schiffe, Lastkraftwagen, Land- &#038; Baumaschinen, Automobile, Luftfahrzeuge.<\/span><\/p>\n<p><span style=\"color: #ffffff;\"><strong>Verwendung:<\/strong> Erstausstattung, Umr\u00fcstung, Modernisierung, Sonderbedarf.<\/span><\/p>\n<p><span style=\"color: #ffffff;\"><strong>Brandschutz:<\/strong> EN 45545-2 HL2 bis HL3, ECE-R118, uvm.<\/span><\/p>\n<\/blockquote>\n\n\t\t\n<style>\n#text-3334751362 {\n  font-size: 0.95rem;\n}\n<\/style>\n\t<\/div>\n\t\n\n\t\t<\/div>\n\t\t\t\t\t<\/div>\n\n\t\n\n<\/div>\n<div class=\"row row-full-width align-middle align-center\"  id=\"row-773074995\">\n\n\n\t<div id=\"col-250576852\" class=\"col medium-12 small-12 large-8\"  >\n\t\t\t\t<div class=\"col-inner\"  >\n\t\t\t\n\t\t\t\n\n\t<div id=\"gap-699515605\" class=\"gap-element clearfix\" style=\"display:block; height:auto;\">\n\t\t\n<style>\n#gap-699515605 {\n  padding-top: 110px;\n}\n<\/style>\n\t<\/div>\n\t\n\n\t<div id=\"text-4240243191\" class=\"text\">\n\t\t\n\n<h2>FAQ- Schaumstoffe &#038; Sitzpolster<\/h2>\n\n\t\t\n<style>\n#text-4240243191 {\n  color: rgb(255,255,255);\n}\n#text-4240243191 > * {\n  color: rgb(255,255,255);\n}\n<\/style>\n\t<\/div>\n\t\n<div class=\"accordion\">\n\n\t<div id=\"accordion-4021432620\" class=\"accordion-item\">\n\t\t<a id=\"accordion-4021432620-label\" class=\"accordion-title plain\" href=\"#accordion-item-welche-schaumstoffe-eignen-sich-f\u00fcr-sitzsysteme-im-\u00f6ffentlichen-personentransport?\" aria-expanded=\"false\" aria-controls=\"accordion-4021432620-content\" >\n\t\t\t<button class=\"toggle\" aria-label=\"Umschalten\"><i class=\"icon-angle-down\"><\/i><\/button>\n\t\t\t<span>Welche Schaumstoffe eignen sich f\u00fcr Sitzsysteme im \u00f6ffentlichen Personentransport?<\/span>\n\t\t<\/a>\n\t\t<div id=\"accordion-4021432620-content\" class=\"accordion-inner\" aria-labelledby=\"accordion-4021432620-label\" >\n\t\t\t\n\n\t<div id=\"text-1535113901\" class=\"text\">\n\t\t\n\n<p>Unsere Schaumstoffe sind speziell f\u00fcr den Einsatz in Bussen und Z\u00fcgen entwickelt. Sie bieten hohe Formstabilit\u00e4t, Komfort und erf\u00fcllen Brandschutznormen wie EN 45545-2 HL2\/HL3. Ideal f\u00fcr Sitzsysteme, Polsterelemente und Verkleidungen im \u00f6ffentlichen Personentransport.<\/p>\n\n\t\t\n<style>\n#text-1535113901 {\n  color: rgb(255,255,255);\n}\n#text-1535113901 > * {\n  color: rgb(255,255,255);\n}\n<\/style>\n\t<\/div>\n\t\n\n\t\t<\/div>\n\t<\/div>\n\t\n\t<div id=\"accordion-830480372\" class=\"accordion-item\">\n\t\t<a id=\"accordion-830480372-label\" class=\"accordion-title plain\" href=\"#accordion-item-sind-die-sitzpolster-f\u00fcr-renovierungsprojekte-geeignet?\" aria-expanded=\"false\" aria-controls=\"accordion-830480372-content\" >\n\t\t\t<button class=\"toggle\" aria-label=\"Umschalten\"><i class=\"icon-angle-down\"><\/i><\/button>\n\t\t\t<span>Sind die Sitzpolster f\u00fcr Renovierungsprojekte geeignet?<\/span>\n\t\t<\/a>\n\t\t<div id=\"accordion-830480372-content\" class=\"accordion-inner\" aria-labelledby=\"accordion-830480372-label\" >\n\t\t\t\n\n\t<div id=\"text-830962846\" class=\"text\">\n\t\t\n\n<p>Ja, unsere Produkte sind perfekt f\u00fcr Modernisierungen und Renovierungen von Fahrgastr\u00e4umen. Sie lassen sich individuell zuschneiden und an bestehende Sitzsysteme anpassen.<\/p>\n\n\t\t\n<style>\n#text-830962846 {\n  color: rgb(255,255,255);\n}\n#text-830962846 > * {\n  color: rgb(255,255,255);\n}\n<\/style>\n\t<\/div>\n\t\n\n\t\t<\/div>\n\t<\/div>\n\t\n\t<div id=\"accordion-947793060\" class=\"accordion-item\">\n\t\t<a id=\"accordion-947793060-label\" class=\"accordion-title plain\" href=\"#accordion-item-welche-vorteile-bieten-ihre-schaumstoffkerne-gegen\u00fcber-standardl\u00f6sungen?\" aria-expanded=\"false\" aria-controls=\"accordion-947793060-content\" >\n\t\t\t<button class=\"toggle\" aria-label=\"Umschalten\"><i class=\"icon-angle-down\"><\/i><\/button>\n\t\t\t<span>Welche Vorteile bieten Ihre Schaumstoffkerne gegen\u00fcber Standardl\u00f6sungen?<\/span>\n\t\t<\/a>\n\t\t<div id=\"accordion-947793060-content\" class=\"accordion-inner\" aria-labelledby=\"accordion-947793060-label\" >\n\t\t\t\n\n\t<div id=\"text-2442100442\" class=\"text\">\n\t\t\n\n<p>Unsere Schaumstoffkerne sind langlebig, komfortabel und brandschutzgepr\u00fcft. Sie erf\u00fcllen h\u00f6chste Sicherheitsstandards und sind ideal f\u00fcr Bus- und Bahnbetreiber, Designer und Fahrzeughersteller.<\/p>\n\n\t\t\n<style>\n#text-2442100442 {\n  color: rgb(255,255,255);\n}\n#text-2442100442 > * {\n  color: rgb(255,255,255);\n}\n<\/style>\n\t<\/div>\n\t\n\n\t\t<\/div>\n\t<\/div>\n\t\n\t<div id=\"accordion-319122721\" class=\"accordion-item\">\n\t\t<a id=\"accordion-319122721-label\" class=\"accordion-title plain\" href=\"#accordion-item-k\u00f6nnen-die-schaumstoffe-individuell-angepasst-werden?\" aria-expanded=\"false\" aria-controls=\"accordion-319122721-content\" >\n\t\t\t<button class=\"toggle\" aria-label=\"Umschalten\"><i class=\"icon-angle-down\"><\/i><\/button>\n\t\t\t<span>K\u00f6nnen die Schaumstoffe individuell angepasst werden?<\/span>\n\t\t<\/a>\n\t\t<div id=\"accordion-319122721-content\" class=\"accordion-inner\" aria-labelledby=\"accordion-319122721-label\" >\n\t\t\t\n\n\t<div id=\"text-4038221559\" class=\"text\">\n\t\t\n\n<p>Ja, wir bieten ma\u00dfgeschneiderte L\u00f6sungen f\u00fcr Sitzsysteme, Polsterelemente und Verkleidungen \u2013 inklusive Sonderformen und spezifischer H\u00e4rtegrade.<\/p>\n\n\t\t\n<style>\n#text-4038221559 {\n  color: rgb(255,255,255);\n}\n#text-4038221559 > * {\n  color: rgb(255,255,255);\n}\n<\/style>\n\t<\/div>\n\t\n\n\t\t<\/div>\n\t<\/div>\n\t\n\n<\/div>\n\n\t\t<\/div>\n\t\t\t\t\t<\/div>\n\n\t\n\n<\/div>\n\t<div id=\"gap-1333502574\" class=\"gap-element clearfix\" style=\"display:block; height:auto;\">\n\t\t\n<style>\n#gap-1333502574 {\n  padding-top: 110px;\n}\n<\/style>\n\t<\/div>\n\t\n\n\n\t<section class=\"section\" id=\"section_1895981883\">\n\t\t<div class=\"section-bg fill\" >\n\t\t\t<img loading=\"lazy\" decoding=\"async\" width=\"387\" height=\"297\" src=\"https:\/\/intpro-handelsagentur.com\/intpro-mobility\/wp-content\/uploads\/2023\/08\/Unser-Buero.png\" class=\"bg attachment- size-\" alt=\"\" \/>\t\t\t\t\t\t<div class=\"section-bg-overlay absolute fill\"><\/div>\n\t\t\t\n\n\t\t<\/div>\n\n\t\t\n\n\t\t<div class=\"section-content relative\">\n\t\t\t\n\n<div class=\"row\"  id=\"row-1361973770\">\n\n\n\t<div id=\"col-628804685\" class=\"col small-12 large-12\"  >\n\t\t\t\t<div class=\"col-inner\"  >\n\t\t\t\n\t\t\t\n\n\t<div id=\"text-174359636\" class=\"text\">\n\t\t\n\n<h2><span style=\"font-size: 170%;\">Kontaktanfrage<\/span><\/h2>\n<p>\u00a0<\/p>\n<p>Offene Fragen gibt es bei uns nicht, daher stehen wir Ihnen unkompliziert zur Verf\u00fcgung:<\/p>\n<p>Unsere B\u00fcrozeiten<\/p>\n<p>Montag bis Donnerstag: von 08:30 bis 15:30 Uhr<br \/>Freitag: von 08:30 bis 12:30 Uhr<\/p>\n<p>oder pers\u00f6nlich nach Terminabstimmung.<\/p>\n\t\t\n<style>\n#text-174359636 {\n  text-align: center;\n  color: #ffffff;\n}\n#text-174359636 > * {\n  color: #ffffff;\n}\n<\/style>\n\t<\/div>\n\t\n\n\t\t<\/div>\n\t\t\t\t\t<\/div>\n\n\t\n\n<\/div>\n<div class=\"row\"  id=\"row-629839010\">\n\n\n\t<div id=\"col-281753960\" class=\"col medium-4 small-12 large-4\"  >\n\t\t\t\t<div class=\"col-inner\"  >\n\t\t\t\n\t\t\t\n\n\n\t<a class=\"plain\" href=\"mailto:info@IntPro-Mobility.com\" >\t<div class=\"icon-box featured-box icon-box-center text-center\"  >\n\t\t\t\t\t<div class=\"icon-box-img\" style=\"width: 135px\">\n\t\t\t\t<div class=\"icon\">\n\t\t\t\t\t<div class=\"icon-inner\" >\n\t\t\t\t\t\t<img loading=\"lazy\" decoding=\"async\" width=\"300\" height=\"300\" src=\"https:\/\/intpro-handelsagentur.com\/intpro-mobility\/wp-content\/uploads\/2023\/09\/mail-300x300.png\" class=\"attachment-medium size-medium\" alt=\"\" srcset=\"https:\/\/intpro-handelsagentur.com\/intpro-mobility\/wp-content\/uploads\/2023\/09\/mail-300x300.png 300w, https:\/\/intpro-handelsagentur.com\/intpro-mobility\/wp-content\/uploads\/2023\/09\/mail-150x150.png 150w, https:\/\/intpro-handelsagentur.com\/intpro-mobility\/wp-content\/uploads\/2023\/09\/mail-768x768.png 768w, https:\/\/intpro-handelsagentur.com\/intpro-mobility\/wp-content\/uploads\/2023\/09\/mail.png 1024w\" sizes=\"auto, (max-width: 300px) 100vw, 300px\" \/>\t\t\t\t\t<\/div>\n\t\t\t\t<\/div>\n\t\t\t<\/div>\n\t\t\t\t<div class=\"icon-box-text last-reset\">\n\t\t\t\t\t\t\t\t\t\n\n\t<div id=\"text-2990571141\" class=\"text\">\n\t\t\n\n<h3>E-Mail<\/h3>\n<p>info@IntPro-mobility.com<\/p>\n\t\t\n<style>\n#text-2990571141 {\n  color: #ffffff;\n}\n#text-2990571141 > * {\n  color: #ffffff;\n}\n<\/style>\n\t<\/div>\n\t\n\n\t\t<\/div>\n\t<\/div>\n\t<\/a>\n\t\n\n\t\t<\/div>\n\t\t\t\t\t<\/div>\n\n\t\n\n\t<div id=\"col-580248312\" class=\"col medium-4 small-12 large-4\"  >\n\t\t\t\t<div class=\"col-inner\"  >\n\t\t\t\n\t\t\t\n\n\n\t<a class=\"plain\" href=\"tel:+4952116393052\" >\t<div class=\"icon-box featured-box icon-box-center text-center\"  >\n\t\t\t\t\t<div class=\"icon-box-img\" style=\"width: 135px\">\n\t\t\t\t<div class=\"icon\">\n\t\t\t\t\t<div class=\"icon-inner\" >\n\t\t\t\t\t\t<img loading=\"lazy\" decoding=\"async\" width=\"300\" height=\"300\" src=\"https:\/\/intpro-handelsagentur.com\/intpro-mobility\/wp-content\/uploads\/2023\/09\/phone-300x300.png\" class=\"attachment-medium size-medium\" alt=\"\" srcset=\"https:\/\/intpro-handelsagentur.com\/intpro-mobility\/wp-content\/uploads\/2023\/09\/phone-300x300.png 300w, https:\/\/intpro-handelsagentur.com\/intpro-mobility\/wp-content\/uploads\/2023\/09\/phone-150x150.png 150w, https:\/\/intpro-handelsagentur.com\/intpro-mobility\/wp-content\/uploads\/2023\/09\/phone-768x768.png 768w, https:\/\/intpro-handelsagentur.com\/intpro-mobility\/wp-content\/uploads\/2023\/09\/phone.png 1024w\" sizes=\"auto, (max-width: 300px) 100vw, 300px\" \/>\t\t\t\t\t<\/div>\n\t\t\t\t<\/div>\n\t\t\t<\/div>\n\t\t\t\t<div class=\"icon-box-text last-reset\">\n\t\t\t\t\t\t\t\t\t\n\n\t<div id=\"text-1019227197\" class=\"text\">\n\t\t\n\n<h3>Telefon<\/h3>\n<p>+49 (0) 521 1639305 2<\/p>\n\t\t\n<style>\n#text-1019227197 {\n  color: #ffffff;\n}\n#text-1019227197 > * {\n  color: #ffffff;\n}\n<\/style>\n\t<\/div>\n\t\n\n\t\t<\/div>\n\t<\/div>\n\t<\/a>\n\t\n\n\t\t<\/div>\n\t\t\t\t\t<\/div>\n\n\t\n\n\t<div id=\"col-1804104694\" class=\"col medium-4 small-12 large-4\"  >\n\t\t\t\t<div class=\"col-inner\"  >\n\t\t\t\n\t\t\t\n\n\n\t<a class=\"plain\" href=\"https:\/\/maps.app.goo.gl\/5tRfD2wAZyTFM5gC8\" target=\"_blank\" rel=\"noopener\" >\t<div class=\"icon-box featured-box icon-box-center text-center\"  >\n\t\t\t\t\t<div class=\"icon-box-img\" style=\"width: 135px\">\n\t\t\t\t<div class=\"icon\">\n\t\t\t\t\t<div class=\"icon-inner\" >\n\t\t\t\t\t\t<img loading=\"lazy\" decoding=\"async\" width=\"300\" height=\"300\" src=\"https:\/\/intpro-handelsagentur.com\/intpro-mobility\/wp-content\/uploads\/2023\/09\/hotel-300x300.png\" class=\"attachment-medium size-medium\" alt=\"\" srcset=\"https:\/\/intpro-handelsagentur.com\/intpro-mobility\/wp-content\/uploads\/2023\/09\/hotel-300x300.png 300w, https:\/\/intpro-handelsagentur.com\/intpro-mobility\/wp-content\/uploads\/2023\/09\/hotel-150x150.png 150w, https:\/\/intpro-handelsagentur.com\/intpro-mobility\/wp-content\/uploads\/2023\/09\/hotel-768x768.png 768w, https:\/\/intpro-handelsagentur.com\/intpro-mobility\/wp-content\/uploads\/2023\/09\/hotel.png 1024w\" sizes=\"auto, (max-width: 300px) 100vw, 300px\" \/>\t\t\t\t\t<\/div>\n\t\t\t\t<\/div>\n\t\t\t<\/div>\n\t\t\t\t<div class=\"icon-box-text last-reset\">\n\t\t\t\t\t\t\t\t\t\n\n\t<div id=\"text-3315480580\" class=\"text\">\n\t\t\n\n<h3>B\u00fcro<\/h3>\n<p>B\u00f6ttcherstr.7 <br \/>\nDE-33609 Bielefeld<\/p>\n\t\t\n<style>\n#text-3315480580 {\n  color: #ffffff;\n}\n#text-3315480580 > * {\n  color: #ffffff;\n}\n<\/style>\n\t<\/div>\n\t\n\n\t\t<\/div>\n\t<\/div>\n\t<\/a>\n\t\n\n\t\t<\/div>\n\t\t\t\t\t<\/div>\n\n\t\n\n<\/div>\n\n\n\t\t<\/div>\n\n\t\t\n<style>\n#section_1895981883 {\n  padding-top: 30px;\n  padding-bottom: 30px;\n}\n#section_1895981883 .section-bg-overlay {\n  background-color: rgba(0, 0, 0, 0.802);\n}\n<\/style>\n\t<\/section>\n\t\n\n\n\t\t<\/div>\n\n\t\t\n<style>\n#section_1734315482 {\n  padding-top: 30px;\n  padding-bottom: 30px;\n  background-color: rgb(0,0,0);\n}\n<\/style>\n\t<\/section>\n\t\n\n","protected":false},"excerpt":{"rendered":"","protected":false},"author":1,"featured_media":0,"parent":0,"menu_order":0,"comment_status":"closed","ping_status":"closed","template":"page-blank.php","meta":{"footnotes":""},"class_list":["post-2290","page","type-page","status-publish","hentry"],"yoast_head":"<!-- This site is optimized with the Yoast SEO plugin v27.1.1 - https:\/\/yoast.com\/product\/yoast-seo-wordpress\/ -->\n<title>Schaumstoffe &amp; Sitzpolsterkerne - Intpro Mobility<\/title>\n<meta name=\"description\" content=\"Unsere Vision ist Ihre Chance. Die Agentur in OWL f\u00fcr moderne, preiswerte und responsive Websites.\" \/>\n<meta name=\"robots\" content=\"index, follow, max-snippet:-1, max-image-preview:large, max-video-preview:-1\" \/>\n<link rel=\"canonical\" href=\"https:\/\/intpro-handelsagentur.com\/intpro-mobility\/schaumstoffe-sitzpolsterkerne\/\" \/>\n<meta property=\"og:locale\" content=\"de_DE\" \/>\n<meta property=\"og:type\" content=\"article\" \/>\n<meta property=\"og:title\" content=\"Schaumstoffe &amp; Sitzpolsterkerne - Intpro Mobility\" \/>\n<meta property=\"og:description\" content=\"Unsere Vision ist Ihre Chance. Die Agentur in OWL f\u00fcr moderne, preiswerte und responsive Websites.\" \/>\n<meta property=\"og:url\" content=\"https:\/\/intpro-handelsagentur.com\/intpro-mobility\/schaumstoffe-sitzpolsterkerne\/\" \/>\n<meta property=\"og:site_name\" content=\"Intpro Mobility\" \/>\n<meta property=\"article:modified_time\" content=\"2025-12-19T13:53:46+00:00\" \/>\n<meta name=\"twitter:card\" content=\"summary_large_image\" \/>\n<meta name=\"twitter:label1\" content=\"Gesch\u00e4tzte Lesezeit\" \/>\n\t<meta name=\"twitter:data1\" content=\"2\u00a0Minuten\" \/>\n<script type=\"application\/ld+json\" class=\"yoast-schema-graph\">{\"@context\":\"https:\/\/schema.org\",\"@graph\":[{\"@type\":\"WebPage\",\"@id\":\"https:\/\/intpro-handelsagentur.com\/intpro-mobility\/schaumstoffe-sitzpolsterkerne\/\",\"url\":\"https:\/\/intpro-handelsagentur.com\/intpro-mobility\/schaumstoffe-sitzpolsterkerne\/\",\"name\":\"Schaumstoffe &amp; Sitzpolsterkerne - Intpro Mobility\",\"isPartOf\":{\"@id\":\"https:\/\/intpro-handelsagentur.com\/intpro-mobility\/#website\"},\"datePublished\":\"2024-03-13T20:15:41+00:00\",\"dateModified\":\"2025-12-19T13:53:46+00:00\",\"description\":\"Unsere Vision ist Ihre Chance. Die Agentur in OWL f\u00fcr moderne, preiswerte und responsive Websites.\",\"breadcrumb\":{\"@id\":\"https:\/\/intpro-handelsagentur.com\/intpro-mobility\/schaumstoffe-sitzpolsterkerne\/#breadcrumb\"},\"inLanguage\":\"de\",\"potentialAction\":[{\"@type\":\"ReadAction\",\"target\":[\"https:\/\/intpro-handelsagentur.com\/intpro-mobility\/schaumstoffe-sitzpolsterkerne\/\"]}]},{\"@type\":\"BreadcrumbList\",\"@id\":\"https:\/\/intpro-handelsagentur.com\/intpro-mobility\/schaumstoffe-sitzpolsterkerne\/#breadcrumb\",\"itemListElement\":[{\"@type\":\"ListItem\",\"position\":1,\"name\":\"Startseite\",\"item\":\"https:\/\/intpro-handelsagentur.com\/intpro-mobility\/\"},{\"@type\":\"ListItem\",\"position\":2,\"name\":\"Schaumstoffe &amp; Sitzpolsterkerne\"}]},{\"@type\":\"WebSite\",\"@id\":\"https:\/\/intpro-handelsagentur.com\/intpro-mobility\/#website\",\"url\":\"https:\/\/intpro-handelsagentur.com\/intpro-mobility\/\",\"name\":\"Intpro Mobility\",\"description\":\"\",\"potentialAction\":[{\"@type\":\"SearchAction\",\"target\":{\"@type\":\"EntryPoint\",\"urlTemplate\":\"https:\/\/intpro-handelsagentur.com\/intpro-mobility\/?s={search_term_string}\"},\"query-input\":{\"@type\":\"PropertyValueSpecification\",\"valueRequired\":true,\"valueName\":\"search_term_string\"}}],\"inLanguage\":\"de\"}]}<\/script>\n<!-- \/ Yoast SEO plugin. -->","yoast_head_json":{"title":"Schaumstoffe &amp; Sitzpolsterkerne - Intpro Mobility","description":"Unsere Vision ist Ihre Chance. Die Agentur in OWL f\u00fcr moderne, preiswerte und responsive Websites.","robots":{"index":"index","follow":"follow","max-snippet":"max-snippet:-1","max-image-preview":"max-image-preview:large","max-video-preview":"max-video-preview:-1"},"canonical":"https:\/\/intpro-handelsagentur.com\/intpro-mobility\/schaumstoffe-sitzpolsterkerne\/","og_locale":"de_DE","og_type":"article","og_title":"Schaumstoffe &amp; Sitzpolsterkerne - Intpro Mobility","og_description":"Unsere Vision ist Ihre Chance. Die Agentur in OWL f\u00fcr moderne, preiswerte und responsive Websites.","og_url":"https:\/\/intpro-handelsagentur.com\/intpro-mobility\/schaumstoffe-sitzpolsterkerne\/","og_site_name":"Intpro Mobility","article_modified_time":"2025-12-19T13:53:46+00:00","twitter_card":"summary_large_image","twitter_misc":{"Gesch\u00e4tzte Lesezeit":"2\u00a0Minuten"},"schema":{"@context":"https:\/\/schema.org","@graph":[{"@type":"WebPage","@id":"https:\/\/intpro-handelsagentur.com\/intpro-mobility\/schaumstoffe-sitzpolsterkerne\/","url":"https:\/\/intpro-handelsagentur.com\/intpro-mobility\/schaumstoffe-sitzpolsterkerne\/","name":"Schaumstoffe &amp; Sitzpolsterkerne - Intpro Mobility","isPartOf":{"@id":"https:\/\/intpro-handelsagentur.com\/intpro-mobility\/#website"},"datePublished":"2024-03-13T20:15:41+00:00","dateModified":"2025-12-19T13:53:46+00:00","description":"Unsere Vision ist Ihre Chance. Die Agentur in OWL f\u00fcr moderne, preiswerte und responsive Websites.","breadcrumb":{"@id":"https:\/\/intpro-handelsagentur.com\/intpro-mobility\/schaumstoffe-sitzpolsterkerne\/#breadcrumb"},"inLanguage":"de","potentialAction":[{"@type":"ReadAction","target":["https:\/\/intpro-handelsagentur.com\/intpro-mobility\/schaumstoffe-sitzpolsterkerne\/"]}]},{"@type":"BreadcrumbList","@id":"https:\/\/intpro-handelsagentur.com\/intpro-mobility\/schaumstoffe-sitzpolsterkerne\/#breadcrumb","itemListElement":[{"@type":"ListItem","position":1,"name":"Startseite","item":"https:\/\/intpro-handelsagentur.com\/intpro-mobility\/"},{"@type":"ListItem","position":2,"name":"Schaumstoffe &amp; Sitzpolsterkerne"}]},{"@type":"WebSite","@id":"https:\/\/intpro-handelsagentur.com\/intpro-mobility\/#website","url":"https:\/\/intpro-handelsagentur.com\/intpro-mobility\/","name":"Intpro Mobility","description":"","potentialAction":[{"@type":"SearchAction","target":{"@type":"EntryPoint","urlTemplate":"https:\/\/intpro-handelsagentur.com\/intpro-mobility\/?s={search_term_string}"},"query-input":{"@type":"PropertyValueSpecification","valueRequired":true,"valueName":"search_term_string"}}],"inLanguage":"de"}]}},"_links":{"self":[{"href":"https:\/\/intpro-handelsagentur.com\/intpro-mobility\/wp-json\/wp\/v2\/pages\/2290","targetHints":{"allow":["GET"]}}],"collection":[{"href":"https:\/\/intpro-handelsagentur.com\/intpro-mobility\/wp-json\/wp\/v2\/pages"}],"about":[{"href":"https:\/\/intpro-handelsagentur.com\/intpro-mobility\/wp-json\/wp\/v2\/types\/page"}],"author":[{"embeddable":true,"href":"https:\/\/intpro-handelsagentur.com\/intpro-mobility\/wp-json\/wp\/v2\/users\/1"}],"replies":[{"embeddable":true,"href":"https:\/\/intpro-handelsagentur.com\/intpro-mobility\/wp-json\/wp\/v2\/comments?post=2290"}],"version-history":[{"count":8,"href":"https:\/\/intpro-handelsagentur.com\/intpro-mobility\/wp-json\/wp\/v2\/pages\/2290\/revisions"}],"predecessor-version":[{"id":2558,"href":"https:\/\/intpro-handelsagentur.com\/intpro-mobility\/wp-json\/wp\/v2\/pages\/2290\/revisions\/2558"}],"wp:attachment":[{"href":"https:\/\/intpro-handelsagentur.com\/intpro-mobility\/wp-json\/wp\/v2\/media?parent=2290"}],"curies":[{"name":"wp","href":"https:\/\/api.w.org\/{rel}","templated":true}]}}