{"id":1857,"date":"2023-08-07T16:16:00","date_gmt":"2023-08-07T14:16:00","guid":{"rendered":"http:\/\/intpro-handelsagentur.com\/intpro-mobility\/?page_id=1857"},"modified":"2025-01-20T22:16:34","modified_gmt":"2025-01-20T21:16:34","slug":"datenschutzerklaerung","status":"publish","type":"page","link":"https:\/\/intpro-handelsagentur.com\/intpro-mobility\/datenschutzerklaerung\/","title":{"rendered":"Datenschutzerkl\u00e4rung"},"content":{"rendered":"\n\n\t<section class=\"section\" id=\"section_1853693326\">\n\t\t<div class=\"section-bg fill\" >\n\t\t\t\t\t\t\t\t\t\n\t\t\t\n\n\t\t<\/div>\n\n\t\t\n\n\t\t<div class=\"section-content relative\">\n\t\t\t\n\n<div class=\"row row-full-width\"  id=\"row-513284721\">\n\n\n\t<div id=\"col-1378869516\" class=\"col medium-6 small-12 large-6\"  >\n\t\t\t\t<div class=\"col-inner text-left\"  >\n\t\t\t\n\t\t\t\n\n\t<div id=\"text-117249238\" class=\"text\">\n\t\t\n\n<h3><span style=\"color: #ffffff;\">Rechtliches<\/span><\/h3>\n\t\t\n<style>\n#text-117249238 {\n  font-size: 1.3rem;\n}\n<\/style>\n\t<\/div>\n\t\n<div class=\"is-divider divider clearfix\" style=\"max-width:241px;background-color:rgb(255, 255, 255);\"><\/div>\n\n\t<div id=\"text-599765187\" class=\"text\">\n\t\t\n\n<h1><span style=\"color: #ffffff;\">Datenschutzerkl\u00e4rung &amp; AGB<br><\/span><\/h1>\n\t\t\n<style>\n#text-599765187 {\n  font-size: 2.3rem;\n}\n<\/style>\n\t<\/div>\n\t\n\n\t\t<\/div>\n\t\t\t\t\n<style>\n#col-1378869516 > .col-inner {\n  margin: 200px 0px 200px 0px;\n}\n<\/style>\n\t<\/div>\n\n\t\n\n\t<div id=\"col-1685944780\" class=\"col medium-6 small-12 large-6\"  >\n\t\t\t\t<div class=\"col-inner\"  >\n\t\t\t\n\t\t\t\n\n<h1><span style=\"color: #ffffff; font-size: 120%;\">Datenschutz\u00aderkl\u00e4rung<\/span><\/h1>\n<div><span style=\"color: #ffffff;\">1. Datenschutz auf einen Blick<\/span><\/div>\n<div><span style=\"color: #ffffff;\">Allgemeine Hinweise<\/span><\/div>\n<div><span style=\"color: #ffffff;\">Die folgenden Hinweise geben einen einfachen \u00dcberblick dar\u00fcber, was mit Ihren personenbezogenen Daten passiert, wenn Sie diese Website besuchen. Personenbezogene Daten sind alle Daten, mit denen Sie pers\u00f6nlich identifiziert werden k\u00f6nnen. Ausf\u00fchrliche Informationen zum Thema Datenschutz entnehmen Sie unserer unter diesem Text aufgef\u00fchrten Datenschutzerkl\u00e4rung.<\/span><\/div>\n<div>\u00a0<\/div>\n<div><span style=\"color: #ffffff;\">Datenerfassung auf dieser Website<\/span><\/div>\n<div><span style=\"color: #ffffff;\">Wer ist verantwortlich f\u00fcr die Datenerfassung auf dieser Website?<\/span><\/div>\n<div><span style=\"color: #ffffff;\">Die Datenverarbeitung auf dieser Website erfolgt durch den Websitebetreiber. Dessen Kontaktdaten k\u00f6nnen Sie dem Abschnitt \u201eHinweis zur Verantwortlichen Stelle\u201c in dieser Datenschutzerkl\u00e4rung entnehmen.<\/span><\/div>\n<div>\u00a0<\/div>\n<div><span style=\"color: #ffffff;\">Wie erfassen wir Ihre Daten?<\/span><\/div>\n<div><span style=\"color: #ffffff;\">Ihre Daten werden zum einen dadurch erhoben, dass Sie uns diese mitteilen. Hierbei kann es sich z. B. um Daten handeln, die Sie in ein Kontaktformular eingeben.<\/span><\/div>\n<div>\u00a0<\/div>\n<div><span style=\"color: #ffffff;\">Andere Daten werden automatisch oder nach Ihrer Einwilligung beim Besuch der Website durch unsere IT-Systeme erfasst. Das sind vor allem technische Daten (z. B. Internetbrowser, Betriebssystem oder Uhrzeit des Seitenaufrufs). Die Erfassung dieser Daten erfolgt automatisch, sobald Sie diese Website betreten.<\/span><\/div>\n<div>\u00a0<\/div>\n<div><span style=\"color: #ffffff;\">Wof\u00fcr nutzen wir Ihre Daten?<\/span><\/div>\n<div><span style=\"color: #ffffff;\">Ein Teil der Daten wird erhoben, um eine fehlerfreie Bereitstellung der Website zu gew\u00e4hrleisten. Andere Daten k\u00f6nnen zur Analyse Ihres Nutzerverhaltens verwendet werden.<\/span><\/div>\n<div>\u00a0<\/div>\n<div><span style=\"color: #ffffff;\">Welche Rechte haben Sie bez\u00fcglich Ihrer Daten?<\/span><\/div>\n<div><span style=\"color: #ffffff;\">Sie haben jederzeit das Recht, unentgeltlich Auskunft \u00fcber Herkunft, Empf\u00e4nger und Zweck Ihrer gespeicherten personenbezogenen Daten zu erhalten. Sie haben au\u00dferdem ein Recht, die Berichtigung oder L\u00f6schung dieser Daten zu verlangen. Wenn Sie eine Einwilligung zur Datenverarbeitung erteilt haben, k\u00f6nnen Sie diese Einwilligung jederzeit f\u00fcr die Zukunft widerrufen. Au\u00dferdem haben Sie das Recht, unter bestimmten Umst\u00e4nden die Einschr\u00e4nkung der Verarbeitung Ihrer personenbezogenen Daten zu verlangen. Des Weiteren steht Ihnen ein Beschwerderecht bei der zust\u00e4ndigen Aufsichtsbeh\u00f6rde zu.<\/span><\/div>\n<div>\u00a0<\/div>\n<div><span style=\"color: #ffffff;\">Hierzu sowie zu weiteren Fragen zum Thema Datenschutz k\u00f6nnen Sie sich jederzeit an uns wenden.<\/span><\/div>\n<div>\u00a0<\/div>\n<div><span style=\"color: #ffffff;\">Analyse-Tools und Tools von Dritt\u00adanbietern<\/span><\/div>\n<div><span style=\"color: #ffffff;\">Beim Besuch dieser Website kann Ihr Surf-Verhalten statistisch ausgewertet werden. Das geschieht vor allem mit sogenannten Analyseprogrammen.<\/span><\/div>\n<div>\u00a0<\/div>\n<div><span style=\"color: #ffffff;\">Detaillierte Informationen zu diesen Analyseprogrammen finden Sie in der folgenden Datenschutzerkl\u00e4rung.<\/span><\/div>\n<div>\u00a0<\/div>\n<div><span style=\"color: #ffffff;\">2. Hosting<\/span><\/div>\n<div><span style=\"color: #ffffff;\">All-Inkl<\/span><\/div>\n<div><span style=\"color: #ffffff;\">Wir hosten unsere Website bei All-Inkl. Anbieter ist die ALL-INKL.COM &#8211; Neue Medien M\u00fcnnich, Inh. Ren\u00e9 M\u00fcnnich, Hauptstra\u00dfe 68, 02742 Friedersdorf (nachfolgend All-Inkl). Details entnehmen Sie der Datenschutzerkl\u00e4rung von All-Inkl: https:\/\/all-inkl.com\/datenschutzinformationen\/.<\/span><\/div>\n<div>\u00a0<\/div>\n<div><span style=\"color: #ffffff;\">Die Verwendung von All-Inkl erfolgt auf Grundlage von Art. 6 Abs. 1 lit. f DSGVO. Wir haben ein berechtigtes Interesse an einer m\u00f6glichst zuverl\u00e4ssigen Darstellung unserer Website. Sofern eine entsprechende Einwilligung abgefragt wurde, erfolgt die Verarbeitung ausschlie\u00dflich auf Grundlage von Art. 6 Abs. 1 lit. a DSGVO und \u00a7 25 Abs. 1 TTDSG, soweit die Einwilligung die Speicherung von Cookies oder den Zugriff auf Informationen im Endger\u00e4t des Nutzers (z. B. Device-Fingerprinting) im Sinne des TTDSG umfasst. Die Einwilligung ist jederzeit widerrufbar.<\/span><\/div>\n<div>\u00a0<\/div>\n<div><span style=\"color: #ffffff;\">Auftragsverarbeitung<\/span><\/div>\n<div><span style=\"color: #ffffff;\">Wir haben einen Vertrag \u00fcber Auftragsverarbeitung (AVV) mit dem oben genannten Anbieter geschlossen. Hierbei handelt es sich um einen datenschutzrechtlich vorgeschriebenen Vertrag, der gew\u00e4hrleistet, dass dieser die personenbezogenen Daten unserer Websitebesucher nur nach unseren Weisungen und unter Einhaltung der DSGVO verarbeitet.<\/span><\/div>\n<div>\u00a0<\/div>\n<div><span style=\"color: #ffffff;\">3. Allgemeine Hinweise und Pflicht\u00adinformationen<\/span><\/div>\n<div><span style=\"color: #ffffff;\">Datenschutz<\/span><\/div>\n<div><span style=\"color: #ffffff;\">Die Betreiber dieser Seiten nehmen den Schutz Ihrer pers\u00f6nlichen Daten sehr ernst. Wir behandeln Ihre personenbezogenen Daten vertraulich und entsprechend den gesetzlichen Datenschutzvorschriften sowie dieser Datenschutzerkl\u00e4rung.<\/span><\/div>\n<div>\u00a0<\/div>\n<div><span style=\"color: #ffffff;\">Wenn Sie diese Website benutzen, werden verschiedene personenbezogene Daten erhoben. Personenbezogene Daten sind Daten, mit denen Sie pers\u00f6nlich identifiziert werden k\u00f6nnen. Die vorliegende Datenschutzerkl\u00e4rung erl\u00e4utert, welche Daten wir erheben und wof\u00fcr wir sie nutzen. Sie erl\u00e4utert auch, wie und zu welchem Zweck das geschieht.<\/span><\/div>\n<div>\u00a0<\/div>\n<div><span style=\"color: #ffffff;\">Wir weisen darauf hin, dass die Daten\u00fcbertragung im Internet (z. B. bei der Kommunikation per E-Mail) Sicherheitsl\u00fccken aufweisen kann. Ein l\u00fcckenloser Schutz der Daten vor dem Zugriff durch Dritte ist nicht m\u00f6glich.<\/span><\/div>\n<div>\u00a0<\/div>\n<div><span style=\"color: #ffffff;\">Hinweis zur verantwortlichen Stelle<\/span><\/div>\n<div><span style=\"color: #ffffff;\">Die verantwortliche Stelle f\u00fcr die Datenverarbeitung auf dieser Website ist:<\/span><\/div>\n<div>\u00a0<\/div>\n<div><span style=\"color: #ffffff;\">IntPro-Handelsagentur e.K.<\/span><\/div>\n<div><span style=\"color: #ffffff;\">B\u00f6ttcherstr.7 <\/span><\/div>\n<div><span style=\"color: #ffffff;\">DE-33609 Bielefeld<\/span><\/div>\n<div>\u00a0<\/div>\n<div><span style=\"color: #ffffff;\">Telefon: +49 (0) 521 1639305 1<\/span><\/div>\n<div><span style=\"color: #ffffff;\">E-Mail: info@IntPro-mobility.com, info@IntPro-object.com<\/span><\/div>\n<div>\u00a0<\/div>\n<div><span style=\"color: #ffffff;\">Verantwortliche Stelle ist die nat\u00fcrliche oder juristische Person, die allein oder gemeinsam mit anderen \u00fcber die Zwecke und Mittel der Verarbeitung von personenbezogenen Daten (z. B. Namen, E-Mail-Adressen o. \u00c4.) entscheidet.<\/span><\/div>\n<div>\u00a0<\/div>\n<div><span style=\"color: #ffffff;\">Speicherdauer<\/span><\/div>\n<div><span style=\"color: #ffffff;\">Soweit innerhalb dieser Datenschutzerkl\u00e4rung keine speziellere Speicherdauer genannt wurde, verbleiben Ihre personenbezogenen Daten bei uns, bis der Zweck f\u00fcr die Datenverarbeitung entf\u00e4llt. Wenn Sie ein berechtigtes L\u00f6schersuchen geltend machen oder eine Einwilligung zur Datenverarbeitung widerrufen, werden Ihre Daten gel\u00f6scht, sofern wir keine anderen rechtlich zul\u00e4ssigen Gr\u00fcnde f\u00fcr die Speicherung Ihrer personenbezogenen Daten haben (z. B. steuer- oder handelsrechtliche Aufbewahrungsfristen); im letztgenannten Fall erfolgt die L\u00f6schung nach Fortfall dieser Gr\u00fcnde.<\/span><\/div>\n<div>\u00a0<\/div>\n<div><span style=\"color: #ffffff;\">Allgemeine Hinweise zu den Rechtsgrundlagen der Datenverarbeitung auf dieser Website<\/span><\/div>\n<div><span style=\"color: #ffffff;\">Sofern Sie in die Datenverarbeitung eingewilligt haben, verarbeiten wir Ihre personenbezogenen Daten auf Grundlage von Art. 6 Abs. 1 lit. a DSGVO bzw. Art. 9 Abs. 2 lit. a DSGVO, sofern besondere Datenkategorien nach Art. 9 Abs. 1 DSGVO verarbeitet werden. Im Falle einer ausdr\u00fccklichen Einwilligung in die \u00dcbertragung personenbezogener Daten in Drittstaaten erfolgt die Datenverarbeitung au\u00dferdem auf Grundlage von Art. 49 Abs. 1 lit. a DSGVO. Sofern Sie in die Speicherung von Cookies oder in den Zugriff auf Informationen in Ihr Endger\u00e4t (z. B. via Device-Fingerprinting) eingewilligt haben, erfolgt die Datenverarbeitung zus\u00e4tzlich auf Grundlage von \u00a7 25 Abs. 1 TTDSG. Die Einwilligung ist jederzeit widerrufbar. Sind Ihre Daten zur Vertragserf\u00fcllung oder zur Durchf\u00fchrung vorvertraglicher Ma\u00dfnahmen erforderlich, verarbeiten wir Ihre Daten auf Grundlage des Art. 6 Abs. 1 lit. b DSGVO. Des Weiteren verarbeiten wir Ihre Daten, sofern diese zur Erf\u00fcllung einer rechtlichen Verpflichtung erforderlich sind auf Grundlage von Art. 6 Abs. 1 lit. c DSGVO. Die Datenverarbeitung kann ferner auf Grundlage unseres berechtigten Interesses nach Art. 6 Abs. 1 lit. f DSGVO erfolgen. \u00dcber die jeweils im Einzelfall einschl\u00e4gigen Rechtsgrundlagen wird in den folgenden Abs\u00e4tzen dieser Datenschutzerkl\u00e4rung informiert.<\/span><\/div>\n<div>\u00a0<\/div>\n<div><span style=\"color: #ffffff;\">Hinweis zur Datenweitergabe in die USA und sonstige Drittstaaten<\/span><\/div>\n<div><span style=\"color: #ffffff;\">Wir verwenden unter anderem Tools von Unternehmen mit Sitz in den USA oder sonstigen datenschutzrechtlich nicht sicheren Drittstaaten. Wenn diese Tools aktiv sind, k\u00f6nnen Ihre personenbezogene Daten in diese Drittstaaten \u00fcbertragen und dort verarbeitet werden. Wir weisen darauf hin, dass in diesen L\u00e4ndern kein mit der EU vergleichbares Datenschutzniveau garantiert werden kann. Beispielsweise sind US-Unternehmen dazu verpflichtet, personenbezogene Daten an Sicherheitsbeh\u00f6rden herauszugeben, ohne dass Sie als Betroffener hiergegen gerichtlich vorgehen k\u00f6nnten. Es kann daher nicht ausgeschlossen werden, dass US-Beh\u00f6rden (z. B. Geheimdienste) Ihre auf US-Servern befindlichen Daten zu \u00dcberwachungszwecken verarbeiten, auswerten und dauerhaft speichern. Wir haben auf diese Verarbeitungst\u00e4tigkeiten keinen Einfluss.<\/span><\/div>\n<div>\u00a0<\/div>\n<div><span style=\"color: #ffffff;\">Widerruf Ihrer Einwilligung zur Datenverarbeitung<\/span><\/div>\n<div><span style=\"color: #ffffff;\">Viele Datenverarbeitungsvorg\u00e4nge sind nur mit Ihrer ausdr\u00fccklichen Einwilligung m\u00f6glich. Sie k\u00f6nnen eine bereits erteilte Einwilligung jederzeit widerrufen. Die Rechtm\u00e4\u00dfigkeit der bis zum Widerruf erfolgten Datenverarbeitung bleibt vom Widerruf unber\u00fchrt.<\/span><\/div>\n<div>\u00a0<\/div>\n<div><span style=\"color: #ffffff;\">Widerspruchsrecht gegen die Datenerhebung in besonderen F\u00e4llen sowie gegen Direktwerbung (Art. 21 DSGVO)<\/span><\/div>\n<div><span style=\"color: #ffffff;\">WENN DIE DATENVERARBEITUNG AUF GRUNDLAGE VON ART. 6 ABS. 1 LIT. E ODER F DSGVO ERFOLGT, HABEN SIE JEDERZEIT DAS RECHT, AUS GR\u00dcNDEN, DIE SICH AUS IHRER BESONDEREN SITUATION ERGEBEN, GEGEN DIE VERARBEITUNG IHRER PERSONENBEZOGENEN DATEN WIDERSPRUCH EINZULEGEN; DIES GILT AUCH F\u00dcR EIN AUF DIESE BESTIMMUNGEN GEST\u00dcTZTES PROFILING. DIE JEWEILIGE RECHTSGRUNDLAGE, AUF DENEN EINE VERARBEITUNG BERUHT, ENTNEHMEN SIE DIESER DATENSCHUTZERKL\u00c4RUNG. WENN SIE WIDERSPRUCH EINLEGEN, WERDEN WIR IHRE BETROFFENEN PERSONENBEZOGENEN DATEN NICHT MEHR VERARBEITEN, ES SEI DENN, WIR K\u00d6NNEN ZWINGENDE SCHUTZW\u00dcRDIGE GR\u00dcNDE F\u00dcR DIE VERARBEITUNG NACHWEISEN, DIE IHRE INTERESSEN, RECHTE UND FREIHEITEN \u00dcBERWIEGEN ODER DIE VERARBEITUNG DIENT DER GELTENDMACHUNG, AUS\u00dcBUNG ODER VERTEIDIGUNG VON RECHTSANSPR\u00dcCHEN (WIDERSPRUCH NACH ART. 21 ABS. 1 DSGVO).<\/span><\/div>\n<div>\u00a0<\/div>\n<div><span style=\"color: #ffffff;\">WERDEN IHRE PERSONENBEZOGENEN DATEN VERARBEITET, UM DIREKTWERBUNG ZU BETREIBEN, SO HABEN SIE DAS RECHT, JEDERZEIT WIDERSPRUCH GEGEN DIE VERARBEITUNG SIE BETREFFENDER PERSONENBEZOGENER DATEN ZUM ZWECKE DERARTIGER WERBUNG EINZULEGEN; DIES GILT AUCH F\u00dcR DAS PROFILING, SOWEIT ES MIT SOLCHER DIREKTWERBUNG IN VERBINDUNG STEHT. WENN SIE WIDERSPRECHEN, WERDEN IHRE PERSONENBEZOGENEN DATEN ANSCHLIESSEND NICHT MEHR ZUM ZWECKE DER DIREKTWERBUNG VERWENDET (WIDERSPRUCH NACH ART. 21 ABS. 2 DSGVO).<\/span><\/div>\n<div>\u00a0<\/div>\n<div><span style=\"color: #ffffff;\">Beschwerde\u00adrecht bei der zust\u00e4ndigen Aufsichts\u00adbeh\u00f6rde<\/span><\/div>\n<div><span style=\"color: #ffffff;\">Im Falle von Verst\u00f6\u00dfen gegen die DSGVO steht den Betroffenen ein Beschwerderecht bei einer Aufsichtsbeh\u00f6rde, insbesondere in dem Mitgliedstaat ihres gew\u00f6hnlichen Aufenthalts, ihres Arbeitsplatzes oder des Orts des mutma\u00dflichen Versto\u00dfes zu. Das Beschwerderecht besteht unbeschadet anderweitiger verwaltungsrechtlicher oder gerichtlicher Rechtsbehelfe.<\/span><\/div>\n<div>\u00a0<\/div>\n<div><span style=\"color: #ffffff;\">Recht auf Daten\u00ad\u00fcbertrag\u00adbarkeit<\/span><\/div>\n<div><span style=\"color: #ffffff;\">Sie haben das Recht, Daten, die wir auf Grundlage Ihrer Einwilligung oder in Erf\u00fcllung eines Vertrags automatisiert verarbeiten, an sich oder an einen Dritten in einem g\u00e4ngigen, maschinenlesbaren Format aush\u00e4ndigen zu lassen. Sofern Sie die direkte \u00dcbertragung der Daten an einen anderen Verantwortlichen verlangen, erfolgt dies nur, soweit es technisch machbar ist.<\/span><\/div>\n<div>\u00a0<\/div>\n<div><span style=\"color: #ffffff;\">Auskunft, L\u00f6schung und Berichtigung<\/span><\/div>\n<div><span style=\"color: #ffffff;\">Sie haben im Rahmen der geltenden gesetzlichen Bestimmungen jederzeit das Recht auf unentgeltliche Auskunft \u00fcber Ihre gespeicherten personenbezogenen Daten, deren Herkunft und Empf\u00e4nger und den Zweck der Datenverarbeitung und ggf. ein Recht auf Berichtigung oder L\u00f6schung dieser Daten. Hierzu sowie zu weiteren Fragen zum Thema personenbezogene Daten k\u00f6nnen Sie sich jederzeit an uns wenden.<\/span><\/div>\n<div>\u00a0<\/div>\n<div><span style=\"color: #ffffff;\">Recht auf Einschr\u00e4nkung der Verarbeitung<\/span><\/div>\n<div><span style=\"color: #ffffff;\">Sie haben das Recht, die Einschr\u00e4nkung der Verarbeitung Ihrer personenbezogenen Daten zu verlangen. Hierzu k\u00f6nnen Sie sich jederzeit an uns wenden. Das Recht auf Einschr\u00e4nkung der Verarbeitung besteht in folgenden F\u00e4llen:<\/span><\/div>\n<div>\u00a0<\/div>\n<div><span style=\"color: #ffffff;\">Wenn Sie die Richtigkeit Ihrer bei uns gespeicherten personenbezogenen Daten bestreiten, ben\u00f6tigen wir in der Regel Zeit, um dies zu \u00fcberpr\u00fcfen. F\u00fcr die Dauer der Pr\u00fcfung haben Sie das Recht, die Einschr\u00e4nkung der Verarbeitung Ihrer personenbezogenen Daten zu verlangen.<\/span><\/div>\n<div><span style=\"color: #ffffff;\">Wenn die Verarbeitung Ihrer personenbezogenen Daten unrechtm\u00e4\u00dfig geschah\/geschieht, k\u00f6nnen Sie statt der L\u00f6schung die Einschr\u00e4nkung der Datenverarbeitung verlangen.<\/span><\/div>\n<div><span style=\"color: #ffffff;\">Wenn wir Ihre personenbezogenen Daten nicht mehr ben\u00f6tigen, Sie sie jedoch zur Aus\u00fcbung, Verteidigung oder Geltendmachung von Rechtsanspr\u00fcchen ben\u00f6tigen, haben Sie das Recht, statt der L\u00f6schung die Einschr\u00e4nkung der Verarbeitung Ihrer personenbezogenen Daten zu verlangen.<\/span><\/div>\n<div><span style=\"color: #ffffff;\">Wenn Sie einen Widerspruch nach Art. 21 Abs. 1 DSGVO eingelegt haben, muss eine Abw\u00e4gung zwischen Ihren und unseren Interessen vorgenommen werden. Solange noch nicht feststeht, wessen Interessen \u00fcberwiegen, haben Sie das Recht, die Einschr\u00e4nkung der Verarbeitung Ihrer personenbezogenen Daten zu verlangen.<\/span><\/div>\n<div><span style=\"color: #ffffff;\">Wenn Sie die Verarbeitung Ihrer personenbezogenen Daten eingeschr\u00e4nkt haben, d\u00fcrfen diese Daten \u2013 von ihrer Speicherung abgesehen \u2013 nur mit Ihrer Einwilligung oder zur Geltendmachung, Aus\u00fcbung oder Verteidigung von Rechtsanspr\u00fcchen oder zum Schutz der Rechte einer anderen nat\u00fcrlichen oder juristischen Person oder aus Gr\u00fcnden eines wichtigen \u00f6ffentlichen Interesses der Europ\u00e4ischen Union oder eines Mitgliedstaats verarbeitet werden.<\/span><\/div>\n<div>\u00a0<\/div>\n<div><span style=\"color: #ffffff;\">SSL- bzw. TLS-Verschl\u00fcsselung<\/span><\/div>\n<div><span style=\"color: #ffffff;\">Diese Seite nutzt aus Sicherheitsgr\u00fcnden und zum Schutz der \u00dcbertragung vertraulicher Inhalte, wie zum Beispiel Bestellungen oder Anfragen, die Sie an uns als Seitenbetreiber senden, eine SSL- bzw. TLS-Verschl\u00fcsselung. Eine verschl\u00fcsselte Verbindung erkennen Sie daran, dass die Adresszeile des Browsers von \u201ehttp:\/\/\u201c auf \u201ehttps:\/\/\u201c wechselt und an dem Schloss-Symbol in Ihrer Browserzeile.<\/span><\/div>\n<div>\u00a0<\/div>\n<div><span style=\"color: #ffffff;\">Wenn die SSL- bzw. TLS-Verschl\u00fcsselung aktiviert ist, k\u00f6nnen die Daten, die Sie an uns \u00fcbermitteln, nicht von Dritten mitgelesen werden.<\/span><\/div>\n<div>\u00a0<\/div>\n<div><span style=\"color: #ffffff;\">4. Datenerfassung auf dieser Website<\/span><\/div>\n<div><span style=\"color: #ffffff;\">Cookies<\/span><\/div>\n<div><span style=\"color: #ffffff;\">Unsere Internetseiten verwenden so genannte \u201eCookies\u201c. Cookies sind kleine Textdateien und richten auf Ihrem Endger\u00e4t keinen Schaden an. Sie werden entweder vor\u00fcbergehend f\u00fcr die Dauer einer Sitzung (Session-Cookies) oder dauerhaft (permanente Cookies) auf Ihrem Endger\u00e4t gespeichert. Session-Cookies werden nach Ende Ihres Besuchs automatisch gel\u00f6scht. Permanente Cookies bleiben auf Ihrem Endger\u00e4t gespeichert, bis Sie diese selbst l\u00f6schen oder eine automatische L\u00f6schung durch Ihren Webbrowser erfolgt.<\/span><\/div>\n<div>\u00a0<\/div>\n<div><span style=\"color: #ffffff;\">Teilweise k\u00f6nnen auch Cookies von Drittunternehmen auf Ihrem Endger\u00e4t gespeichert werden, wenn Sie unsere Seite betreten (Third-Party-Cookies). Diese erm\u00f6glichen uns oder Ihnen die Nutzung bestimmter Dienstleistungen des Drittunternehmens (z. B. Cookies zur Abwicklung von Zahlungsdienstleistungen).<\/span><\/div>\n<div>\u00a0<\/div>\n<div><span style=\"color: #ffffff;\">Cookies haben verschiedene Funktionen. Zahlreiche Cookies sind technisch notwendig, da bestimmte Websitefunktionen ohne diese nicht funktionieren w\u00fcrden (z. B. die Warenkorbfunktion oder die Anzeige von Videos). Andere Cookies dienen dazu, das Nutzerverhalten auszuwerten oder Werbung anzuzeigen.<\/span><\/div>\n<div>\u00a0<\/div>\n<div><span style=\"color: #ffffff;\">Cookies, die zur Durchf\u00fchrung des elektronischen Kommunikationsvorgangs, zur Bereitstellung bestimmter, von Ihnen erw\u00fcnschter Funktionen (z. B. f\u00fcr die Warenkorbfunktion) oder zur Optimierung der Website (z. B. Cookies zur Messung des Webpublikums) erforderlich sind (notwendige Cookies), werden auf Grundlage von Art. 6 Abs. 1 lit. f DSGVO gespeichert, sofern keine andere Rechtsgrundlage angegeben wird. Der Websitebetreiber hat ein berechtigtes Interesse an der Speicherung von notwendigen Cookies zur technisch fehlerfreien und optimierten Bereitstellung seiner Dienste. Sofern eine Einwilligung zur Speicherung von Cookies und vergleichbaren Wiedererkennungstechnologien abgefragt wurde, erfolgt die Verarbeitung ausschlie\u00dflich auf Grundlage dieser Einwilligung (Art. 6 Abs. 1 lit. a DSGVO und \u00a7 25 Abs. 1 TTDSG); die Einwilligung ist jederzeit widerrufbar.<\/span><\/div>\n<div>\u00a0<\/div>\n<div><span style=\"color: #ffffff;\">Sie k\u00f6nnen Ihren Browser so einstellen, dass Sie \u00fcber das Setzen von Cookies informiert werden und Cookies nur im Einzelfall erlauben, die Annahme von Cookies f\u00fcr bestimmte F\u00e4lle oder generell ausschlie\u00dfen sowie das automatische L\u00f6schen der Cookies beim Schlie\u00dfen des Browsers aktivieren. Bei der Deaktivierung von Cookies kann die Funktionalit\u00e4t dieser Website eingeschr\u00e4nkt sein.<\/span><\/div>\n<div>\u00a0<\/div>\n<div><span style=\"color: #ffffff;\">Soweit Cookies von Drittunternehmen oder zu Analysezwecken eingesetzt werden, werden wir Sie hier\u00fcber im Rahmen dieser Datenschutzerkl\u00e4rung gesondert informieren und ggf. eine Einwilligung abfragen.<\/span><\/div>\n<div>\u00a0<\/div>\n<div><span style=\"color: #ffffff;\">Einwilligung mit Borlabs Cookie<\/span><\/div>\n<div><span style=\"color: #ffffff;\">Unsere Website nutzt die Consent-Technologie von Borlabs Cookie, um Ihre Einwilligung zur Speicherung bestimmter Cookies in Ihrem Browser oder zum Einsatz bestimmter Technologien einzuholen und diese datenschutzkonform zu dokumentieren. Anbieter dieser Technologie ist die Borlabs GmbH, R\u00fcbenkamp 32, 22305 Hamburg (im Folgenden Borlabs).<\/span><\/div>\n<div>\u00a0<\/div>\n<div><span style=\"color: #ffffff;\">Wenn Sie unsere Website betreten, wird ein Borlabs-Cookie in Ihrem Browser gespeichert, in dem die von Ihnen erteilten Einwilligungen oder der Widerruf dieser Einwilligungen gespeichert werden. Diese Daten werden nicht an den Anbieter von Borlabs Cookie weitergegeben.<\/span><\/div>\n<div>\u00a0<\/div>\n<div><span style=\"color: #ffffff;\">Die erfassten Daten werden gespeichert, bis Sie uns zur L\u00f6schung auffordern bzw. das Borlabs-Cookie selbst l\u00f6schen oder der Zweck f\u00fcr die Datenspeicherung entf\u00e4llt. Zwingende gesetzliche Aufbewahrungsfristen bleiben unber\u00fchrt. Details zur Datenverarbeitung von Borlabs Cookie finden Sie unter https:\/\/de.borlabs.io\/kb\/welche-daten-speichert-borlabs-cookie\/.<\/span><\/div>\n<div>\u00a0<\/div>\n<div><span style=\"color: #ffffff;\">Der Einsatz der Borlabs-Cookie-Consent-Technologie erfolgt, um die gesetzlich vorgeschriebenen Einwilligungen f\u00fcr den Einsatz von Cookies einzuholen. Rechtsgrundlage hierf\u00fcr ist Art. 6 Abs. 1 lit. c DSGVO.<\/span><\/div>\n<div>\u00a0<\/div>\n<div><span style=\"color: #ffffff;\">Kontaktformular<\/span><\/div>\n<div><span style=\"color: #ffffff;\">Wenn Sie uns per Kontaktformular Anfragen zukommen lassen, werden Ihre Angaben aus dem Anfrageformular inklusive der von Ihnen dort angegebenen Kontaktdaten zwecks Bearbeitung der Anfrage und f\u00fcr den Fall von Anschlussfragen bei uns gespeichert. Diese Daten geben wir nicht ohne Ihre Einwilligung weiter.<\/span><\/div>\n<div>\u00a0<\/div>\n<div><span style=\"color: #ffffff;\">Die Verarbeitung dieser Daten erfolgt auf Grundlage von Art. 6 Abs. 1 lit. b DSGVO, sofern Ihre Anfrage mit der Erf\u00fcllung eines Vertrags zusammenh\u00e4ngt oder zur Durchf\u00fchrung vorvertraglicher Ma\u00dfnahmen erforderlich ist. In allen \u00fcbrigen F\u00e4llen beruht die Verarbeitung auf unserem berechtigten Interesse an der effektiven Bearbeitung der an uns gerichteten Anfragen (Art. 6 Abs. 1 lit. f DSGVO) oder auf Ihrer Einwilligung (Art. 6 Abs. 1 lit. a DSGVO) sofern diese abgefragt wurde; die Einwilligung ist jederzeit widerrufbar.<\/span><\/div>\n<div>\u00a0<\/div>\n<div><span style=\"color: #ffffff;\">Die von Ihnen im Kontaktformular eingegebenen Daten verbleiben bei uns, bis Sie uns zur L\u00f6schung auffordern, Ihre Einwilligung zur Speicherung widerrufen oder der Zweck f\u00fcr die Datenspeicherung entf\u00e4llt (z. B. nach abgeschlossener Bearbeitung Ihrer Anfrage). Zwingende gesetzliche Bestimmungen \u2013 insbesondere Aufbewahrungsfristen \u2013 bleiben unber\u00fchrt.<\/span><\/div>\n<div>\u00a0<\/div>\n<div><span style=\"color: #ffffff;\">Anfrage per E-Mail, Telefon oder Telefax<\/span><\/div>\n<div><span style=\"color: #ffffff;\">Wenn Sie uns per E-Mail, Telefon oder Telefax kontaktieren, wird Ihre Anfrage inklusive aller daraus hervorgehenden personenbezogenen Daten (Name, Anfrage) zum Zwecke der Bearbeitung Ihres Anliegens bei uns gespeichert und verarbeitet. Diese Daten geben wir nicht ohne Ihre Einwilligung weiter.<\/span><\/div>\n<div>\u00a0<\/div>\n<div><span style=\"color: #ffffff;\">Die Verarbeitung dieser Daten erfolgt auf Grundlage von Art. 6 Abs. 1 lit. b DSGVO, sofern Ihre Anfrage mit der Erf\u00fcllung eines Vertrags zusammenh\u00e4ngt oder zur Durchf\u00fchrung vorvertraglicher Ma\u00dfnahmen erforderlich ist. In allen \u00fcbrigen F\u00e4llen beruht die Verarbeitung auf unserem berechtigten Interesse an der effektiven Bearbeitung der an uns gerichteten Anfragen (Art. 6 Abs. 1 lit. f DSGVO) oder auf Ihrer Einwilligung (Art. 6 Abs. 1 lit. a DSGVO) sofern diese abgefragt wurde; die Einwilligung ist jederzeit widerrufbar.<\/span><\/div>\n<div>\u00a0<\/div>\n<div><span style=\"color: #ffffff;\">Die von Ihnen an uns per Kontaktanfragen \u00fcbersandten Daten verbleiben bei uns, bis Sie uns zur L\u00f6schung auffordern, Ihre Einwilligung zur Speicherung widerrufen oder der Zweck f\u00fcr die Datenspeicherung entf\u00e4llt (z. B. nach abgeschlossener Bearbeitung Ihres Anliegens). Zwingende gesetzliche Bestimmungen \u2013 insbesondere gesetzliche Aufbewahrungsfristen \u2013 bleiben unber\u00fchrt.<\/span><\/div>\n<div>\u00a0<\/div>\n<div><span style=\"color: #ffffff;\">5. Soziale Medien<\/span><\/div>\n<div><span style=\"color: #ffffff;\">eRecht24 Safe Sharing Tool<\/span><\/div>\n<div><span style=\"color: #ffffff;\">Die Inhalte auf dieser Website k\u00f6nnen datenschutzkonform in sozialen Netzwerken wie Facebook, Twitter &amp; Co. geteilt werden. Diese Seite nutzt daf\u00fcr das eRecht24 Safe Sharing Tool. Dieses Tool stellt den direkten Kontakt zwischen den Netzwerken und Nutzern erst dann her, wenn der Nutzer aktiv auf einen dieser Button klickt. Der Klick auf den Button stellt eine Einwilligung im Sinne des Art. 6 Abs. 1 lit. a DSGVO und \u00a7 25 Abs. 1 TTDSG dar. Diese Einwilligung kann jederzeit mit Wirkung f\u00fcr die Zukunft widerrufen werden.<\/span><\/div>\n<div>\u00a0<\/div>\n<div><span style=\"color: #ffffff;\">Eine automatische \u00dcbertragung von Nutzerdaten an die Betreiber dieser Plattformen erfolgt durch dieses Tool nicht. Ist der Nutzer bei einem der sozialen Netzwerke angemeldet, erscheint bei der Nutzung der Social-Media-Elemente von Facebook, Twitter &amp; Co. ein Informations-Fenster, in dem der Nutzer den Text vor dem Absenden best\u00e4tigen kann.<\/span><\/div>\n<div>\u00a0<\/div>\n<div><span style=\"color: #ffffff;\">Unsere Nutzer k\u00f6nnen die Inhalte dieser Seite datenschutzkonform in sozialen Netzwerken teilen, ohne dass komplette Surf-Profile durch die Betreiber der Netzwerke erstellt werden.<\/span><\/div>\n<div>\u00a0<\/div>\n<div><span style=\"color: #ffffff;\">Der Einsatz des Dienstes erfolgt, um die gesetzlich vorgeschriebenen Einwilligungen f\u00fcr den Einsatz bestimmter Technologien einzuholen. Rechtsgrundlage hierf\u00fcr ist Art. 6 Abs. 1 lit. c DSGVO.<\/span><\/div>\n<div>\u00a0<\/div>\n<div><span style=\"color: #ffffff;\">Twitter<\/span><\/div>\n<div><span style=\"color: #ffffff;\">Auf dieser Website sind Funktionen des Dienstes Twitter eingebunden. Diese Funktionen werden angeboten durch die Twitter International Company, One Cumberland Place, Fenian Street, Dublin 2, D02 AX07, Irland.<\/span><\/div>\n<div>\u00a0<\/div>\n<div><span style=\"color: #ffffff;\">Wenn das Social-Media-Element aktiv ist, wird eine direkte Verbindung zwischen Ihrem Endger\u00e4t und dem Twitter-Server hergestellt. Twitter erh\u00e4lt dadurch Informationen \u00fcber den Besuch dieser Website durch Sie. Durch das Benutzen von Twitter und der Funktion \u201eRe-Tweet\u201c werden die von Ihnen besuchten Websites mit Ihrem Twitter-Account verkn\u00fcpft und anderen Nutzern bekannt gegeben. Wir weisen darauf hin, dass wir als Anbieter der Seiten keine Kenntnis vom Inhalt der \u00fcbermittelten Daten sowie deren Nutzung durch Twitter erhalten. Weitere Informationen hierzu finden Sie in der Datenschutzerkl\u00e4rung von Twitter unter: https:\/\/twitter.com\/de\/privacy.<\/span><\/div>\n<div>\u00a0<\/div>\n<div><span style=\"color: #ffffff;\">Soweit eine Einwilligung (Consent) eingeholt wurde, erfolgt der Einsatz des o. g. Dienstes auf Grundlage von Art. 6 Abs. 1 lit. a DSGVO und \u00a7 25 TTDSG. Die Einwilligung ist jederzeit widerrufbar. Soweit keine Einwilligung eingeholt wurde, erfolgt die Verwendung des Dienstes auf Grundlage unseres berechtigten Interesses an einer m\u00f6glichst umfassenden Sichtbarkeit in den Sozialen Medien.<\/span><\/div>\n<div>\u00a0<\/div>\n<div><span style=\"color: #ffffff;\">Die Daten\u00fcbertragung in die USA wird auf die Standardvertragsklauseln der EU-Kommission gest\u00fctzt. Details finden Sie hier: https:\/\/gdpr.twitter.com\/en\/controller-to-controller-transfers.html.<\/span><\/div>\n<div>\u00a0<\/div>\n<div><span style=\"color: #ffffff;\">Ihre Datenschutzeinstellungen bei Twitter k\u00f6nnen Sie in den Konto-Einstellungen unter https:\/\/twitter.com\/account\/settings \u00e4ndern.<\/span><\/div>\n<div>\u00a0<\/div>\n<div><span style=\"color: #ffffff;\">Instagram<\/span><\/div>\n<div><span style=\"color: #ffffff;\">Auf dieser Website sind Funktionen des Dienstes Instagram eingebunden. Diese Funktionen werden angeboten durch die Meta Platforms Ireland Limited, 4 Grand Canal Square, Grand Canal Harbour, Dublin 2, Irland.<\/span><\/div>\n<div>\u00a0<\/div>\n<div><span style=\"color: #ffffff;\">Wenn das Social-Media-Element aktiv ist, wird eine direkte Verbindung zwischen Ihrem Endger\u00e4t und dem Instagram-Server hergestellt. Instagram erh\u00e4lt dadurch Informationen \u00fcber den Besuch dieser Website durch Sie.<\/span><\/div>\n<div>\u00a0<\/div>\n<div><span style=\"color: #ffffff;\">Wenn Sie in Ihrem Instagram-Account eingeloggt sind, k\u00f6nnen Sie durch Anklicken des Instagram-Buttons die Inhalte dieser Website mit Ihrem Instagram-Profil verlinken. Dadurch kann Instagram den Besuch dieser Website Ihrem Benutzerkonto zuordnen. Wir weisen darauf hin, dass wir als Anbieter der Seiten keine Kenntnis vom Inhalt der \u00fcbermittelten Daten sowie deren Nutzung durch Instagram erhalten.<\/span><\/div>\n<div>\u00a0<\/div>\n<div><span style=\"color: #ffffff;\">Soweit eine Einwilligung (Consent) eingeholt wurde, erfolgt der Einsatz des o. g. Dienstes auf Grundlage von Art. 6 Abs. 1 lit. a DSGVO und \u00a7 25 TTDSG. Die Einwilligung ist jederzeit widerrufbar. Soweit keine Einwilligung eingeholt wurde, erfolgt die Verwendung des Dienstes auf Grundlage unseres berechtigten Interesses an einer m\u00f6glichst umfassenden Sichtbarkeit in den Sozialen Medien.<\/span><\/div>\n<div>\u00a0<\/div>\n<div><span style=\"color: #ffffff;\">Soweit mit Hilfe des hier beschriebenen Tools personenbezogene Daten auf unserer Website erfasst und an Facebook bzw. Instagram weitergeleitet werden, sind wir und die Meta Platforms Ireland Limited, 4 Grand Canal Square, Grand Canal Harbour, Dublin 2, Irland gemeinsam f\u00fcr diese Datenverarbeitung verantwortlich (Art. 26 DSGVO). Die gemeinsame Verantwortlichkeit beschr\u00e4nkt sich dabei ausschlie\u00dflich auf die Erfassung der Daten und deren Weitergabe an Facebook bzw. Instagram. Die nach der Weiterleitung erfolgende Verarbeitung durch Facebook bzw. Instagram ist nicht Teil der gemeinsamen Verantwortung. Die uns gemeinsam obliegenden Verpflichtungen wurden in einer Vereinbarung \u00fcber gemeinsame Verarbeitung festgehalten. Den Wortlaut der Vereinbarung finden Sie unter: https:\/\/www.facebook.com\/legal\/controller_addendum. Laut dieser Vereinbarung sind wir f\u00fcr die Erteilung der Datenschutzinformationen beim Einsatz des Facebook- bzw. Instagram-Tools und f\u00fcr die datenschutzrechtlich sichere Implementierung des Tools auf unserer Website verantwortlich. F\u00fcr die Datensicherheit der Facebook bzw. Instagram-Produkte ist Facebook verantwortlich. Betroffenenrechte (z. B. Auskunftsersuchen) hinsichtlich der bei Facebook bzw. Instagram verarbeiteten Daten k\u00f6nnen Sie direkt bei Facebook geltend machen. Wenn Sie die Betroffenenrechte bei uns geltend machen, sind wir verpflichtet, diese an Facebook weiterzuleiten.<\/span><\/div>\n<div>\u00a0<\/div>\n<div><span style=\"color: #ffffff;\">Die Daten\u00fcbertragung in die USA wird auf die Standardvertragsklauseln der EU-Kommission gest\u00fctzt. Details finden Sie hier: https:\/\/www.facebook.com\/legal\/EU_data_transfer_addendum, https:\/\/help.instagram.com\/519522125107875 und https:\/\/de-de.facebook.com\/help\/566994660333381.<\/span><\/div>\n<div>\u00a0<\/div>\n<div><span style=\"color: #ffffff;\">Weitere Informationen hierzu finden Sie in der Datenschutzerkl\u00e4rung von Instagram: https:\/\/instagram.com\/about\/legal\/privacy\/.<\/span><\/div>\n<div>\u00a0<\/div>\n<div><span style=\"color: #ffffff;\">LinkedIn<\/span><\/div>\n<div><span style=\"color: #ffffff;\">Diese Website nutzt Elemente des Netzwerks LinkedIn. Anbieter ist die LinkedIn Ireland Unlimited Company, Wilton Plaza, Wilton Place, Dublin 2, Irland.<\/span><\/div>\n<div>\u00a0<\/div>\n<div><span style=\"color: #ffffff;\">Bei jedem Abruf einer Seite dieser Website, die Elemente von LinkedIn enth\u00e4lt, wird eine Verbindung zu Servern von LinkedIn aufgebaut. LinkedIn wird dar\u00fcber informiert, dass Sie diese Website mit Ihrer IP-Adresse besucht haben. Wenn Sie den \u201eRecommend-Button\u201c von LinkedIn anklicken und in Ihrem Account bei LinkedIn eingeloggt sind, ist es LinkedIn m\u00f6glich, Ihren Besuch auf dieser Website Ihnen und Ihrem Benutzerkonto zuzuordnen. Wir weisen darauf hin, dass wir als Anbieter der Seiten keine Kenntnis vom Inhalt der \u00fcbermittelten Daten sowie deren Nutzung durch LinkedIn haben.<\/span><\/div>\n<div>\u00a0<\/div>\n<div><span style=\"color: #ffffff;\">Soweit eine Einwilligung (Consent) eingeholt wurde, erfolgt der Einsatz des o. g. Dienstes auf Grundlage von Art. 6 Abs. 1 lit. a DSGVO und \u00a7 25 TTDSG. Die Einwilligung ist jederzeit widerrufbar. Soweit keine Einwilligung eingeholt wurde, erfolgt die Verwendung des Dienstes auf Grundlage unseres berechtigten Interesses an einer m\u00f6glichst umfassenden Sichtbarkeit in den Sozialen Medien.<\/span><\/div>\n<div>\u00a0<\/div>\n<div><span style=\"color: #ffffff;\">Die Daten\u00fcbertragung in die USA wird auf die Standardvertragsklauseln der EU-Kommission gest\u00fctzt. Details finden Sie hier: https:\/\/www.linkedin.com\/help\/linkedin\/answer\/62538\/datenubertragung-aus-der-eu-dem-ewr-und-der-schweiz?lang=de<\/span><\/div>\n<div>\u00a0<\/div>\n<div><span style=\"color: #ffffff;\">Weitere Informationen hierzu finden Sie in der Datenschutzerkl\u00e4rung von LinkedIn unter: https:\/\/www.linkedin.com\/legal\/privacy-policy.<\/span><\/div>\n<div>\u00a0<\/div>\n<div><span style=\"color: #ffffff;\">6. Analyse-Tools und Werbung<\/span><\/div>\n<div><span style=\"color: #ffffff;\">Google Analytics<\/span><\/div>\n<div><span style=\"color: #ffffff;\">Diese Website nutzt Funktionen des Webanalysedienstes Google Analytics. Anbieter ist die Google Ireland Limited (\u201eGoogle\u201c), Gordon House, Barrow Street, Dublin 4, Irland.<\/span><\/div>\n<div>\u00a0<\/div>\n<div><span style=\"color: #ffffff;\">Google Analytics erm\u00f6glicht es dem Websitebetreiber, das Verhalten der Websitebesucher zu analysieren. Hierbei erh\u00e4lt der Websitebetreiber verschiedene Nutzungsdaten, wie z. B. Seitenaufrufe, Verweildauer, verwendete Betriebssysteme und Herkunft des Nutzers. Diese Daten werden in einer User-ID zusammengefasst und dem jeweiligen Endger\u00e4t des Websitebesuchers zugeordnet.<\/span><\/div>\n<div>\u00a0<\/div>\n<div><span style=\"color: #ffffff;\">Des Weiteren k\u00f6nnen wir mit Google Analytics u. a. Ihre Maus- und Scrollbewegungen und Klicks aufzeichnen. Ferner verwendet Google Analytics verschiedene Modellierungsans\u00e4tze, um die erfassten Datens\u00e4tze zu erg\u00e4nzen und setzt Machine-Learning-Technologien bei der Datenanalyse ein.<\/span><\/div>\n<div>\u00a0<\/div>\n<div><span style=\"color: #ffffff;\">Google Analytics verwendet Technologien, die die Wiedererkennung des Nutzers zum Zwecke der Analyse des Nutzerverhaltens erm\u00f6glichen (z. B. Cookies oder Device-Fingerprinting). Die von Google erfassten Informationen \u00fcber die Benutzung dieser Website werden in der Regel an einen Server von Google in den USA \u00fcbertragen und dort gespeichert.<\/span><\/div>\n<div>\u00a0<\/div>\n<div><span style=\"color: #ffffff;\">Die Nutzung dieses Dienstes erfolgt auf Grundlage Ihrer Einwilligung nach Art. 6 Abs. 1 lit. a DSGVO und \u00a7 25 Abs. 1 TTDSG. Die Einwilligung ist jederzeit widerrufbar.<\/span><\/div>\n<div>\u00a0<\/div>\n<div><span style=\"color: #ffffff;\">Die Daten\u00fcbertragung in die USA wird auf die Standardvertragsklauseln der EU-Kommission gest\u00fctzt. Details finden Sie hier: https:\/\/privacy.google.com\/businesses\/controllerterms\/mccs\/.<\/span><\/div>\n<div>\u00a0<\/div>\n<div><span style=\"color: #ffffff;\">Browser Plugin<\/span><\/div>\n<div><span style=\"color: #ffffff;\">Sie k\u00f6nnen die Erfassung und Verarbeitung Ihrer Daten durch Google verhindern, indem Sie das unter dem folgenden Link verf\u00fcgbare Browser-Plugin herunterladen und installieren: https:\/\/tools.google.com\/dlpage\/gaoptout?hl=de.<\/span><\/div>\n<div>\u00a0<\/div>\n<div><span style=\"color: #ffffff;\">Mehr Informationen zum Umgang mit Nutzerdaten bei Google Analytics finden Sie in der Datenschutzerkl\u00e4rung von Google: https:\/\/support.google.com\/analytics\/answer\/6004245?hl=de.<\/span><\/div>\n<div>\u00a0<\/div>\n<div><span style=\"color: #ffffff;\">Auftragsverarbeitung<\/span><\/div>\n<div><span style=\"color: #ffffff;\">Wir haben mit Google einen Vertrag zur Auftragsverarbeitung abgeschlossen und setzen die strengen Vorgaben der deutschen Datenschutzbeh\u00f6rden bei der Nutzung von Google Analytics vollst\u00e4ndig um.<\/span><\/div>\n<div>\u00a0<\/div>\n<div><span style=\"color: #ffffff;\">7. Plugins und Tools<\/span><\/div>\n<div><span style=\"color: #ffffff;\">Google Web Fonts (lokales Hosting)<\/span><\/div>\n<div><span style=\"color: #ffffff;\">Diese Seite nutzt zur einheitlichen Darstellung von Schriftarten so genannte Web Fonts, die von Google bereitgestellt werden. Die Google Fonts sind lokal installiert. Eine Verbindung zu Servern von Google findet dabei nicht statt.<\/span><\/div>\n<div>\u00a0<\/div>\n<div><span style=\"color: #ffffff;\">Weitere Informationen zu Google Web Fonts finden Sie unter https:\/\/developers.google.com\/fonts\/faq und in der Datenschutzerkl\u00e4rung von Google: https:\/\/policies.google.com\/privacy?hl=de.<\/span><\/div>\n<div>\u00a0<\/div>\n<div><span style=\"color: #ffffff;\">Adobe Fonts<\/span><\/div>\n<div><span style=\"color: #ffffff;\">Diese Website nutzt zur einheitlichen Darstellung bestimmter Schriftarten Web Fonts von Adobe. Anbieter ist die Adobe Systems Incorporated, 345 Park Avenue, San Jose, CA 95110-2704, USA (Adobe).<\/span><\/div>\n<div>\u00a0<\/div>\n<div><span style=\"color: #ffffff;\">Beim Aufruf dieser Website l\u00e4dt Ihr Browser die ben\u00f6tigten Schriftarten direkt von Adobe, um sie Ihrem Endger\u00e4t korrekt anzeigen zu k\u00f6nnen. Dabei stellt Ihr Browser eine Verbindung zu den Servern von Adobe in den USA her. Hierdurch erlangt Adobe Kenntnis dar\u00fcber, dass \u00fcber Ihre IP-Adresse diese Website aufgerufen wurde. Bei der Bereitstellung der Schriftarten werden nach Aussage von Adobe keine Cookies gespeichert.<\/span><\/div>\n<div>\u00a0<\/div>\n<div><span style=\"color: #ffffff;\">Die Speicherung und Analyse der Daten erfolgt auf Grundlage von Art. 6 Abs. 1 lit. f DSGVO. Der Websitebetreiber hat ein berechtigtes Interesse an der einheitlichen Darstellung des Schriftbildes auf seiner Website. Sofern eine entsprechende Einwilligung abgefragt wurde, erfolgt die Verarbeitung ausschlie\u00dflich auf Grundlage von Art. 6 Abs. 1 lit. a DSGVO und \u00a7 25 Abs. 1 TTDSG, soweit die Einwilligung die Speicherung von Cookies oder den Zugriff auf Informationen im Endger\u00e4t des Nutzers (z. B. Device-Fingerprinting) im Sinne des TTDSG umfasst. Die Einwilligung ist jederzeit widerrufbar.<\/span><\/div>\n<div>\u00a0<\/div>\n<div><span style=\"color: #ffffff;\">Die Daten\u00fcbertragung in die USA wird auf die Standardvertragsklauseln der EU-Kommission gest\u00fctzt. Details finden Sie hier: https:\/\/www.adobe.com\/de\/privacy\/eudatatransfers.html.<\/span><\/div>\n<div>\u00a0<\/div>\n<div><span style=\"color: #ffffff;\">N\u00e4here Informationen zu Adobe Fonts erhalten Sie unter: https:\/\/www.adobe.com\/de\/privacy\/policies\/adobe-fonts.html.<\/span><\/div>\n<div>\u00a0<\/div>\n<div><span style=\"color: #ffffff;\">Die Datenschutzerkl\u00e4rung von Adobe finden Sie unter: https:\/\/www.adobe.com\/de\/privacy\/policy.html<\/span><\/div>\n<div>\u00a0<\/div>\n<div><span style=\"color: #ffffff;\">___<\/span><\/div>\n<div>\u00a0<\/div>\n<div><span style=\"color: #ffffff;\">AGB \u2013 ALLGEMEINE GESCH\u00c4FTSBEDINGUNGEN (LIEFER- UND VERKAUFSBEDINGUNGEN)<\/span><\/div>\n<div>\u00a0<\/div>\n<div>\u00a0<\/div>\n<div>\u00a0<\/div>\n<div><span style=\"color: #ffffff;\">Allgemeines<\/span><\/div>\n<div>\u00a0<\/div>\n<div>\u00a0<\/div>\n<div>\u00a0<\/div>\n<div><span style=\"color: #ffffff;\">(1) Diese Allgemeinen Gesch\u00e4ftsbedingungen gelten vorbehaltlich abweichender<\/span><\/div>\n<div>\u00a0<\/div>\n<div><span style=\"color: #ffffff;\">schriftlicher Vereinbarungen ausschlie\u00dflich. Entgegenstehende oder von diesen<\/span><\/div>\n<div>\u00a0<\/div>\n<div><span style=\"color: #ffffff;\">Allgemeinen Gesch\u00e4ftsbedingungen abweichende Allgemeine Gesch\u00e4ftsbedingungen<\/span><\/div>\n<div>\u00a0<\/div>\n<div><span style=\"color: #ffffff;\">des K\u00e4ufers erkennen wir nicht an, es sei denn, wir h\u00e4tten schriftlich ihrer Geltung<\/span><\/div>\n<div>\u00a0<\/div>\n<div><span style=\"color: #ffffff;\">zugestimmt.<\/span><\/div>\n<div>\u00a0<\/div>\n<div>\u00a0<\/div>\n<div>\u00a0<\/div>\n<div><span style=\"color: #ffffff;\">(2) Unsere Allgemeinen Gesch\u00e4ftsbedingungen gelten nach Ma\u00dfgabe von Absatz (1) auch<\/span><\/div>\n<div>\u00a0<\/div>\n<div><span style=\"color: #ffffff;\">f\u00fcr alle k\u00fcnftigen Gesch\u00e4fte mit dem K\u00e4ufer.\u00a0 \u00a0 \u00a0 \u00a0 \u00a0 \u00a0 \u00a0 \u00a0\u00a0<\/span><\/div>\n<div>\u00a0<\/div>\n<div>\u00a0<\/div>\n<div>\u00a0<\/div>\n<div><span style=\"color: #ffffff;\">(3) Alle Angebotspreise und Kosten, wie f\u00fcr Produkte, Leistungen, Lieferungen oder weiteres sind bis zum Zeitpunkt der Leistungserf\u00fcllung und somit bis zur abschlie\u00dfenden Rechnungsstellung unsererseits, freibleibend und k\u00f6nnen preislich variieren. Egal ob diese durch uns, unsere Vertriebspartner oder weitere Absatzkan\u00e4le offeriert wurden.<\/span><\/div>\n<div>\u00a0<\/div>\n<div>\u00a0<\/div>\n<div>\u00a0<\/div>\n<div><span style=\"color: #ffffff;\">(4) Nach vertraglicher Auftragsbest\u00e4tigung unsererseits, ist unverz\u00fcglich jedoch sp\u00e4testens nach drei Arbeitstagen ein Wiederrufs- oder R\u00fcckgaberecht ausgeschlossen.<\/span><\/div>\n<div>\u00a0<\/div>\n<div>\u00a0<\/div>\n<div>\u00a0<\/div>\n<div><span style=\"color: #ffffff;\">Angebot<\/span><\/div>\n<div>\u00a0<\/div>\n<div>\u00a0<\/div>\n<div>\u00a0<\/div>\n<div><span style=\"color: #ffffff;\">(1) Unsere Angebote sind freibleibend. Die zu dem Angebot geh\u00f6renden Unterlagen wie<\/span><\/div>\n<div>\u00a0<\/div>\n<div><span style=\"color: #ffffff;\">Abbildungen, Zeichnungen, Gewichts- und Ma\u00dfangaben sind nur ann\u00e4hernd ma\u00dfgebend,<\/span><\/div>\n<div>\u00a0<\/div>\n<div><span style=\"color: #ffffff;\">soweit sie nicht ausdr\u00fccklich als verbindlich bezeichnet sind.<\/span><\/div>\n<div>\u00a0<\/div>\n<div>\u00a0<\/div>\n<div>\u00a0<\/div>\n<div><span style=\"color: #ffffff;\">(2) Die vom K\u00e4ufer schriftliche Bestellung ist verbindlich. Wir sind berechtigt, das in<\/span><\/div>\n<div>\u00a0<\/div>\n<div><span style=\"color: #ffffff;\">der Bestellung des K\u00e4ufers liegende Vertragsangebot innerhalb von drei Wochen nach<\/span><\/div>\n<div>\u00a0<\/div>\n<div><span style=\"color: #ffffff;\">Eingang bei uns durch Zusendung einer Auftragsbest\u00e4tigung anzunehmen.<\/span><\/div>\n<div>\u00a0<\/div>\n<div>\u00a0<\/div>\n<div>\u00a0<\/div>\n<div><span style=\"color: #ffffff;\">(3) F\u00fcr den Umfang der Bestellung ist unsere schriftliche Auftragsbest\u00e4tigung ma\u00dfgebend.<\/span><\/div>\n<div>\u00a0<\/div>\n<div><span style=\"color: #ffffff;\">S\u00e4mtliche Nebenabreden und s\u00e4mtliche \u00c4nderungen der Bestellung bed\u00fcrfen der<\/span><\/div>\n<div>\u00a0<\/div>\n<div><span style=\"color: #ffffff;\">gesonderten Schriftform innerhalb von einem Arbeitstag.<\/span><\/div>\n<div>\u00a0<\/div>\n<div>\u00a0<\/div>\n<div>\u00a0<\/div>\n<div><span style=\"color: #ffffff;\">(4) Unsere Verkaufsangestellten und Reisevertreter sind nicht befugt, m\u00fcndliche<\/span><\/div>\n<div>\u00a0<\/div>\n<div><span style=\"color: #ffffff;\">Nebenabreden, Zusicherungen etc. zu geben, die \u00fcber den Inhalt unserer schriftlichen<\/span><\/div>\n<div>\u00a0<\/div>\n<div><span style=\"color: #ffffff;\">Auftragsbest\u00e4tigung hinausgehen.<\/span><\/div>\n<div>\u00a0<\/div>\n<div>\u00a0<\/div>\n<div>\u00a0<\/div>\n<div><span style=\"color: #ffffff;\">(5) An Informationen, insbesondere Abbildungen, Zeichnungen, Kalkulationen und<\/span><\/div>\n<div>\u00a0<\/div>\n<div><span style=\"color: #ffffff;\">sonstigen Unterlagen, die an den K\u00e4ufer oder Dritte, nach schriftlicher Freigabe von uns,<\/span><\/div>\n<div>\u00a0<\/div>\n<div><span style=\"color: #ffffff;\">weitergegeben werden, behalten wir uns Eigentums- und Urheberrechte vor.<\/span><\/div>\n<div>\u00a0<\/div>\n<div><span style=\"color: #ffffff;\">Sie d\u00fcrfen anderen Personen als dem K\u00e4ufer bzw. dem Dritten nicht zug\u00e4nglich gemacht werden.<\/span><\/div>\n<div>\u00a0<\/div>\n<div>\u00a0<\/div>\n<div>\u00a0<\/div>\n<div><span style=\"color: #ffffff;\">Preis und Zahlung<\/span><\/div>\n<div>\u00a0<\/div>\n<div>\u00a0<\/div>\n<div>\u00a0<\/div>\n<div><span style=\"color: #ffffff;\">(1) Der in der Auftragsbest\u00e4tigung ausgewiesene Preis ist freibleibend. Die Preisangaben<\/span><\/div>\n<div>\u00a0<\/div>\n<div><span style=\"color: #ffffff;\">verstehen sich grunds\u00e4tzlich ohne Umsatzsteuer und gelten ab Werk bzw. ab Lager.<\/span><\/div>\n<div>\u00a0<\/div>\n<div><span style=\"color: #ffffff;\">Die Umsatzsteuer wird am Tag der Rechnungsstellung in der jeweils geltenden gesetzlichen H\u00f6he<\/span><\/div>\n<div>\u00a0<\/div>\n<div><span style=\"color: #ffffff;\">in der Rechnung gesondert ausgewiesen. Wir behalten uns das Recht vor, unsere Preise entsprechend zu<\/span><\/div>\n<div>\u00a0<\/div>\n<div><span style=\"color: #ffffff;\">\u00e4ndern, wenn nach Abschluss des Vertrages Kostensenkungen oder Kostenerh\u00f6hungen,<\/span><\/div>\n<div>\u00a0<\/div>\n<div><span style=\"color: #ffffff;\">insbesondere aufgrund von Tarifabschl\u00fcssen, Materialpreis\u00e4nderungen, oder \u00c4hnlichen eintreten.<\/span><\/div>\n<div>\u00a0<\/div>\n<div><span style=\"color: #ffffff;\">Diese werden wir dem K\u00e4ufer auf Verlangen nachweisen.<\/span><\/div>\n<div>\u00a0<\/div>\n<div>\u00a0<\/div>\n<div>\u00a0<\/div>\n<div><span style=\"color: #ffffff;\">(2) Der K\u00e4ufer ist verpflichtet, den Preis bei \u00dcbergabe der Kaufsache oder \u00dcbersendung<\/span><\/div>\n<div>\u00a0<\/div>\n<div><span style=\"color: #ffffff;\">der Rechnung zu zahlen. Der Abzug von Skonto bedarf besonderer schriftlicher<\/span><\/div>\n<div>\u00a0<\/div>\n<div><span style=\"color: #ffffff;\">Vereinbarung. Unberechtigte Abz\u00fcge werden grunds\u00e4tzlich und zuz\u00fcglich des entstehenden Aufwandes<\/span><\/div>\n<div>\u00a0<\/div>\n<div><span style=\"color: #ffffff;\">nachbelastet.<\/span><\/div>\n<div>\u00a0<\/div>\n<div>\u00a0<\/div>\n<div>\u00a0<\/div>\n<div><span style=\"color: #ffffff;\">(3) Entstehen nach Vertragsschluss begr\u00fcndete Zweifel an der Kreditw\u00fcrdigkeit des<\/span><\/div>\n<div>\u00a0<\/div>\n<div><span style=\"color: #ffffff;\">K\u00e4ufers, sind wir berechtigt, innerhalb angemessener Frist Vorauszahlung oder<\/span><\/div>\n<div>\u00a0<\/div>\n<div><span style=\"color: #ffffff;\">Sicherheitsleistung zu verlangen. Kommt der K\u00e4ufer diesem Verlangen nicht<\/span><\/div>\n<div>\u00a0<\/div>\n<div><span style=\"color: #ffffff;\">fristgerecht nach, sind wir nach Fristablauf zum R\u00fccktritt vom Vertrag berechtigt.<\/span><\/div>\n<div>\u00a0<\/div>\n<div>\u00a0<\/div>\n<div>\u00a0<\/div>\n<div><span style=\"color: #ffffff;\">(4) Zahlungsanweisungen, Schecks oder Wechsel werden nur nach besonderer schriftlicher<\/span><\/div>\n<div>\u00a0<\/div>\n<div><span style=\"color: #ffffff;\">Vereinbarung und nur zahlungshalber angenommen unter Berechnung aller<\/span><\/div>\n<div>\u00a0<\/div>\n<div><span style=\"color: #ffffff;\">Einziehungs- und Diskontspesen.<\/span><\/div>\n<div>\u00a0<\/div>\n<div>\u00a0<\/div>\n<div>\u00a0<\/div>\n<div><span style=\"color: #ffffff;\">(5) Gegen\u00fcber unseren Zahlungsanspr\u00fcchen kann der K\u00e4ufer nur dann aufrechnen,<\/span><\/div>\n<div>\u00a0<\/div>\n<div><span style=\"color: #ffffff;\">wenn die Gegenforderung des K\u00e4ufers unbestritten ist oder ein rechtskr\u00e4ftiger Titel<\/span><\/div>\n<div>\u00a0<\/div>\n<div><span style=\"color: #ffffff;\">vorliegt. Ein Zur\u00fcckbehaltungsrecht kann der K\u00e4ufer nur geltend machen, soweit es auf berechtigte und<\/span><\/div>\n<div>\u00a0<\/div>\n<div><span style=\"color: #ffffff;\">unbestrittene Anspr\u00fcche aus demselben Vertragsverh\u00e4ltnis beruht.<\/span><\/div>\n<div>\u00a0<\/div>\n<div>\u00a0<\/div>\n<div>\u00a0<\/div>\n<div><span style=\"color: #ffffff;\">(6) Verzugszinsen werden mit 8 % p.a. \u00fcber dem Basiszinssatz berechnet. Die<\/span><\/div>\n<div>\u00a0<\/div>\n<div><span style=\"color: #ffffff;\">Geltendmachung eines weitergehenden Schadens ist nicht ausgeschlossen.<\/span><\/div>\n<div>\u00a0<\/div>\n<div>\u00a0<\/div>\n<div>\u00a0<\/div>\n<div><span style=\"color: #ffffff;\">Lieferung und Lieferverzug<\/span><\/div>\n<div>\u00a0<\/div>\n<div>\u00a0<\/div>\n<div>\u00a0<\/div>\n<div><span style=\"color: #ffffff;\">(1) Liefertermine oder Lieferfristen sind schriftlich anzugeben. Sie sind unverbindlich,<\/span><\/div>\n<div>\u00a0<\/div>\n<div><span style=\"color: #ffffff;\">es sei denn, sie werden schriftlich als ausdr\u00fccklich verbindlich vereinbart und in unserer Auftragsbest\u00e4tigung deutlich als solche fixiert.<\/span><\/div>\n<div>\u00a0<\/div>\n<div><span style=\"color: #ffffff;\">Lieferfristen beginnen mit Vertragsabschluss. Werden nachtr\u00e4glich Vertrags\u00e4nderungen vereinbart, ist<\/span><\/div>\n<div>\u00a0<\/div>\n<div><span style=\"color: #ffffff;\">erforderlichenfalls gleichzeitig ein Liefertermin oder eine Lieferfrist erneut zu<\/span><\/div>\n<div>\u00a0<\/div>\n<div><span style=\"color: #ffffff;\">vereinbaren.<\/span><\/div>\n<div>\u00a0<\/div>\n<div><span style=\"color: #ffffff;\">Die Einhaltung von Fristen von Lieferungen und Leistungen setzt den rechtzeitigen<\/span><\/div>\n<div>\u00a0<\/div>\n<div><span style=\"color: #ffffff;\">Eingang s\u00e4mtlicher vom K\u00e4ufer beizubringender Leistungs- oder Lieferungsbestandteile,<\/span><\/div>\n<div>\u00a0<\/div>\n<div><span style=\"color: #ffffff;\">erforderlicher Genehmigungen und Freigaben, insbesondere von Pl\u00e4nen sowie die<\/span><\/div>\n<div>\u00a0<\/div>\n<div><span style=\"color: #ffffff;\">Einhaltung der vereinbarten Zahlungsbedingungen und sonstigen Verpflichtungen<\/span><\/div>\n<div>\u00a0<\/div>\n<div><span style=\"color: #ffffff;\">voraus. Werden diese Voraussetzungen nicht rechtzeitig erf\u00fcllt, so verl\u00e4ngert sich die<\/span><\/div>\n<div>\u00a0<\/div>\n<div><span style=\"color: #ffffff;\">Frist angemessen.<\/span><\/div>\n<div>\u00a0<\/div>\n<div>\u00a0<\/div>\n<div>\u00a0<\/div>\n<div><span style=\"color: #ffffff;\">(2) Lieferfristen verl\u00e4ngern sich \u2013 auch innerhalb eines etwaigen bereits eingetretenen<\/span><\/div>\n<div>\u00a0<\/div>\n<div><span style=\"color: #ffffff;\">Lieferverzugs \u2013 angemessen beim Eintritt unvorhergesehener Ereignisse, die wir trotz<\/span><\/div>\n<div>\u00a0<\/div>\n<div><span style=\"color: #ffffff;\">der nach den Umst\u00e4nden des Falles zumutbaren Sorgfalt nicht abwenden konnten, z. B.<\/span><\/div>\n<div>\u00a0<\/div>\n<div><span style=\"color: #ffffff;\">bei Betriebsst\u00f6rungen, beh\u00f6rdlichen Eingriffen, Energieversorgungsschwierigkeiten,<\/span><\/div>\n<div>\u00a0<\/div>\n<div><span style=\"color: #ffffff;\">Verz\u00f6gerungen in der Auslieferung wesentlicher Zuliefererteile. Das Gleiche gilt im<\/span><\/div>\n<div>\u00a0<\/div>\n<div><span style=\"color: #ffffff;\">Fall von Streik und Aussperrung. Wir sind verpflichtet, dem K\u00e4ufer solche Hindernisse<\/span><\/div>\n<div>\u00a0<\/div>\n<div><span style=\"color: #ffffff;\">unverz\u00fcglich mitzuteilen.<\/span><\/div>\n<div>\u00a0<\/div>\n<div>\u00a0<\/div>\n<div>\u00a0<\/div>\n<div><span style=\"color: #ffffff;\">(3) Die Lieferfrist ist eingehalten, wenn bis zu ihrem Ablauf die Kaufsache das Werk<\/span><\/div>\n<div>\u00a0<\/div>\n<div><span style=\"color: #ffffff;\">verlassen hat oder die Versandbereitschaft mitgeteilt ist. Wird ein unverbindlicher<\/span><\/div>\n<div>\u00a0<\/div>\n<div><span style=\"color: #ffffff;\">Liefertermin oder eine unverbindliche Lieferfrist um zw\u00f6lf Wochen \u00fcberschritten, so<\/span><\/div>\n<div>\u00a0<\/div>\n<div><span style=\"color: #ffffff;\">kann der K\u00e4ufer uns schriftlich auffordern, binnen angemessener Frist zu liefern.<\/span><\/div>\n<div>\u00a0<\/div>\n<div>\u00a0<\/div>\n<div>\u00a0<\/div>\n<div><span style=\"color: #ffffff;\">(4) Der K\u00e4ufer kann Lieferung Ersatz eines durch die Verz\u00f6gerung verlangen.<\/span><\/div>\n<div>\u00a0<\/div>\n<div><span style=\"color: #ffffff;\">F\u00e4llt uns oder unseren Vertretern oder Erf\u00fcllungsgehilfen Vorsatz oder grobe<\/span><\/div>\n<div>\u00a0<\/div>\n<div><span style=\"color: #ffffff;\">Fahrl\u00e4ssigkeit zur Last, haften wir nach den gesetzlichen Bestimmungen,<\/span><\/div>\n<div>\u00a0<\/div>\n<div><span style=\"color: #ffffff;\">im Falle grober Fahrl\u00e4ssigkeit oder bei der schuldhaften Verletzung wesentlicher<\/span><\/div>\n<div>\u00a0<\/div>\n<div><span style=\"color: #ffffff;\">Vertragspflichten aber nach Ma\u00dfgabe des Satzes 5 dieses Absatzes beschr\u00e4nkt auf den<\/span><\/div>\n<div>\u00a0<\/div>\n<div><span style=\"color: #ffffff;\">vertragstypisch vorhersehbaren Schaden. Im \u00dcbrigen ist unserer Ersatzpflicht wegen<\/span><\/div>\n<div>\u00a0<\/div>\n<div><span style=\"color: #ffffff;\">Verz\u00f6gerung der Lieferung auf h\u00f6chstens 15 % der vereinbarten Verg\u00fctung (inklusive<\/span><\/div>\n<div>\u00a0<\/div>\n<div><span style=\"color: #ffffff;\">Umsatzsteuer) nach Ma\u00dfgabe des Satzes 5 dieses Absatzes beschr\u00e4nkt. Weitergehende<\/span><\/div>\n<div>\u00a0<\/div>\n<div><span style=\"color: #ffffff;\">Anspr\u00fcche des K\u00e4ufers sind ausgeschlossen. Die vorstehenden Begrenzungen gelten<\/span><\/div>\n<div>\u00a0<\/div>\n<div><span style=\"color: #ffffff;\">nicht bei Haftung wegen der Verletzung des Lebens, des K\u00f6rpers oder der Gesundheit.<\/span><\/div>\n<div>\u00a0<\/div>\n<div>\u00a0<\/div>\n<div>\u00a0<\/div>\n<div><span style=\"color: #ffffff;\">(5) Befinden wir uns mit der Lieferung in Verzug, kann der K\u00e4ufer uns schriftlich<\/span><\/div>\n<div>\u00a0<\/div>\n<div><span style=\"color: #ffffff;\">eine angemessene Nachfrist mit der Erkl\u00e4rung setzen, dass er nach Ablauf der<\/span><\/div>\n<div>\u00a0<\/div>\n<div><span style=\"color: #ffffff;\">Frist die Annahme der Kaufsache ablehne. Nach erfolglosem Ablauf der Nachfrist<\/span><\/div>\n<div>\u00a0<\/div>\n<div><span style=\"color: #ffffff;\">ist der K\u00e4ufer berechtigt, durch schriftliche Erkl\u00e4rung vom Vertrag zur\u00fcck zu<\/span><\/div>\n<div>\u00a0<\/div>\n<div><span style=\"color: #ffffff;\">treten oder Schadensersatz, statt der Leistung zu verlangen. Absatz 4 gilt f\u00fcr den<\/span><\/div>\n<div>\u00a0<\/div>\n<div><span style=\"color: #ffffff;\">Schadensersatzanspruch statt der Leistung entsprechend. Der Anspruch auf Lieferung<\/span><\/div>\n<div>\u00a0<\/div>\n<div><span style=\"color: #ffffff;\">ist in den F\u00e4llen des erfolglosen Ablaufs der Nachfristsetzung mit Ablehnungsandrohung<\/span><\/div>\n<div>\u00a0<\/div>\n<div><span style=\"color: #ffffff;\">ausgeschlossen.<\/span><\/div>\n<div>\u00a0<\/div>\n<div>\u00a0<\/div>\n<div>\u00a0<\/div>\n<div><span style=\"color: #ffffff;\">(6) Der K\u00e4ufer ist verpflichtet, sich auf unser Verlangen innerhalb einer angemessenen Frist<\/span><\/div>\n<div>\u00a0<\/div>\n<div><span style=\"color: #ffffff;\">zu erkl\u00e4ren, ob er wegen der Verz\u00f6gerung der Lieferung vom Vertrag zur\u00fccktritt oder ob<\/span><\/div>\n<div>\u00a0<\/div>\n<div><span style=\"color: #ffffff;\">er auf die Lieferung besteht.<\/span><\/div>\n<div>\u00a0<\/div>\n<div>\u00a0<\/div>\n<div>\u00a0<\/div>\n<div><span style=\"color: #ffffff;\">(7) Teillieferungen und Teilleistungen sind zul\u00e4ssig, soweit dem K\u00e4ufer zumutbar.<\/span><\/div>\n<div>\u00a0<\/div>\n<div>\u00a0<\/div>\n<div>\u00a0<\/div>\n<div><span style=\"color: #ffffff;\">Gefahr\u00fcbergang, Verpackungen, Transportversicherung<\/span><\/div>\n<div>\u00a0<\/div>\n<div>\u00a0<\/div>\n<div>\u00a0<\/div>\n<div><span style=\"color: #ffffff;\">(1) Die Gefahr des zuf\u00e4lligen Untergangs und der zuf\u00e4lligen Verschlechterung der<\/span><\/div>\n<div>\u00a0<\/div>\n<div><span style=\"color: #ffffff;\">Kaufsache geht ab Werk bzw. ab Lager auf den K\u00e4ufer \u00fcber. Dem steht es gleich, wenn die Kaufsache<\/span><\/div>\n<div>\u00a0<\/div>\n<div><span style=\"color: #ffffff;\">auf Verlangen des K\u00e4ufers nach einem anderen Ort als dem Gesch\u00e4ftssitz des K\u00e4ufers<\/span><\/div>\n<div>\u00a0<\/div>\n<div><span style=\"color: #ffffff;\">versendet und \u2013 an den Spediteur, den Frachtf\u00fchrer oder der sonst zur Ausf\u00fchrung der<\/span><\/div>\n<div>\u00a0<\/div>\n<div><span style=\"color: #ffffff;\">Sendung bestimmten Person \u00fcbergeben werden.<\/span><\/div>\n<div>\u00a0<\/div>\n<div>\u00a0<\/div>\n<div>\u00a0<\/div>\n<div><span style=\"color: #ffffff;\">(2) Transport- und alle sonstigen Verpackungen nach Ma\u00dfgabe der Verpackungsordnung<\/span><\/div>\n<div>\u00a0<\/div>\n<div><span style=\"color: #ffffff;\">werden nicht zur\u00fcckgenommen; ausgenommen sind Mehrwegverpackungen,<\/span><\/div>\n<div>\u00a0<\/div>\n<div><span style=\"color: #ffffff;\">insbesondere Mehrwegpaletten und Kunststoffseitenteile. Der K\u00e4ufer ist verpflichtet,<\/span><\/div>\n<div>\u00a0<\/div>\n<div><span style=\"color: #ffffff;\">f\u00fcr eine Entsorgung der Verpackung auf eigene Kosten zu sorgen.<\/span><\/div>\n<div>\u00a0<\/div>\n<div>\u00a0<\/div>\n<div>\u00a0<\/div>\n<div><span style=\"color: #ffffff;\">(3) Sofern der K\u00e4ufer dies w\u00fcnscht, wird die Kaufsache durch eine Transportversicherung<\/span><\/div>\n<div>\u00a0<\/div>\n<div><span style=\"color: #ffffff;\">eingedeckt. Diesbez\u00fcglich anfallende Kosten tr\u00e4gt der K\u00e4ufer.<\/span><\/div>\n<div>\u00a0<\/div>\n<div>\u00a0<\/div>\n<div>\u00a0<\/div>\n<div><span style=\"color: #ffffff;\">M\u00e4ngelhaftung, sonstige Haftung, Verj\u00e4hrung<\/span><\/div>\n<div>\u00a0<\/div>\n<div>\u00a0<\/div>\n<div>\u00a0<\/div>\n<div><span style=\"color: #ffffff;\">(1) M\u00e4ngel der Kaufsache sind vom K\u00e4ufer unverz\u00fcglich, sp\u00e4testens aber drei Arbeitstage nach<\/span><\/div>\n<div>\u00a0<\/div>\n<div><span style=\"color: #ffffff;\">deren Bekanntwerden unter Angabe des Tages des ersten Auftretens und konkreter<\/span><\/div>\n<div>\u00a0<\/div>\n<div><span style=\"color: #ffffff;\">Beschreibung der M\u00e4ngel schriftlich anzuzeigen. Entspricht die Anzeige nicht diesen<\/span><\/div>\n<div>\u00a0<\/div>\n<div><span style=\"color: #ffffff;\">Anforderungen, ist jegliche M\u00e4ngelhaftung ausgeschlossen.<\/span><\/div>\n<div>\u00a0<\/div>\n<div>\u00a0<\/div>\n<div>\u00a0<\/div>\n<div><span style=\"color: #ffffff;\">(2) Im Falle der ordnungsgem\u00e4\u00dfen Anzeige haften wir f\u00fcr M\u00e4ngel der Kaufsache wie<\/span><\/div>\n<div>\u00a0<\/div>\n<div><span style=\"color: #ffffff;\">folgt: Soweit ein Mangel vorliegt, sind wir nach eigener Wahl zur Beseitigung des<\/span><\/div>\n<div>\u00a0<\/div>\n<div><span style=\"color: #ffffff;\">Mangels oder zur Lieferung einer mangelfreien Kaufsache berechtigt (Nacherf\u00fcllung).<\/span><\/div>\n<div>\u00a0<\/div>\n<div><span style=\"color: #ffffff;\">Voraussetzung f\u00fcr die M\u00e4ngelhaftung ist, dass es sich um einen nicht unerheblichen<\/span><\/div>\n<div>\u00a0<\/div>\n<div><span style=\"color: #ffffff;\">Mangel handelt. Sollte eine der beiden oder beide Arten der Nacherf\u00fcllung unm\u00f6glich<\/span><\/div>\n<div>\u00a0<\/div>\n<div><span style=\"color: #ffffff;\">oder unverh\u00e4ltnism\u00e4\u00dfig sein, sind wir berechtigt, sie zu verweigern. Wir k\u00f6nnen die<\/span><\/div>\n<div>\u00a0<\/div>\n<div><span style=\"color: #ffffff;\">Nacherf\u00fcllung ferner verweigern, solange der K\u00e4ufer seinen Zahlungspflichten nicht in<\/span><\/div>\n<div>\u00a0<\/div>\n<div><span style=\"color: #ffffff;\">einem Umfang erf\u00fcllt, der dem mangelfreien Teil der erbrachten Leistung entspricht<\/span><\/div>\n<div>\u00a0<\/div>\n<div><span style=\"color: #ffffff;\">Wir tragen die zum Zwecke der Nacherf\u00fcllung erforderlichen Aufwendungen. Dies gilt<\/span><\/div>\n<div>\u00a0<\/div>\n<div><span style=\"color: #ffffff;\">nicht f\u00fcr Aufwendungen, die dadurch entstehen, dass die Kaufsache an einen anderen<\/span><\/div>\n<div>\u00a0<\/div>\n<div><span style=\"color: #ffffff;\">Ort als den Gesch\u00e4ftssitz des K\u00e4ufers verbracht wird, es sei denn, die Verbringung<\/span><\/div>\n<div>\u00a0<\/div>\n<div><span style=\"color: #ffffff;\">entspricht ihrem bestimmungsgem\u00e4\u00dfen Gebrauch.<\/span><\/div>\n<div>\u00a0<\/div>\n<div>\u00a0<\/div>\n<div>\u00a0<\/div>\n<div><span style=\"color: #ffffff;\">(3) Sollte die in Absatz 2 genannte Nacherf\u00fcllung unm\u00f6glich oder unverh\u00e4ltnism\u00e4\u00dfig<\/span><\/div>\n<div>\u00a0<\/div>\n<div><span style=\"color: #ffffff;\">sein oder zweimal fehlschlagen, steht dem K\u00e4ufer das Wahlrecht zu, entweder der<\/span><\/div>\n<div>\u00a0<\/div>\n<div><span style=\"color: #ffffff;\">Kaufpreis entsprechend herabzusetzen oder vom Vertrag nach den gesetzlichen<\/span><\/div>\n<div>\u00a0<\/div>\n<div><span style=\"color: #ffffff;\">Vorschriften zur\u00fcckzutreten. Dies gilt insbesondere bei der schuldhaften Verz\u00f6gerung<\/span><\/div>\n<div>\u00a0<\/div>\n<div><span style=\"color: #ffffff;\">oder Verweigerung der Nacherf\u00fcllung. Die vorstehenden Bestimmungen gelten auch bei<\/span><\/div>\n<div>\u00a0<\/div>\n<div><span style=\"color: #ffffff;\">Lieferung einer anderen Sache oder einer geringeren Menge.<\/span><\/div>\n<div>\u00a0<\/div>\n<div>\u00a0<\/div>\n<div>\u00a0<\/div>\n<div><span style=\"color: #ffffff;\">(4) Wir haften bei Vorsatz oder grober Fahrl\u00e4ssigkeit von uns oder eines unserer Vertreter<\/span><\/div>\n<div>\u00a0<\/div>\n<div><span style=\"color: #ffffff;\">oder Erf\u00fcllungsgehilfen nach den gesetzlichen Bestimmungen. Im \u00dcbrigen haften wir nur<\/span><\/div>\n<div>\u00a0<\/div>\n<div><span style=\"color: #ffffff;\">nach dem Produkthaftungsgesetz, wegen der Verletzung des Lebens, des K\u00f6rpers oder<\/span><\/div>\n<div>\u00a0<\/div>\n<div><span style=\"color: #ffffff;\">der Gesundheit oder wegen der schuldhaften Verletzung wesentlicher Vertragspflichten.<\/span><\/div>\n<div>\u00a0<\/div>\n<div><span style=\"color: #ffffff;\">Der Schadensersatzanspruch f\u00fcr die Verletzung wesentlicher Vertragspflichten ist<\/span><\/div>\n<div>\u00a0<\/div>\n<div><span style=\"color: #ffffff;\">jedoch auf den vertragstypischen, vorhersehbaren Schaden begrenzt. Die Haftung ist<\/span><\/div>\n<div>\u00a0<\/div>\n<div><span style=\"color: #ffffff;\">auch in F\u00e4llen grober Fahrl\u00e4ssigkeit auf den vertragstypischen, vorhersehbaren Schaden<\/span><\/div>\n<div>\u00a0<\/div>\n<div><span style=\"color: #ffffff;\">begrenzt, wenn keiner der in Satz 2 dieses Absatzes aufgef\u00fchrten Ausnahmef\u00e4lle<\/span><\/div>\n<div>\u00a0<\/div>\n<div><span style=\"color: #ffffff;\">vorliegt.<\/span><\/div>\n<div>\u00a0<\/div>\n<div>\u00a0<\/div>\n<div>\u00a0<\/div>\n<div><span style=\"color: #ffffff;\">(5) Die Haftung f\u00fcr Sch\u00e4den durch die Kaufsache an Rechtsg\u00fctern des K\u00e4ufers oder Dritten,<\/span><\/div>\n<div>\u00a0<\/div>\n<div><span style=\"color: #ffffff;\">z.B. Sch\u00e4den an anderen Sachen, ist jedoch ganz ausgeschlossen. Dies gilt nicht, soweit<\/span><\/div>\n<div>\u00a0<\/div>\n<div><span style=\"color: #ffffff;\">Vorsatz oder grobe Fahrl\u00e4ssigkeit vorliegt oder wegen der Verletzung des Lebens, des<\/span><\/div>\n<div>\u00a0<\/div>\n<div><span style=\"color: #ffffff;\">K\u00f6rpers oder der Gesundheit gehaftet wird oder derartige Sch\u00e4den bei Verletzung<\/span><\/div>\n<div>\u00a0<\/div>\n<div><span style=\"color: #ffffff;\">wesentlicher Vertragspflichten vertragstypisch und vorhersehbar sind. In F\u00e4llen grober<\/span><\/div>\n<div>\u00a0<\/div>\n<div><span style=\"color: #ffffff;\">Fahrl\u00e4ssigkeit oder bei Verletzung wesentlicher Vertragspflichten ist die Haftung auf<\/span><\/div>\n<div>\u00a0<\/div>\n<div><span style=\"color: #ffffff;\">den vertragstypischen, vorhersehbaren Schaden begrenzt.<\/span><\/div>\n<div>\u00a0<\/div>\n<div>\u00a0<\/div>\n<div>\u00a0<\/div>\n<div><span style=\"color: #ffffff;\">(6) Die Regelungen der vorstehenden Abs\u00e4tze 4 und 5 erstrecken sich auf Schadensersatz<\/span><\/div>\n<div>\u00a0<\/div>\n<div><span style=\"color: #ffffff;\">neben der Leistung und Schadensersatz statt der Leistung, gleich aus welchem<\/span><\/div>\n<div>\u00a0<\/div>\n<div><span style=\"color: #ffffff;\">Rechtsgrund, insbesondere wegen M\u00e4ngeln, der Verletzung von Pflichten aus dem<\/span><\/div>\n<div>\u00a0<\/div>\n<div><span style=\"color: #ffffff;\">Schuldverh\u00e4ltnis oder aus unerlaubter Handlung. Sie gelten auch f\u00fcr den Ersatz<\/span><\/div>\n<div>\u00a0<\/div>\n<div><span style=\"color: #ffffff;\">vergeblicher Aufwendungen.<\/span><\/div>\n<div>\u00a0<\/div>\n<div>\u00a0<\/div>\n<div>\u00a0<\/div>\n<div><span style=\"color: #ffffff;\">(7) Die Verj\u00e4hrungsfrist f\u00fcr Anspr\u00fcche und Recht wegen M\u00e4ngeln der Kaufsache betr\u00e4gt<\/span><\/div>\n<div>\u00a0<\/div>\n<div><span style=\"color: #ffffff;\">1 Jahr, gerechnet ab Gefahr\u00fcbergang bzw. im Falle einer \u00dcbernahme durch den<\/span><\/div>\n<div>\u00a0<\/div>\n<div><span style=\"color: #ffffff;\">Spediteur, den Frachtf\u00fchrer oder durch die sonst zur Ausf\u00fchrung der Versendung<\/span><\/div>\n<div>\u00a0<\/div>\n<div><span style=\"color: #ffffff;\">bestimmten Person mit \u00dcbernahme durch diese. Die Verj\u00e4hrungsfrist des Satz 1 gilt<\/span><\/div>\n<div>\u00a0<\/div>\n<div><span style=\"color: #ffffff;\">auch bei Schadensersatzanspr\u00fcchen, die nicht mit einem Mangel in Zusammenhang<\/span><\/div>\n<div>\u00a0<\/div>\n<div><span style=\"color: #ffffff;\">stehen. Die Verj\u00e4hrungsfrist des Satz 1 gilt jedoch nicht in den F\u00e4llen des \u00a7 438 Abs. 1<\/span><\/div>\n<div>\u00a0<\/div>\n<div><span style=\"color: #ffffff;\">Nr. 1 BGB (Rechtsm\u00e4ngel bei unbeweglichen Sachen), \u00a7 438 Abs. 1 Nr. 2 BGB (Bauwerke,<\/span><\/div>\n<div>\u00a0<\/div>\n<div><span style=\"color: #ffffff;\">Sachen f\u00fcr Bauwerke), \u00a7 479 Abs. 1 BGB (R\u00fcckgriffsanspruch des Unternehmers) oder<\/span><\/div>\n<div>\u00a0<\/div>\n<div><span style=\"color: #ffffff;\">634a Abs. 1 Nr. 2 BGB (Bauwerke oder Werk, dessen Erfolg in der Erbringung von<\/span><\/div>\n<div>\u00a0<\/div>\n<div><span style=\"color: #ffffff;\">Planungs- oder \u00dcberwachungsleistungen hierf\u00fcr besteht). Die im vorstehenden Satz<\/span><\/div>\n<div>\u00a0<\/div>\n<div><span style=\"color: #ffffff;\">genannten Fristen unterliegen einer Verj\u00e4hrungsfrist von 3 Jahren. Die Anspr\u00fcche auf<\/span><\/div>\n<div>\u00a0<\/div>\n<div><span style=\"color: #ffffff;\">Minderung und die Aus\u00fcbung eines R\u00fccktrittrechts wegen M\u00e4ngel des Produkts sind<\/span><\/div>\n<div>\u00a0<\/div>\n<div><span style=\"color: #ffffff;\">ausgeschlossen, soweit der Nacherf\u00fcllungsanspruch verj\u00e4hrt ist.<\/span><\/div>\n<div>\u00a0<\/div>\n<div>\u00a0<\/div>\n<div>\u00a0<\/div>\n<div><span style=\"color: #ffffff;\">(8) Die Verj\u00e4hrungsfristen des Absatzes 7 gelten nicht im Falle des Vorsatzes, bei<\/span><\/div>\n<div>\u00a0<\/div>\n<div><span style=\"color: #ffffff;\">arglistigem Verschweigen von M\u00e4ngeln, bei Schadensersatzanspr\u00fcchen wegen<\/span><\/div>\n<div>\u00a0<\/div>\n<div><span style=\"color: #ffffff;\">Verletzung des K\u00f6rpers, des Lebens, der Gesundheit oder Freiheit, bei Anspr\u00fcchen nach<\/span><\/div>\n<div>\u00a0<\/div>\n<div><span style=\"color: #ffffff;\">dem Produkthaftungsgesetz, bei einer grob fahrl\u00e4ssigen Pflichtverletzung oder bei<\/span><\/div>\n<div>\u00a0<\/div>\n<div><span style=\"color: #ffffff;\">Verletzung wesentlicher Vertragspflichten.<\/span><\/div>\n<div>\u00a0<\/div>\n<div>\u00a0<\/div>\n<div>\u00a0<\/div>\n<div><span style=\"color: #ffffff;\">(9) Soweit unsere Haftung ausgeschlossen oder beschr\u00e4nkt ist, gilt es auch f\u00fcr die<\/span><\/div>\n<div>\u00a0<\/div>\n<div><span style=\"color: #ffffff;\">pers\u00f6nliche Haftung unserer Angestellten, Arbeitnehmer, Mitarbeiter, Vertreter und<\/span><\/div>\n<div>\u00a0<\/div>\n<div><span style=\"color: #ffffff;\">Erf\u00fcllungsgehilfen.<\/span><\/div>\n<div>\u00a0<\/div>\n<div><span style=\"color: #ffffff;\">Eigentumsvorbehalt<\/span><\/div>\n<div>\u00a0<\/div>\n<div>\u00a0<\/div>\n<div>\u00a0<\/div>\n<div><span style=\"color: #ffffff;\">(1) Wir behalten uns das Eigentum an s\u00e4mtlichen gelieferten Kaufsachen vor, bis der K\u00e4ufer<\/span><\/div>\n<div>\u00a0<\/div>\n<div><span style=\"color: #ffffff;\">alle gegenw\u00e4rtigen und k\u00fcnftig entstehenden Forderungen aus der Gesch\u00e4ftsverbindung<\/span><\/div>\n<div>\u00a0<\/div>\n<div><span style=\"color: #ffffff;\">bezahlt hat.<\/span><\/div>\n<div>\u00a0<\/div>\n<div>\u00a0<\/div>\n<div>\u00a0<\/div>\n<div><span style=\"color: #ffffff;\">(2) Bei vertragswidrigem Verhalten des K\u00e4ufers, insbesondere bei Zahlungsverzug,<\/span><\/div>\n<div>\u00a0<\/div>\n<div><span style=\"color: #ffffff;\">sind wir berechtigt, die gelieferte Kaufsache zur\u00fcckzunehmen. Der K\u00e4ufer stimmt<\/span><\/div>\n<div>\u00a0<\/div>\n<div><span style=\"color: #ffffff;\">einer R\u00fccknahme in diesem Falle schon jetzt zu. In der R\u00fccknahme liegt nur dann ein<\/span><\/div>\n<div>\u00a0<\/div>\n<div><span style=\"color: #ffffff;\">R\u00fccktritt vom Vertrag, wenn dies von uns ausdr\u00fccklich erkl\u00e4rt wird. Die uns durch die<\/span><\/div>\n<div>\u00a0<\/div>\n<div><span style=\"color: #ffffff;\">R\u00fccknahme entstehenden Kosten (insbesondere Transportkosten) gehen zu Lasten<\/span><\/div>\n<div>\u00a0<\/div>\n<div><span style=\"color: #ffffff;\">des K\u00e4ufers. Ferner sind wir berechtigt, dem K\u00e4ufer jede Weiterver\u00e4u\u00dferung oder<\/span><\/div>\n<div>\u00a0<\/div>\n<div><span style=\"color: #ffffff;\">Verarbeitung der unter Eigentumsvorbehalt gelieferten Kaufsache zu untersagen und<\/span><\/div>\n<div>\u00a0<\/div>\n<div><span style=\"color: #ffffff;\">die Einzugserm\u00e4chtigung (Absatz 5) zu widerrufen.<\/span><\/div>\n<div>\u00a0<\/div>\n<div>\u00a0<\/div>\n<div>\u00a0<\/div>\n<div><span style=\"color: #ffffff;\">(3) Der K\u00e4ufer ist verpflichtet, die gelieferte Kaufsache pfleglich zu behandeln;<\/span><\/div>\n<div>\u00a0<\/div>\n<div><span style=\"color: #ffffff;\">insbesondere ist er verpflichtet, diese auf eigene Kosten gegen Elementargewalten und<\/span><\/div>\n<div>\u00a0<\/div>\n<div><span style=\"color: #ffffff;\">Diebstahl ausreichend zum Neuwert zu versichern. Hieraus resultierende Anspr\u00fcche an<\/span><\/div>\n<div>\u00a0<\/div>\n<div><span style=\"color: #ffffff;\">die Versicherung wird bereits jetzt an uns abgetreten.<\/span><\/div>\n<div>\u00a0<\/div>\n<div>\u00a0<\/div>\n<div>\u00a0<\/div>\n<div><span style=\"color: #ffffff;\">(4) Der K\u00e4ufer darf die gelieferten Kaufsache und die an deren Stelle tretenden<\/span><\/div>\n<div>\u00a0<\/div>\n<div><span style=\"color: #ffffff;\">Forderungen weder verpf\u00e4nden bzw. zur Sicherung \u00fcbereignen noch abtreten. Bei<\/span><\/div>\n<div>\u00a0<\/div>\n<div><span style=\"color: #ffffff;\">Pf\u00e4ndungen oder sonstigen Eingriffen Dritter hat uns der K\u00e4ufer unverz\u00fcglich schriftlich<\/span><\/div>\n<div>\u00a0<\/div>\n<div><span style=\"color: #ffffff;\">zu benachrichtigen, damit wir Klage gem. \u00a7 771 ZPO erheben k\u00f6nnen. Uns trotz eines<\/span><\/div>\n<div>\u00a0<\/div>\n<div><span style=\"color: #ffffff;\">Obsiegens im Rechtsstreit nach \u00a7 771 ZPO verbleibende Kosten dieser Klage hat der<\/span><\/div>\n<div>\u00a0<\/div>\n<div><span style=\"color: #ffffff;\">K\u00e4ufer zu tragen.<\/span><\/div>\n<div>\u00a0<\/div>\n<div>\u00a0<\/div>\n<div>\u00a0<\/div>\n<div><span style=\"color: #ffffff;\">(5) Der K\u00e4ufer ist berechtigt, die Kaufsache im ordentlichen Gesch\u00e4ftsgang weiter zu<\/span><\/div>\n<div>\u00a0<\/div>\n<div><span style=\"color: #ffffff;\">verkaufen, zu verarbeiten oder zu vermischen. Dabei tritt er uns jedoch bereits jetzt<\/span><\/div>\n<div>\u00a0<\/div>\n<div><span style=\"color: #ffffff;\">alle Forderungen aus der Weiter-ver\u00e4u\u00dferung, der Verarbeitung, der Vermischung oder<\/span><\/div>\n<div>\u00a0<\/div>\n<div><span style=\"color: #ffffff;\">aus sonstigen Rechtsgr\u00fcnden (insbesondere aus den Sicherungen oder unerlaubten<\/span><\/div>\n<div>\u00a0<\/div>\n<div><span style=\"color: #ffffff;\">Handlungen) in H\u00f6he des mit uns vereinbarten Faktura-Endbetrages, inklusive<\/span><\/div>\n<div>\u00a0<\/div>\n<div><span style=\"color: #ffffff;\">Mehrwertsteuer ab. Zur Einziehung dieser Forderungen bleibt der K\u00e4ufer auch nach der<\/span><\/div>\n<div>\u00a0<\/div>\n<div><span style=\"color: #ffffff;\">Abtretung befugt, wobei unsere Befugnis, die Forderung selbst einzuziehen, unber\u00fchrt<\/span><\/div>\n<div>\u00a0<\/div>\n<div><span style=\"color: #ffffff;\">bleibt. Wir verpflichten uns jedoch, die Forderung nicht einzuziehen, solange der K\u00e4ufer<\/span><\/div>\n<div>\u00a0<\/div>\n<div><span style=\"color: #ffffff;\">seinen Zahlungsverpflichtungen aus den vereinnahmten Erl\u00f6sen nachkommt, nicht in<\/span><\/div>\n<div>\u00a0<\/div>\n<div><span style=\"color: #ffffff;\">Zahlungsverzug ist und kein Antrag auf Er\u00f6ffnung eines Insolvenzverfahrens gestellt ist<\/span><\/div>\n<div>\u00a0<\/div>\n<div><span style=\"color: #ffffff;\">oder Zahlungseinstellung vorliegt. Ist dies aber der Fall, hat der K\u00e4ufer uns auf Verlangen<\/span><\/div>\n<div>\u00a0<\/div>\n<div><span style=\"color: #ffffff;\">die abgetretenen Forderungen und den Schuldner bekannt zu geben, alle zum Einzug<\/span><\/div>\n<div>\u00a0<\/div>\n<div><span style=\"color: #ffffff;\">erforderlichen Angaben zu machen, die dazugeh\u00f6rigen Unterlagen auszuh\u00e4ndigen und<\/span><\/div>\n<div>\u00a0<\/div>\n<div><span style=\"color: #ffffff;\">dem Schuldner (Dritten) die Abtretung mitzuteilen. Die Einzugserm\u00e4chtigung kann von<\/span><\/div>\n<div>\u00a0<\/div>\n<div><span style=\"color: #ffffff;\">uns im Falle von Vertragsverletzungen (insbesondere Zahlungsverzug) durch den K\u00e4ufer<\/span><\/div>\n<div>\u00a0<\/div>\n<div><span style=\"color: #ffffff;\">widerrufen werden.<\/span><\/div>\n<div>\u00a0<\/div>\n<div>\u00a0<\/div>\n<div>\u00a0<\/div>\n<div><span style=\"color: #ffffff;\">(6) Der Eigentumsvorbehalt erstreckt sich auch auf die durch Verarbeitung, Vermischung<\/span><\/div>\n<div>\u00a0<\/div>\n<div><span style=\"color: #ffffff;\">oder Verbindung mit den von uns gelieferten Kaufsachen entstehenden Erzeugnissen<\/span><\/div>\n<div>\u00a0<\/div>\n<div><span style=\"color: #ffffff;\">zu deren vollem Wert. Bleibt bei einer Verarbeitung, Vermischung oder Verbindung mit Teilen<\/span><\/div>\n<div>\u00a0<\/div>\n<div><span style=\"color: #ffffff;\">Dritter deren Eigentumsrecht bestehen, so erwerben wir Miteigentum im Verh\u00e4ltnis der<\/span><\/div>\n<div>\u00a0<\/div>\n<div><span style=\"color: #ffffff;\">objektiven Werte dieser Teile.<\/span><\/div>\n<div>\u00a0<\/div>\n<div>\u00a0<\/div>\n<div>\u00a0<\/div>\n<div><span style=\"color: #ffffff;\">(7) Der K\u00e4ufer tritt uns auch die Forderungen zur Sicherung unserer Forderungen gegen<\/span><\/div>\n<div>\u00a0<\/div>\n<div><span style=\"color: #ffffff;\">ihn ab, die durch die Verbindung der gelieferten Kaufsache mit einem Grundst\u00fcck gegen einen<\/span><\/div>\n<div>\u00a0<\/div>\n<div><span style=\"color: #ffffff;\">Dritten erwachsen.<\/span><\/div>\n<div>\u00a0<\/div>\n<div>\u00a0<\/div>\n<div>\u00a0<\/div>\n<div><span style=\"color: #ffffff;\">(8) Die uns zustehenden Sicherheiten werden insoweit nicht erfasst, als der Wert unserer<\/span><\/div>\n<div>\u00a0<\/div>\n<div><span style=\"color: #ffffff;\">Sicherheiten den Nennwert der zu sichernden Forderungen um 20 % \u00fcbersteigt.<\/span><\/div>\n<div>\u00a0<\/div>\n<div>\u00a0<\/div>\n<div>\u00a0<\/div>\n<div><span style=\"color: #ffffff;\">Pauschalierter Schadensersatz<\/span><\/div>\n<div>\u00a0<\/div>\n<div>\u00a0<\/div>\n<div>\u00a0<\/div>\n<div><span style=\"color: #ffffff;\">Steht uns ein Schadensersatz- oder Wertminderungsanspruch gegen den K\u00e4ufer,<\/span><\/div>\n<div>\u00a0<\/div>\n<div><span style=\"color: #ffffff;\">gegen dessen Vertreter oder gegen dessen Erf\u00fcllungsgehilfen \u2013 gleich aus welchem<\/span><\/div>\n<div>\u00a0<\/div>\n<div><span style=\"color: #ffffff;\">Rechtsgrund \u2013 zu, sind wir berechtigt, 20 % der vereinbarten Verg\u00fctung ohne weiteren<\/span><\/div>\n<div>\u00a0<\/div>\n<div><span style=\"color: #ffffff;\">Nachweis als Schadensersatz oder Wertminderung zu verlangen. Die Geltendmachung<\/span><\/div>\n<div>\u00a0<\/div>\n<div><span style=\"color: #ffffff;\">eines h\u00f6heren Schadens oder einer h\u00f6heren Wertminderung bleibt vorbehalten. Dem<\/span><\/div>\n<div>\u00a0<\/div>\n<div><span style=\"color: #ffffff;\">K\u00e4ufer bleibt der Nachweis gestattet, dass ein Schaden oder eine Wertminderung<\/span><\/div>\n<div>\u00a0<\/div>\n<div><span style=\"color: #ffffff;\">\u00fcberhaupt nicht entstanden oder wesentlich niedriger ist, als die Pauschale.<\/span><\/div>\n<div>\u00a0<\/div>\n<div>\u00a0<\/div>\n<div>\u00a0<\/div>\n<div><span style=\"color: #ffffff;\">Schlussbestimmungen<\/span><\/div>\n<div>\u00a0<\/div>\n<div>\u00a0<\/div>\n<div>\u00a0<\/div>\n<div><span style=\"color: #ffffff;\">(1) Anzuwendendes Recht ist das nationale Recht der Bundesrepublik Deutschland unter<\/span><\/div>\n<div>\u00a0<\/div>\n<div><span style=\"color: #ffffff;\">Ausschluss des UN-\u00dcbereinkommens \u00fcber den internationalen Warenkauf (CISG).<\/span><\/div>\n<div>\u00a0<\/div>\n<div>\u00a0<\/div>\n<div>\u00a0<\/div>\n<div><span style=\"color: #ffffff;\">(2) Gerichtsstand und Erf\u00fcllungsort ist unser Gesch\u00e4ftssitz. Wir sind jedoch berechtigt,<\/span><\/div>\n<div>\u00a0<\/div>\n<div><span style=\"color: #ffffff;\">unsere Anspr\u00fcche auch an jedem anderen zust\u00e4ndigen Gerichtsstand geltend zu<\/span><\/div>\n<div>\u00a0<\/div>\n<div><span style=\"color: #ffffff;\">machen.<\/span><\/div>\n<div>\u00a0<\/div>\n<div>\u00a0<\/div>\n<div>\u00a0<\/div>\n<div><span style=\"color: #ffffff;\">(3) Sollten einzelne Bestimmungen ganz oder teilweise unwirksam sein oder werden, so<\/span><\/div>\n<div>\u00a0<\/div>\n<div><span style=\"color: #ffffff;\">wird hierdurch die G\u00fcltigkeit der \u00fcbrigen Bestimmungen nicht ber\u00fchrt.<\/span><\/div>\n<div>\u00a0<\/div>\n<div>\u00a0<\/div>\n<div>\u00a0<\/div>\n<div><span style=\"color: #ffffff;\">Stand: 02\/2022<\/span><\/div>\n\n\t\t<\/div>\n\t\t\t\t\t<\/div>\n\n\t\n\n<\/div>\n\n\t\t<\/div>\n\n\t\t\n<style>\n#section_1853693326 {\n  padding-top: 30px;\n  padding-bottom: 30px;\n  background-color: rgb(0,0,0);\n}\n<\/style>\n\t<\/section>\n\t\n\n\t<section class=\"section\" id=\"section_954590688\">\n\t\t<div class=\"section-bg fill\" >\n\t\t\t\t\t\t\t\t\t\n\t\t\t\n\n\t\t<\/div>\n\n\t\t\n\n\t\t<div class=\"section-content relative\">\n\t\t\t\n\n\t<div id=\"gap-1013501133\" class=\"gap-element clearfix\" style=\"display:block; height:auto;\">\n\t\t\n<style>\n#gap-1013501133 {\n  padding-top: 110px;\n}\n<\/style>\n\t<\/div>\n\t\n\n\n\t\t<\/div>\n\n\t\t\n<style>\n#section_954590688 {\n  padding-top: 30px;\n  padding-bottom: 30px;\n  background-color: rgb(0,0,0);\n}\n<\/style>\n\t<\/section>\n\t\n\n","protected":false},"excerpt":{"rendered":"","protected":false},"author":1,"featured_media":0,"parent":0,"menu_order":0,"comment_status":"closed","ping_status":"closed","template":"page-blank.php","meta":{"footnotes":""},"class_list":["post-1857","page","type-page","status-publish","hentry"],"yoast_head":"<!-- This site is optimized with the Yoast SEO plugin v27.1.1 - https:\/\/yoast.com\/product\/yoast-seo-wordpress\/ -->\n<title>Datenschutzerkl\u00e4rung - Intpro Mobility<\/title>\n<meta name=\"description\" content=\"Unsere Vision ist Ihre Chance. Die Agentur in OWL f\u00fcr moderne, preiswerte und responsive Websites.\" \/>\n<meta name=\"robots\" content=\"index, follow, max-snippet:-1, max-image-preview:large, max-video-preview:-1\" \/>\n<link rel=\"canonical\" href=\"https:\/\/intpro-handelsagentur.com\/intpro-mobility\/datenschutzerklaerung\/\" \/>\n<meta property=\"og:locale\" content=\"de_DE\" \/>\n<meta property=\"og:type\" content=\"article\" \/>\n<meta property=\"og:title\" content=\"Datenschutzerkl\u00e4rung - Intpro Mobility\" \/>\n<meta property=\"og:description\" content=\"Unsere Vision ist Ihre Chance. Die Agentur in OWL f\u00fcr moderne, preiswerte und responsive Websites.\" \/>\n<meta property=\"og:url\" content=\"https:\/\/intpro-handelsagentur.com\/intpro-mobility\/datenschutzerklaerung\/\" \/>\n<meta property=\"og:site_name\" content=\"Intpro Mobility\" \/>\n<meta property=\"article:modified_time\" content=\"2025-01-20T21:16:34+00:00\" \/>\n<meta name=\"twitter:card\" content=\"summary_large_image\" \/>\n<meta name=\"twitter:label1\" content=\"Gesch\u00e4tzte Lesezeit\" \/>\n\t<meta name=\"twitter:data1\" content=\"36\u00a0Minuten\" \/>\n<script type=\"application\/ld+json\" class=\"yoast-schema-graph\">{\"@context\":\"https:\/\/schema.org\",\"@graph\":[{\"@type\":\"WebPage\",\"@id\":\"https:\/\/intpro-handelsagentur.com\/intpro-mobility\/datenschutzerklaerung\/\",\"url\":\"https:\/\/intpro-handelsagentur.com\/intpro-mobility\/datenschutzerklaerung\/\",\"name\":\"Datenschutzerkl\u00e4rung - Intpro Mobility\",\"isPartOf\":{\"@id\":\"https:\/\/intpro-handelsagentur.com\/intpro-mobility\/#website\"},\"datePublished\":\"2023-08-07T14:16:00+00:00\",\"dateModified\":\"2025-01-20T21:16:34+00:00\",\"description\":\"Unsere Vision ist Ihre Chance. Die Agentur in OWL f\u00fcr moderne, preiswerte und responsive Websites.\",\"breadcrumb\":{\"@id\":\"https:\/\/intpro-handelsagentur.com\/intpro-mobility\/datenschutzerklaerung\/#breadcrumb\"},\"inLanguage\":\"de\",\"potentialAction\":[{\"@type\":\"ReadAction\",\"target\":[\"https:\/\/intpro-handelsagentur.com\/intpro-mobility\/datenschutzerklaerung\/\"]}]},{\"@type\":\"BreadcrumbList\",\"@id\":\"https:\/\/intpro-handelsagentur.com\/intpro-mobility\/datenschutzerklaerung\/#breadcrumb\",\"itemListElement\":[{\"@type\":\"ListItem\",\"position\":1,\"name\":\"Startseite\",\"item\":\"https:\/\/intpro-handelsagentur.com\/intpro-mobility\/\"},{\"@type\":\"ListItem\",\"position\":2,\"name\":\"Datenschutzerkl\u00e4rung\"}]},{\"@type\":\"WebSite\",\"@id\":\"https:\/\/intpro-handelsagentur.com\/intpro-mobility\/#website\",\"url\":\"https:\/\/intpro-handelsagentur.com\/intpro-mobility\/\",\"name\":\"Intpro Mobility\",\"description\":\"\",\"potentialAction\":[{\"@type\":\"SearchAction\",\"target\":{\"@type\":\"EntryPoint\",\"urlTemplate\":\"https:\/\/intpro-handelsagentur.com\/intpro-mobility\/?s={search_term_string}\"},\"query-input\":{\"@type\":\"PropertyValueSpecification\",\"valueRequired\":true,\"valueName\":\"search_term_string\"}}],\"inLanguage\":\"de\"}]}<\/script>\n<!-- \/ Yoast SEO plugin. -->","yoast_head_json":{"title":"Datenschutzerkl\u00e4rung - Intpro Mobility","description":"Unsere Vision ist Ihre Chance. Die Agentur in OWL f\u00fcr moderne, preiswerte und responsive Websites.","robots":{"index":"index","follow":"follow","max-snippet":"max-snippet:-1","max-image-preview":"max-image-preview:large","max-video-preview":"max-video-preview:-1"},"canonical":"https:\/\/intpro-handelsagentur.com\/intpro-mobility\/datenschutzerklaerung\/","og_locale":"de_DE","og_type":"article","og_title":"Datenschutzerkl\u00e4rung - Intpro Mobility","og_description":"Unsere Vision ist Ihre Chance. Die Agentur in OWL f\u00fcr moderne, preiswerte und responsive Websites.","og_url":"https:\/\/intpro-handelsagentur.com\/intpro-mobility\/datenschutzerklaerung\/","og_site_name":"Intpro Mobility","article_modified_time":"2025-01-20T21:16:34+00:00","twitter_card":"summary_large_image","twitter_misc":{"Gesch\u00e4tzte Lesezeit":"36\u00a0Minuten"},"schema":{"@context":"https:\/\/schema.org","@graph":[{"@type":"WebPage","@id":"https:\/\/intpro-handelsagentur.com\/intpro-mobility\/datenschutzerklaerung\/","url":"https:\/\/intpro-handelsagentur.com\/intpro-mobility\/datenschutzerklaerung\/","name":"Datenschutzerkl\u00e4rung - Intpro Mobility","isPartOf":{"@id":"https:\/\/intpro-handelsagentur.com\/intpro-mobility\/#website"},"datePublished":"2023-08-07T14:16:00+00:00","dateModified":"2025-01-20T21:16:34+00:00","description":"Unsere Vision ist Ihre Chance. Die Agentur in OWL f\u00fcr moderne, preiswerte und responsive Websites.","breadcrumb":{"@id":"https:\/\/intpro-handelsagentur.com\/intpro-mobility\/datenschutzerklaerung\/#breadcrumb"},"inLanguage":"de","potentialAction":[{"@type":"ReadAction","target":["https:\/\/intpro-handelsagentur.com\/intpro-mobility\/datenschutzerklaerung\/"]}]},{"@type":"BreadcrumbList","@id":"https:\/\/intpro-handelsagentur.com\/intpro-mobility\/datenschutzerklaerung\/#breadcrumb","itemListElement":[{"@type":"ListItem","position":1,"name":"Startseite","item":"https:\/\/intpro-handelsagentur.com\/intpro-mobility\/"},{"@type":"ListItem","position":2,"name":"Datenschutzerkl\u00e4rung"}]},{"@type":"WebSite","@id":"https:\/\/intpro-handelsagentur.com\/intpro-mobility\/#website","url":"https:\/\/intpro-handelsagentur.com\/intpro-mobility\/","name":"Intpro Mobility","description":"","potentialAction":[{"@type":"SearchAction","target":{"@type":"EntryPoint","urlTemplate":"https:\/\/intpro-handelsagentur.com\/intpro-mobility\/?s={search_term_string}"},"query-input":{"@type":"PropertyValueSpecification","valueRequired":true,"valueName":"search_term_string"}}],"inLanguage":"de"}]}},"_links":{"self":[{"href":"https:\/\/intpro-handelsagentur.com\/intpro-mobility\/wp-json\/wp\/v2\/pages\/1857","targetHints":{"allow":["GET"]}}],"collection":[{"href":"https:\/\/intpro-handelsagentur.com\/intpro-mobility\/wp-json\/wp\/v2\/pages"}],"about":[{"href":"https:\/\/intpro-handelsagentur.com\/intpro-mobility\/wp-json\/wp\/v2\/types\/page"}],"author":[{"embeddable":true,"href":"https:\/\/intpro-handelsagentur.com\/intpro-mobility\/wp-json\/wp\/v2\/users\/1"}],"replies":[{"embeddable":true,"href":"https:\/\/intpro-handelsagentur.com\/intpro-mobility\/wp-json\/wp\/v2\/comments?post=1857"}],"version-history":[{"count":6,"href":"https:\/\/intpro-handelsagentur.com\/intpro-mobility\/wp-json\/wp\/v2\/pages\/1857\/revisions"}],"predecessor-version":[{"id":2340,"href":"https:\/\/intpro-handelsagentur.com\/intpro-mobility\/wp-json\/wp\/v2\/pages\/1857\/revisions\/2340"}],"wp:attachment":[{"href":"https:\/\/intpro-handelsagentur.com\/intpro-mobility\/wp-json\/wp\/v2\/media?parent=1857"}],"curies":[{"name":"wp","href":"https:\/\/api.w.org\/{rel}","templated":true}]}}