{"id":1721,"date":"2023-08-07T10:47:08","date_gmt":"2023-08-07T08:47:08","guid":{"rendered":"http:\/\/intpro-handelsagentur.com\/intpro-mobility\/?page_id=1721"},"modified":"2025-10-01T10:29:50","modified_gmt":"2025-10-01T08:29:50","slug":"fahrgastraum-fuehrerstand-sonnenschutzrollos-2","status":"publish","type":"page","link":"https:\/\/intpro-handelsagentur.com\/intpro-mobility\/fahrgastraum-fuehrerstand-sonnenschutzrollos-2\/","title":{"rendered":"Fahrgastraum &#038; F\u00fchrerstand Sonnenschutzrollos"},"content":{"rendered":"\n\n\t<section class=\"section\" id=\"section_172245382\">\n\t\t<div class=\"section-bg fill\" >\n\t\t\t\t\t\t\t\t\t<button class=\"scroll-for-more z-5 icon absolute bottom h-center\" aria-label=\"Scrollen f\u00fcr mehr\"><i class=\"icon-angle-down\" style=\"font-size:42px;\" ><\/i><\/button>\n\t\t\t\n\n\t\t<\/div>\n\n\t\t\n\n\t\t<div class=\"section-content relative\">\n\t\t\t\n\n<div class=\"row row-full-width align-middle\"  id=\"row-692590685\">\n\n\n\t<div id=\"col-1219406305\" class=\"col medium-12 small-12 large-6\"  >\n\t\t\t\t<div class=\"col-inner text-left\"  >\n\t\t\t\n\t\t\t\n\n\t<div id=\"text-972478541\" class=\"text\">\n\t\t\n\n<h3><span style=\"color: #ffffff;\">PRODUKTE<\/span><\/h3>\n\t\t\n<style>\n#text-972478541 {\n  font-size: 1.3rem;\n}\n<\/style>\n\t<\/div>\n\t\n<div class=\"is-divider divider clearfix\" style=\"max-width:241px;background-color:rgb(255, 244, 28);\"><\/div>\n\n\t<div id=\"text-4255137348\" class=\"text\">\n\t\t\n\n<h1><span style=\"color: #ffffff;\">Sonnenschutzrollos im Fahrgastraum &#038; F\u00fchrerstand<\/span><\/h1>\n\t\t\n<style>\n#text-4255137348 {\n  font-size: 1.45rem;\n}\n@media (min-width:550px) {\n  #text-4255137348 {\n    font-size: 2.3rem;\n  }\n}\n<\/style>\n\t<\/div>\n\t\n\t<div id=\"text-2959338530\" class=\"text\">\n\t\t\n\n<p>Entdecken Sie hochwertige Sonnenschutzrollos f\u00fcr Fahrgastraum und F\u00fchrerstand \u2013 die ideale L\u00f6sung f\u00fcr Busse, Bahnen und Sonderfahrzeuge, um Komfort, Sicherheit und Langlebigkeit zu gew\u00e4hrleisten.<\/p>\n\t\t\n<style>\n#text-2959338530 {\n  font-size: 1.5rem;\n  color: rgb(255,255,255);\n}\n#text-2959338530 > * {\n  color: rgb(255,255,255);\n}\n<\/style>\n\t<\/div>\n\t\n\n\t\t<\/div>\n\t\t\t\t\n<style>\n#col-1219406305 > .col-inner {\n  margin: 0 0px 0px 0px;\n}\n@media (min-width:550px) {\n  #col-1219406305 > .col-inner {\n    margin: 0 0px 0px 0px;\n  }\n}\n@media (min-width:850px) {\n  #col-1219406305 > .col-inner {\n    margin: 0px 0px 0px 0px;\n  }\n}\n<\/style>\n\t<\/div>\n\n\t\n\n\t<div id=\"col-242315143\" class=\"col hide-for-medium medium-6 small-12 large-6\"  >\n\t\t\t\t<div class=\"col-inner\"  >\n\t\t\t\n\t\t\t\n\n\t<div class=\"img has-hover x md-x lg-x y md-y lg-y\" id=\"image_1496560632\">\n\t\t\t\t\t\t\t\t<div class=\"img-inner image-cover dark\" style=\"padding-top:600px;\">\n\t\t\t<img loading=\"lazy\" decoding=\"async\" width=\"2560\" height=\"1463\" src=\"https:\/\/intpro-handelsagentur.com\/intpro-mobility\/wp-content\/uploads\/2023\/08\/Sonnenschutzrollos_Beschattungsrollos_Verdunklungsrollos_IntPro-mobility-29-scaled-1.jpg\" class=\"attachment-original size-original\" alt=\"\" srcset=\"https:\/\/intpro-handelsagentur.com\/intpro-mobility\/wp-content\/uploads\/2023\/08\/Sonnenschutzrollos_Beschattungsrollos_Verdunklungsrollos_IntPro-mobility-29-scaled-1.jpg 2560w, https:\/\/intpro-handelsagentur.com\/intpro-mobility\/wp-content\/uploads\/2023\/08\/Sonnenschutzrollos_Beschattungsrollos_Verdunklungsrollos_IntPro-mobility-29-scaled-1-300x171.jpg 300w, https:\/\/intpro-handelsagentur.com\/intpro-mobility\/wp-content\/uploads\/2023\/08\/Sonnenschutzrollos_Beschattungsrollos_Verdunklungsrollos_IntPro-mobility-29-scaled-1-1024x585.jpg 1024w, https:\/\/intpro-handelsagentur.com\/intpro-mobility\/wp-content\/uploads\/2023\/08\/Sonnenschutzrollos_Beschattungsrollos_Verdunklungsrollos_IntPro-mobility-29-scaled-1-768x439.jpg 768w, https:\/\/intpro-handelsagentur.com\/intpro-mobility\/wp-content\/uploads\/2023\/08\/Sonnenschutzrollos_Beschattungsrollos_Verdunklungsrollos_IntPro-mobility-29-scaled-1-1536x878.jpg 1536w, https:\/\/intpro-handelsagentur.com\/intpro-mobility\/wp-content\/uploads\/2023\/08\/Sonnenschutzrollos_Beschattungsrollos_Verdunklungsrollos_IntPro-mobility-29-scaled-1-2048x1170.jpg 2048w\" sizes=\"auto, (max-width: 2560px) 100vw, 2560px\" \/>\t\t\t\t\t\t\n\t\t\t\t\t<\/div>\n\t\t\t\t\t\t\t\t\n<style>\n#image_1496560632 {\n  width: 100%;\n}\n<\/style>\n\t<\/div>\n\t\n\n\n\t\t<\/div>\n\t\t\t\t\t<\/div>\n\n\t\n\n<\/div>\n\t<div id=\"gap-1426108632\" class=\"gap-element clearfix\" style=\"display:block; height:auto;\">\n\t\t\n<style>\n#gap-1426108632 {\n  padding-top: 50px;\n}\n<\/style>\n\t<\/div>\n\t\n\n\n\t\t<\/div>\n\n\t\t\n<style>\n#section_172245382 {\n  padding-top: 30px;\n  padding-bottom: 30px;\n  background-color: rgb(0,0,0);\n}\n<\/style>\n\t<\/section>\n\t\n\n\t<section class=\"section\" id=\"section_392916337\">\n\t\t<div class=\"section-bg fill\" >\n\t\t\t\t\t\t\t\t\t\n\t\t\t\n\n\t\t<\/div>\n\n\t\t\n\n\t\t<div class=\"section-content relative\">\n\t\t\t\n\n<div class=\"row row-full-width\"  id=\"row-436423593\">\n\n\n\t<div id=\"col-1988939503\" class=\"col medium-12 small-12 large-5\"  >\n\t\t\t\t<div class=\"col-inner\"  >\n\t\t\t\n\t\t\t\n\n<div class=\"slider-wrapper relative\" id=\"slider-1928208322\" >\n    <div class=\"slider slider-nav-circle slider-nav-large slider-nav-light slider-style-normal\"\n        data-flickity-options='{\n            \"cellAlign\": \"center\",\n            \"imagesLoaded\": true,\n            \"lazyLoad\": 1,\n            \"freeScroll\": false,\n            \"wrapAround\": true,\n            \"autoPlay\": 3000,\n            \"pauseAutoPlayOnHover\" : true,\n            \"prevNextButtons\": true,\n            \"contain\" : true,\n            \"adaptiveHeight\" : true,\n            \"dragThreshold\" : 10,\n            \"percentPosition\": true,\n            \"pageDots\": true,\n            \"rightToLeft\": false,\n            \"draggable\": true,\n            \"selectedAttraction\": 0.1,\n            \"parallax\" : 0,\n            \"friction\": 0.6        }'\n        >\n        \n\n\t<div class=\"img has-hover x md-x lg-x y md-y lg-y\" id=\"image_1003945846\">\n\t\t<a class=\"image-lightbox lightbox-gallery\" title=\"\" href=\"https:\/\/intpro-handelsagentur.com\/intpro-mobility\/wp-content\/uploads\/2023\/08\/Sonnenschutzrollos_Beschattungsrollos_Verdunklungsrollos_IntPro-mobility-6.JPG-scaled-1-1024x768.jpg\">\t\t\t\t\t\t<div class=\"img-inner dark\" >\n\t\t\t<img loading=\"lazy\" decoding=\"async\" width=\"1020\" height=\"765\" src=\"https:\/\/intpro-handelsagentur.com\/intpro-mobility\/wp-content\/uploads\/2023\/08\/Sonnenschutzrollos_Beschattungsrollos_Verdunklungsrollos_IntPro-mobility-6.JPG-scaled-1-1024x768.jpg\" class=\"attachment-large size-large\" alt=\"\" srcset=\"https:\/\/intpro-handelsagentur.com\/intpro-mobility\/wp-content\/uploads\/2023\/08\/Sonnenschutzrollos_Beschattungsrollos_Verdunklungsrollos_IntPro-mobility-6.JPG-scaled-1-1024x768.jpg 1024w, https:\/\/intpro-handelsagentur.com\/intpro-mobility\/wp-content\/uploads\/2023\/08\/Sonnenschutzrollos_Beschattungsrollos_Verdunklungsrollos_IntPro-mobility-6.JPG-scaled-1-300x225.jpg 300w, https:\/\/intpro-handelsagentur.com\/intpro-mobility\/wp-content\/uploads\/2023\/08\/Sonnenschutzrollos_Beschattungsrollos_Verdunklungsrollos_IntPro-mobility-6.JPG-scaled-1-768x576.jpg 768w, https:\/\/intpro-handelsagentur.com\/intpro-mobility\/wp-content\/uploads\/2023\/08\/Sonnenschutzrollos_Beschattungsrollos_Verdunklungsrollos_IntPro-mobility-6.JPG-scaled-1-1536x1152.jpg 1536w, https:\/\/intpro-handelsagentur.com\/intpro-mobility\/wp-content\/uploads\/2023\/08\/Sonnenschutzrollos_Beschattungsrollos_Verdunklungsrollos_IntPro-mobility-6.JPG-scaled-1-2048x1536.jpg 2048w\" sizes=\"auto, (max-width: 1020px) 100vw, 1020px\" \/>\t\t\t\t\t\t\n\t\t\t\t\t<\/div>\n\t\t\t\t\t\t<\/a>\t\t\n<style>\n#image_1003945846 {\n  width: 100%;\n}\n<\/style>\n\t<\/div>\n\t\n\n\t<div class=\"img has-hover x md-x lg-x y md-y lg-y\" id=\"image_774154046\">\n\t\t<a class=\"image-lightbox lightbox-gallery\" title=\"\" href=\"https:\/\/intpro-handelsagentur.com\/intpro-mobility\/wp-content\/uploads\/2023\/08\/Sonnenschutzrollos_Beschattungsrollos_Verdunklungsrollos_IntPro-mobility-7-1024x768.jpg\">\t\t\t\t\t\t<div class=\"img-inner dark\" >\n\t\t\t<img loading=\"lazy\" decoding=\"async\" width=\"1020\" height=\"765\" src=\"https:\/\/intpro-handelsagentur.com\/intpro-mobility\/wp-content\/uploads\/2023\/08\/Sonnenschutzrollos_Beschattungsrollos_Verdunklungsrollos_IntPro-mobility-7-1024x768.jpg\" class=\"attachment-large size-large\" alt=\"\" srcset=\"https:\/\/intpro-handelsagentur.com\/intpro-mobility\/wp-content\/uploads\/2023\/08\/Sonnenschutzrollos_Beschattungsrollos_Verdunklungsrollos_IntPro-mobility-7-1024x768.jpg 1024w, https:\/\/intpro-handelsagentur.com\/intpro-mobility\/wp-content\/uploads\/2023\/08\/Sonnenschutzrollos_Beschattungsrollos_Verdunklungsrollos_IntPro-mobility-7-300x225.jpg 300w, https:\/\/intpro-handelsagentur.com\/intpro-mobility\/wp-content\/uploads\/2023\/08\/Sonnenschutzrollos_Beschattungsrollos_Verdunklungsrollos_IntPro-mobility-7-768x576.jpg 768w, https:\/\/intpro-handelsagentur.com\/intpro-mobility\/wp-content\/uploads\/2023\/08\/Sonnenschutzrollos_Beschattungsrollos_Verdunklungsrollos_IntPro-mobility-7-1536x1152.jpg 1536w, https:\/\/intpro-handelsagentur.com\/intpro-mobility\/wp-content\/uploads\/2023\/08\/Sonnenschutzrollos_Beschattungsrollos_Verdunklungsrollos_IntPro-mobility-7.jpg 2048w\" sizes=\"auto, (max-width: 1020px) 100vw, 1020px\" \/>\t\t\t\t\t\t\n\t\t\t\t\t<\/div>\n\t\t\t\t\t\t<\/a>\t\t\n<style>\n#image_774154046 {\n  width: 100%;\n}\n<\/style>\n\t<\/div>\n\t\n\n\t<div class=\"img has-hover x md-x lg-x y md-y lg-y\" id=\"image_407481304\">\n\t\t<a class=\"image-lightbox lightbox-gallery\" title=\"\" href=\"https:\/\/intpro-handelsagentur.com\/intpro-mobility\/wp-content\/uploads\/2023\/08\/Sonnenschutzrollos_Beschattungsrollos_Verdunklungsrollos_IntPro-mobility-27.JPG-scaled-1-1024x768.jpg\">\t\t\t\t\t\t<div class=\"img-inner dark\" >\n\t\t\t<img loading=\"lazy\" decoding=\"async\" width=\"1020\" height=\"765\" src=\"https:\/\/intpro-handelsagentur.com\/intpro-mobility\/wp-content\/uploads\/2023\/08\/Sonnenschutzrollos_Beschattungsrollos_Verdunklungsrollos_IntPro-mobility-27.JPG-scaled-1-1024x768.jpg\" class=\"attachment-large size-large\" alt=\"\" srcset=\"https:\/\/intpro-handelsagentur.com\/intpro-mobility\/wp-content\/uploads\/2023\/08\/Sonnenschutzrollos_Beschattungsrollos_Verdunklungsrollos_IntPro-mobility-27.JPG-scaled-1-1024x768.jpg 1024w, https:\/\/intpro-handelsagentur.com\/intpro-mobility\/wp-content\/uploads\/2023\/08\/Sonnenschutzrollos_Beschattungsrollos_Verdunklungsrollos_IntPro-mobility-27.JPG-scaled-1-300x225.jpg 300w, https:\/\/intpro-handelsagentur.com\/intpro-mobility\/wp-content\/uploads\/2023\/08\/Sonnenschutzrollos_Beschattungsrollos_Verdunklungsrollos_IntPro-mobility-27.JPG-scaled-1-768x576.jpg 768w, https:\/\/intpro-handelsagentur.com\/intpro-mobility\/wp-content\/uploads\/2023\/08\/Sonnenschutzrollos_Beschattungsrollos_Verdunklungsrollos_IntPro-mobility-27.JPG-scaled-1-1536x1152.jpg 1536w, https:\/\/intpro-handelsagentur.com\/intpro-mobility\/wp-content\/uploads\/2023\/08\/Sonnenschutzrollos_Beschattungsrollos_Verdunklungsrollos_IntPro-mobility-27.JPG-scaled-1-2048x1536.jpg 2048w\" sizes=\"auto, (max-width: 1020px) 100vw, 1020px\" \/>\t\t\t\t\t\t\n\t\t\t\t\t<\/div>\n\t\t\t\t\t\t<\/a>\t\t\n<style>\n#image_407481304 {\n  width: 100%;\n}\n<\/style>\n\t<\/div>\n\t\n\n\t<div class=\"img has-hover x md-x lg-x y md-y lg-y\" id=\"image_543032731\">\n\t\t<a class=\"image-lightbox lightbox-gallery\" title=\"\" href=\"https:\/\/intpro-handelsagentur.com\/intpro-mobility\/wp-content\/uploads\/2023\/08\/Sonnenschutzrollos_Beschattungsrollos_Verdunklungsrollos_IntPro-mobility-24.JPG-scaled-1-1024x768.jpg\">\t\t\t\t\t\t<div class=\"img-inner dark\" >\n\t\t\t<img loading=\"lazy\" decoding=\"async\" width=\"1020\" height=\"765\" src=\"https:\/\/intpro-handelsagentur.com\/intpro-mobility\/wp-content\/uploads\/2023\/08\/Sonnenschutzrollos_Beschattungsrollos_Verdunklungsrollos_IntPro-mobility-24.JPG-scaled-1-1024x768.jpg\" class=\"attachment-large size-large\" alt=\"\" srcset=\"https:\/\/intpro-handelsagentur.com\/intpro-mobility\/wp-content\/uploads\/2023\/08\/Sonnenschutzrollos_Beschattungsrollos_Verdunklungsrollos_IntPro-mobility-24.JPG-scaled-1-1024x768.jpg 1024w, https:\/\/intpro-handelsagentur.com\/intpro-mobility\/wp-content\/uploads\/2023\/08\/Sonnenschutzrollos_Beschattungsrollos_Verdunklungsrollos_IntPro-mobility-24.JPG-scaled-1-300x225.jpg 300w, https:\/\/intpro-handelsagentur.com\/intpro-mobility\/wp-content\/uploads\/2023\/08\/Sonnenschutzrollos_Beschattungsrollos_Verdunklungsrollos_IntPro-mobility-24.JPG-scaled-1-768x576.jpg 768w, https:\/\/intpro-handelsagentur.com\/intpro-mobility\/wp-content\/uploads\/2023\/08\/Sonnenschutzrollos_Beschattungsrollos_Verdunklungsrollos_IntPro-mobility-24.JPG-scaled-1-1536x1152.jpg 1536w, https:\/\/intpro-handelsagentur.com\/intpro-mobility\/wp-content\/uploads\/2023\/08\/Sonnenschutzrollos_Beschattungsrollos_Verdunklungsrollos_IntPro-mobility-24.JPG-scaled-1-2048x1536.jpg 2048w\" sizes=\"auto, (max-width: 1020px) 100vw, 1020px\" \/>\t\t\t\t\t\t\n\t\t\t\t\t<\/div>\n\t\t\t\t\t\t<\/a>\t\t\n<style>\n#image_543032731 {\n  width: 100%;\n}\n<\/style>\n\t<\/div>\n\t\n\n\n     <\/div>\n\n     <div class=\"loading-spin dark large centered\"><\/div>\n\n\t<\/div>\n\n\n\n\t\t<\/div>\n\t\t\t\t\t<\/div>\n\n\t\n\n\t<div id=\"col-624632822\" class=\"col medium-12 small-12 large-7\"  >\n\t\t\t\t<div class=\"col-inner\"  >\n\t\t\t\n\t\t\t\n\n<h1><span style=\"color: #ffff00;\">Sonnenschutz- &amp; F\u00fchrerstandrollos<br \/><\/span><\/h1>\n\t<div id=\"text-759770787\" class=\"text\">\n\t\t\n\n<p>Unsere Sonnenschutzrollos und F\u00fchrerstandrollos sind speziell f\u00fcr den Einsatz im Fahrzeugbau entwickelt und erf\u00fcllen h\u00f6chste Anforderungen im \u00f6ffentlichen Verkehr sowie im Sonderfahrzeugbau. Ob Erstausstattung, Spezialanfertigung oder Ersatzrollos \u2013 wir bieten Ihnen ma\u00dfgeschneiderte L\u00f6sungen, die sich optimal in Ihre Fahrzeuge integrieren lassen. Unterschiedliche F\u00fchrungssysteme und Stoffvarianten erm\u00f6glichen eine flexible Anpassung an den jeweiligen Einsatzzweck: von der effektiven Beschattung bis hin zur vollst\u00e4ndigen Verdunklung.<\/p>\n<p>In modernen Bussen, Bahnen und Sonderfahrzeugen spielt der Schutz vor Sonneneinstrahlung eine entscheidende Rolle. Blendendes Licht kann die Sicht des Fahrpersonals beeintr\u00e4chtigen und somit die Sicherheit gef\u00e4hrden. Gleichzeitig f\u00fchrt direkte Sonneneinstrahlung zu einer starken Erw\u00e4rmung des Innenraums, was den Komfort f\u00fcr Fahrg\u00e4ste erheblich mindert. Unsere Sonnenschutzsysteme bieten hier die ideale L\u00f6sung: Sie reduzieren Blendung, Hitze und UV-Strahlung, sorgen f\u00fcr eine angenehme Temperatur und tragen so zu einem komfortablen und sicheren Fahrerlebnis bei.<\/p>\n<p>Unsere Sonnenschutzrollos sind aus hochwertigen Materialien gefertigt, die speziell f\u00fcr den intensiven Einsatz im \u00d6PNV und im Sonderfahrzeugbereich konzipiert wurden. Sie sind robust, wartungsarm und \u00fcberzeugen durch eine lange Lebensdauer \u2013 selbst unter extremen Bedingungen. Die Bedienung ist einfach und benutzerfreundlich: W\u00e4hlen Sie zwischen manueller Steuerung oder motorisierten Systemen f\u00fcr maximalen Komfort. Das sanfte, ger\u00e4uscharme Auf- und Abrollen sorgt f\u00fcr eine reibungslose Handhabung und eine angenehme Fahrt.<\/p>\n<p>Neben der Funktionalit\u00e4t legen wir gro\u00dfen Wert auf ein ansprechendes Design. Unsere Rollos sind in verschiedenen Gr\u00f6\u00dfen, Farben und Stoffqualit\u00e4ten erh\u00e4ltlich, sodass sie sich harmonisch in jede Fahrzeugeinrichtung einf\u00fcgen. Ob f\u00fcr Linien- und Reisebusse, Stra\u00dfenbahnen, Z\u00fcge oder Sonderfahrzeuge \u2013 wir liefern die passende L\u00f6sung f\u00fcr Ihre Anforderungen.<\/p>\n<p>Unsere Systeme bieten nicht nur Schutz vor Sonne und Hitze, sondern auch ein Plus an Privatsph\u00e4re. Sie verhindern unerw\u00fcnschte Einblicke von au\u00dfen und schaffen so eine ruhige, entspannte Umgebung f\u00fcr Fahrg\u00e4ste und Fahrpersonal. Dies tr\u00e4gt ma\u00dfgeblich zur Zufriedenheit und zum Wohlbefinden bei.<\/p>\n<p>Ihre Vorteile auf einen Blick:<\/p>\n<ul>\n<li>Maximale Sicherheit: Weniger Blendung f\u00fcr Fahrer und Passagiere.<\/li>\n<li>Komfortsteigerung: Angenehme Temperaturen im Innenraum.<\/li>\n<li>Individuelle Anpassung: Ma\u00dfgeschneiderte L\u00f6sungen f\u00fcr jedes Fahrzeug.<\/li>\n<li>Hohe Wirtschaftlichkeit: Wartungsarm und langlebig f\u00fcr geringen Betriebskostenaufwand.<\/li>\n<\/ul>\n\t\t\n<style>\n#text-759770787 {\n  color: rgb(255,255,255);\n}\n#text-759770787 > * {\n  color: rgb(255,255,255);\n}\n<\/style>\n\t<\/div>\n\t\n\t<div id=\"text-3582662565\" class=\"text\">\n\t\t\n\n<div id=\"about\" class=\"et_pb_with_border et_pb_section et_pb_section_1 et_pb_with_background et_section_regular\">\n<div class=\"et_pb_row et_pb_row_1 et_pb_equal_columns et_pb_gutters3\">\n<div class=\"et_pb_column et_pb_column_1_2 et_pb_column_3  et_pb_css_mix_blend_mode_passthrough et-last-child\">\n<div class=\"et_pb_with_border et_pb_module et_pb_text et_pb_text_4  et_pb_text_align_left et_pb_bg_layout_dark\">\n<div class=\"et_pb_text_inner\">\n<blockquote>\n<p><span style=\"color: #ffffff;\"><strong>Einsatzgebiet:<\/strong>\u00a0Busse, Bahnen, Z\u00fcge, Lokomotiven, Triebfahrzeuge, Spezialfahrzeuge, Schiffe, Yachten, LKW, Nutzfahrzeuge, Landmaschinen, Baumaschinen, Automobile und Luftfahrzeuge.<\/span><\/p>\n<p><span style=\"color: #ffffff;\"><strong>Verwendung:<\/strong>\u00a0Erstausstattung, Nachr\u00fcstung, Instandhaltung, Umr\u00fcstung, Modernisierung, Sonderanfertigung und Spezialausstattungen.<\/span><\/p>\n<p><span style=\"color: #ffffff;\"><strong>Brandschutz:<\/strong>\u00a0EN 45545-2 HL2 bis HL3, ECE-R118 und weitere spezifische Normen auf Anfrage.<\/span><\/p>\n<\/blockquote>\n<\/div>\n<\/div>\n<\/div>\n<\/div>\n<\/div>\n\t\t\n<style>\n#text-3582662565 {\n  font-size: 0.95rem;\n}\n<\/style>\n\t<\/div>\n\t\n\t<div id=\"text-3556482262\" class=\"text\">\n\t\t\n\n<p><strong><a style=\"color:var(--primary-color);\" target=\"blank\" href=\"https:\/\/intpro-handelsagentur.com\/intpro-mobility\/wp-content\/uploads\/2025\/02\/Referenz-Sonnenschutzrollos-Fuehrerstand-Sonderanfertigung.pdf\">Sonderanfertigung im F\u00fchrerstand <\/a><\/strong>\u00a0<\/p>\n\t\t\n<style>\n#text-3556482262 {\n  font-size: 0.95rem;\n}\n<\/style>\n\t<\/div>\n\t\n\t<div id=\"text-1581010583\" class=\"text\">\n\t\t\n\n<p><strong><a style=\"color:var(--primary-color);\" target=\"blank\" href=\"https:\/\/intpro-handelsagentur.com\/intpro-mobility\/produktschulung-montage-demontageservice\/\">Produktschulung &#038; Montageservice <\/a><\/strong>\u00a0<\/p>\n\t\t\n<style>\n#text-1581010583 {\n  font-size: 0.95rem;\n}\n<\/style>\n\t<\/div>\n\t\n\t<div id=\"text-1994190579\" class=\"text\">\n\t\t\n\n<p><strong><a style=\"color:var(--primary-color);\" target=\"blank\" href=\"https:\/\/intpro-handelsagentur.com\/intpro-mobility\/lagerhaltung-logistik-2\/\">Lagerhaltung &#038; Logistik <\/a><\/strong>\u00a0<\/p>\n\t\t\n<style>\n#text-1994190579 {\n  font-size: 0.95rem;\n}\n<\/style>\n\t<\/div>\n\t\n\t<div id=\"text-2710104908\" class=\"text\">\n\t\t\n\n<p><strong><a style=\"color:var(--primary-color);\" target=\"blank\" href=\"https:\/\/intpro-handelsagentur.com\/intpro-mobility\/abwicklung-von-brandschutzpruefungen\/\">Brandschutzpr\u00fcfungen<\/a><\/strong>\u00a0<\/p>\n\t\t\n<style>\n#text-2710104908 {\n  font-size: 0.95rem;\n}\n<\/style>\n\t<\/div>\n\t\n\n\t\t<\/div>\n\t\t\t\t\t<\/div>\n\n\t\n\n<\/div>\n<div class=\"row row-full-width align-middle align-center\"  id=\"row-1108253128\">\n\n\n\t<div id=\"col-1916312750\" class=\"col medium-12 small-12 large-8\"  >\n\t\t\t\t<div class=\"col-inner\"  >\n\t\t\t\n\t\t\t\n\n\t<div id=\"gap-1013300876\" class=\"gap-element clearfix\" style=\"display:block; height:auto;\">\n\t\t\n<style>\n#gap-1013300876 {\n  padding-top: 110px;\n}\n<\/style>\n\t<\/div>\n\t\n\n\t<div id=\"text-1127867260\" class=\"text\">\n\t\t\n\n<h2>FAQ \u2013 H\u00e4ufig gestellte Fragen:<\/h2>\n\t\t\n<style>\n#text-1127867260 {\n  color: #ffffff;\n}\n#text-1127867260 > * {\n  color: #ffffff;\n}\n<\/style>\n\t<\/div>\n\t\n<div class=\"accordion\">\n\n\t<div id=\"accordion-414304926\" class=\"accordion-item\">\n\t\t<a id=\"accordion-414304926-label\" class=\"accordion-title plain\" href=\"#accordion-item-welche-vorteile-bieten-sonnenschutzrollos-f\u00fcr-fahrgastraum-und-f\u00fchrerstand?\" aria-expanded=\"false\" aria-controls=\"accordion-414304926-content\" >\n\t\t\t<button class=\"toggle\" aria-label=\"Umschalten\"><i class=\"icon-angle-down\"><\/i><\/button>\n\t\t\t<span>Welche Vorteile bieten Sonnenschutzrollos f\u00fcr Fahrgastraum und F\u00fchrerstand?<\/span>\n\t\t<\/a>\n\t\t<div id=\"accordion-414304926-content\" class=\"accordion-inner\" aria-labelledby=\"accordion-414304926-label\" >\n\t\t\t\n\n\t<div id=\"text-656420631\" class=\"text\">\n\t\t\n\n<p>Unsere Sonnenschutzrollos sch\u00fctzen vor direkter Sonneneinstrahlung, reduzieren die Innenraumtemperatur und verhindern Blendung. Das sorgt f\u00fcr mehr Sicherheit im F\u00fchrerstand und erh\u00f6ht den Komfort f\u00fcr Fahrg\u00e4ste. Besonders in\u00a0<strong>Bussen, Bahnen und Sonderfahrzeugen<\/strong>\u00a0sind diese Vorteile entscheidend f\u00fcr den t\u00e4glichen Betrieb.<\/p>\n\t\t\n<style>\n#text-656420631 {\n  color: rgb(255,255,255);\n}\n#text-656420631 > * {\n  color: rgb(255,255,255);\n}\n<\/style>\n\t<\/div>\n\t\n\n\t\t<\/div>\n\t<\/div>\n\t\n\t<div id=\"accordion-885707978\" class=\"accordion-item\">\n\t\t<a id=\"accordion-885707978-label\" class=\"accordion-title plain\" href=\"#accordion-item-sind-die-sonnenschutzrollos-f\u00fcr-alle-fahrzeugtypen-geeignet?\" aria-expanded=\"false\" aria-controls=\"accordion-885707978-content\" >\n\t\t\t<button class=\"toggle\" aria-label=\"Umschalten\"><i class=\"icon-angle-down\"><\/i><\/button>\n\t\t\t<span>Sind die Sonnenschutzrollos f\u00fcr alle Fahrzeugtypen geeignet?<\/span>\n\t\t<\/a>\n\t\t<div id=\"accordion-885707978-content\" class=\"accordion-inner\" aria-labelledby=\"accordion-885707978-label\" >\n\t\t\t\n\n\t<div id=\"text-1174726508\" class=\"text\">\n\t\t\n\n<p>Ja, unsere Sonnenschutzsysteme sind flexibel anpassbar und k\u00f6nnen in Linien- und Reisebussen, Stra\u00dfenbahnen, Z\u00fcgen sowie im Sonderfahrzeugbau eingesetzt werden. Wir bieten ma\u00dfgeschneiderte L\u00f6sungen f\u00fcr OEMs, Werkst\u00e4tten und Betreiber.<\/p>\n\t\t\n<style>\n#text-1174726508 {\n  color: rgb(255,255,255);\n}\n#text-1174726508 > * {\n  color: rgb(255,255,255);\n}\n<\/style>\n\t<\/div>\n\t\n\n\t\t<\/div>\n\t<\/div>\n\t\n\t<div id=\"accordion-3088079607\" class=\"accordion-item\">\n\t\t<a id=\"accordion-3088079607-label\" class=\"accordion-title plain\" href=\"#accordion-item-wie-langlebig-sind-die-sonnenschutzrollos?\" aria-expanded=\"false\" aria-controls=\"accordion-3088079607-content\" >\n\t\t\t<button class=\"toggle\" aria-label=\"Umschalten\"><i class=\"icon-angle-down\"><\/i><\/button>\n\t\t\t<span>Wie langlebig sind die Sonnenschutzrollos?<\/span>\n\t\t<\/a>\n\t\t<div id=\"accordion-3088079607-content\" class=\"accordion-inner\" aria-labelledby=\"accordion-3088079607-label\" >\n\t\t\t\n\n\t<div id=\"text-3209797705\" class=\"text\">\n\t\t\n\n<p>Unsere Produkte bestehen aus hochwertigen Materialien, die f\u00fcr den intensiven Einsatz im \u00d6PNV und im Sonderfahrzeugbereich entwickelt wurden. Sie sind robust, wartungsarm und bieten eine lange Lebensdauer \u2013 selbst unter extremen Bedingungen.<\/p>\n\t\t\n<style>\n#text-3209797705 {\n  color: rgb(255,255,255);\n}\n#text-3209797705 > * {\n  color: rgb(255,255,255);\n}\n<\/style>\n\t<\/div>\n\t\n\n\t\t<\/div>\n\t<\/div>\n\t\n\t<div id=\"accordion-3253706697\" class=\"accordion-item\">\n\t\t<a id=\"accordion-3253706697-label\" class=\"accordion-title plain\" href=\"#accordion-item-k\u00f6nnen-die-sonnenschutzrollos-nachger\u00fcstet-werden?\" aria-expanded=\"false\" aria-controls=\"accordion-3253706697-content\" >\n\t\t\t<button class=\"toggle\" aria-label=\"Umschalten\"><i class=\"icon-angle-down\"><\/i><\/button>\n\t\t\t<span>K\u00f6nnen die Sonnenschutzrollos nachger\u00fcstet werden?<\/span>\n\t\t<\/a>\n\t\t<div id=\"accordion-3253706697-content\" class=\"accordion-inner\" aria-labelledby=\"accordion-3253706697-label\" >\n\t\t\t\n\n\t<div id=\"text-2209622093\" class=\"text\">\n\t\t\n\n<p>Ja, unsere Systeme eignen sich sowohl f\u00fcr den Neubau als auch f\u00fcr die Nachr\u00fcstung in bestehenden Fahrzeugen. Wir unterst\u00fctzen Sie bei der Auswahl und Integration der passenden L\u00f6sung.<\/p>\n\t\t\n<style>\n#text-2209622093 {\n  color: rgb(255,255,255);\n}\n#text-2209622093 > * {\n  color: rgb(255,255,255);\n}\n<\/style>\n\t<\/div>\n\t\n\n\t\t<\/div>\n\t<\/div>\n\t\n\n<\/div>\n\n\t\t<\/div>\n\t\t\t\t\t<\/div>\n\n\t\n\n<\/div>\n\t<div id=\"gap-729701298\" class=\"gap-element clearfix\" style=\"display:block; height:auto;\">\n\t\t\n<style>\n#gap-729701298 {\n  padding-top: 110px;\n}\n<\/style>\n\t<\/div>\n\t\n\n\n\t<section class=\"section\" id=\"section_47844962\">\n\t\t<div class=\"section-bg fill\" >\n\t\t\t<img loading=\"lazy\" decoding=\"async\" width=\"387\" height=\"297\" src=\"https:\/\/intpro-handelsagentur.com\/intpro-mobility\/wp-content\/uploads\/2023\/08\/Unser-Buero.png\" class=\"bg attachment- size-\" alt=\"\" \/>\t\t\t\t\t\t<div class=\"section-bg-overlay absolute fill\"><\/div>\n\t\t\t\n\n\t\t<\/div>\n\n\t\t\n\n\t\t<div class=\"section-content relative\">\n\t\t\t\n\n<div class=\"row\"  id=\"row-951066113\">\n\n\n\t<div id=\"col-1970459648\" class=\"col small-12 large-12\"  >\n\t\t\t\t<div class=\"col-inner\"  >\n\t\t\t\n\t\t\t\n\n\t<div id=\"text-3713224608\" class=\"text\">\n\t\t\n\n<h2><span style=\"font-size: 170%;\">Kontaktanfrage<\/span><\/h2>\n<p>\u00a0<\/p>\n<p>Offene Fragen gibt es bei uns nicht, daher stehen wir Ihnen unkompliziert zur Verf\u00fcgung:<\/p>\n<p>Unsere B\u00fcrozeiten<\/p>\n<p>Montag bis Donnerstag: von 08:30 bis 15:30 Uhr<br \/>Freitag: von 08:30 bis 12:30 Uhr<\/p>\n<p>oder pers\u00f6nlich nach Terminabstimmung.<\/p>\n\t\t\n<style>\n#text-3713224608 {\n  text-align: center;\n  color: #ffffff;\n}\n#text-3713224608 > * {\n  color: #ffffff;\n}\n<\/style>\n\t<\/div>\n\t\n\n\t\t<\/div>\n\t\t\t\t\t<\/div>\n\n\t\n\n<\/div>\n<div class=\"row\"  id=\"row-1921001152\">\n\n\n\t<div id=\"col-606292818\" class=\"col medium-4 small-12 large-4\"  >\n\t\t\t\t<div class=\"col-inner\"  >\n\t\t\t\n\t\t\t\n\n\n\t<a class=\"plain\" href=\"mailto:info@IntPro-Mobility.com\" >\t<div class=\"icon-box featured-box icon-box-center text-center\"  >\n\t\t\t\t\t<div class=\"icon-box-img\" style=\"width: 135px\">\n\t\t\t\t<div class=\"icon\">\n\t\t\t\t\t<div class=\"icon-inner\" >\n\t\t\t\t\t\t<img loading=\"lazy\" decoding=\"async\" width=\"300\" height=\"300\" src=\"https:\/\/intpro-handelsagentur.com\/intpro-mobility\/wp-content\/uploads\/2023\/09\/mail-300x300.png\" class=\"attachment-medium size-medium\" alt=\"\" srcset=\"https:\/\/intpro-handelsagentur.com\/intpro-mobility\/wp-content\/uploads\/2023\/09\/mail-300x300.png 300w, https:\/\/intpro-handelsagentur.com\/intpro-mobility\/wp-content\/uploads\/2023\/09\/mail-150x150.png 150w, https:\/\/intpro-handelsagentur.com\/intpro-mobility\/wp-content\/uploads\/2023\/09\/mail-768x768.png 768w, https:\/\/intpro-handelsagentur.com\/intpro-mobility\/wp-content\/uploads\/2023\/09\/mail.png 1024w\" sizes=\"auto, (max-width: 300px) 100vw, 300px\" \/>\t\t\t\t\t<\/div>\n\t\t\t\t<\/div>\n\t\t\t<\/div>\n\t\t\t\t<div class=\"icon-box-text last-reset\">\n\t\t\t\t\t\t\t\t\t\n\n\t<div id=\"text-1064907553\" class=\"text\">\n\t\t\n\n<h3>E-Mail<\/h3>\n<p>info@IntPro-mobility.com<\/p>\n\t\t\n<style>\n#text-1064907553 {\n  color: #ffffff;\n}\n#text-1064907553 > * {\n  color: #ffffff;\n}\n<\/style>\n\t<\/div>\n\t\n\n\t\t<\/div>\n\t<\/div>\n\t<\/a>\n\t\n\n\t\t<\/div>\n\t\t\t\t\t<\/div>\n\n\t\n\n\t<div id=\"col-626110854\" class=\"col medium-4 small-12 large-4\"  >\n\t\t\t\t<div class=\"col-inner\"  >\n\t\t\t\n\t\t\t\n\n\n\t<a class=\"plain\" href=\"tel:+4952116393052\" >\t<div class=\"icon-box featured-box icon-box-center text-center\"  >\n\t\t\t\t\t<div class=\"icon-box-img\" style=\"width: 135px\">\n\t\t\t\t<div class=\"icon\">\n\t\t\t\t\t<div class=\"icon-inner\" >\n\t\t\t\t\t\t<img loading=\"lazy\" decoding=\"async\" width=\"300\" height=\"300\" src=\"https:\/\/intpro-handelsagentur.com\/intpro-mobility\/wp-content\/uploads\/2023\/09\/phone-300x300.png\" class=\"attachment-medium size-medium\" alt=\"\" srcset=\"https:\/\/intpro-handelsagentur.com\/intpro-mobility\/wp-content\/uploads\/2023\/09\/phone-300x300.png 300w, https:\/\/intpro-handelsagentur.com\/intpro-mobility\/wp-content\/uploads\/2023\/09\/phone-150x150.png 150w, https:\/\/intpro-handelsagentur.com\/intpro-mobility\/wp-content\/uploads\/2023\/09\/phone-768x768.png 768w, https:\/\/intpro-handelsagentur.com\/intpro-mobility\/wp-content\/uploads\/2023\/09\/phone.png 1024w\" sizes=\"auto, (max-width: 300px) 100vw, 300px\" \/>\t\t\t\t\t<\/div>\n\t\t\t\t<\/div>\n\t\t\t<\/div>\n\t\t\t\t<div class=\"icon-box-text last-reset\">\n\t\t\t\t\t\t\t\t\t\n\n\t<div id=\"text-2881762590\" class=\"text\">\n\t\t\n\n<h3>Telefon<\/h3>\n<p>+49 (0) 521 1639305 2<\/p>\n\t\t\n<style>\n#text-2881762590 {\n  color: #ffffff;\n}\n#text-2881762590 > * {\n  color: #ffffff;\n}\n<\/style>\n\t<\/div>\n\t\n\n\t\t<\/div>\n\t<\/div>\n\t<\/a>\n\t\n\n\t\t<\/div>\n\t\t\t\t\t<\/div>\n\n\t\n\n\t<div id=\"col-577473053\" class=\"col medium-4 small-12 large-4\"  >\n\t\t\t\t<div class=\"col-inner\"  >\n\t\t\t\n\t\t\t\n\n\n\t<a class=\"plain\" href=\"https:\/\/maps.app.goo.gl\/5tRfD2wAZyTFM5gC8\" target=\"_blank\" rel=\"noopener\" >\t<div class=\"icon-box featured-box icon-box-center text-center\"  >\n\t\t\t\t\t<div class=\"icon-box-img\" style=\"width: 135px\">\n\t\t\t\t<div class=\"icon\">\n\t\t\t\t\t<div class=\"icon-inner\" >\n\t\t\t\t\t\t<img loading=\"lazy\" decoding=\"async\" width=\"300\" height=\"300\" src=\"https:\/\/intpro-handelsagentur.com\/intpro-mobility\/wp-content\/uploads\/2023\/09\/hotel-300x300.png\" class=\"attachment-medium size-medium\" alt=\"\" srcset=\"https:\/\/intpro-handelsagentur.com\/intpro-mobility\/wp-content\/uploads\/2023\/09\/hotel-300x300.png 300w, https:\/\/intpro-handelsagentur.com\/intpro-mobility\/wp-content\/uploads\/2023\/09\/hotel-150x150.png 150w, https:\/\/intpro-handelsagentur.com\/intpro-mobility\/wp-content\/uploads\/2023\/09\/hotel-768x768.png 768w, https:\/\/intpro-handelsagentur.com\/intpro-mobility\/wp-content\/uploads\/2023\/09\/hotel.png 1024w\" sizes=\"auto, (max-width: 300px) 100vw, 300px\" \/>\t\t\t\t\t<\/div>\n\t\t\t\t<\/div>\n\t\t\t<\/div>\n\t\t\t\t<div class=\"icon-box-text last-reset\">\n\t\t\t\t\t\t\t\t\t\n\n\t<div id=\"text-147009192\" class=\"text\">\n\t\t\n\n<h3>B\u00fcro<\/h3>\n<p>B\u00f6ttcherstr.7 <br \/>\nDE-33609 Bielefeld<\/p>\n\t\t\n<style>\n#text-147009192 {\n  color: #ffffff;\n}\n#text-147009192 > * {\n  color: #ffffff;\n}\n<\/style>\n\t<\/div>\n\t\n\n\t\t<\/div>\n\t<\/div>\n\t<\/a>\n\t\n\n\t\t<\/div>\n\t\t\t\t\t<\/div>\n\n\t\n\n<\/div>\n\n\n\t\t<\/div>\n\n\t\t\n<style>\n#section_47844962 {\n  padding-top: 30px;\n  padding-bottom: 30px;\n}\n#section_47844962 .section-bg-overlay {\n  background-color: rgba(0, 0, 0, 0.802);\n}\n<\/style>\n\t<\/section>\n\t\n\n\n\t\t<\/div>\n\n\t\t\n<style>\n#section_392916337 {\n  padding-top: 30px;\n  padding-bottom: 30px;\n  background-color: rgb(0,0,0);\n}\n<\/style>\n\t<\/section>\n\t\n\n","protected":false},"excerpt":{"rendered":"","protected":false},"author":1,"featured_media":0,"parent":0,"menu_order":0,"comment_status":"closed","ping_status":"closed","template":"page-blank.php","meta":{"footnotes":""},"class_list":["post-1721","page","type-page","status-publish","hentry"],"yoast_head":"<!-- This site is optimized with the Yoast SEO plugin v27.1.1 - https:\/\/yoast.com\/product\/yoast-seo-wordpress\/ -->\n<title>Fahrgastraum &amp; F\u00fchrerstand Sonnenschutzrollos - Intpro Mobility<\/title>\n<meta name=\"description\" content=\"Unsere Vision ist Ihre Chance. Die Agentur in OWL f\u00fcr moderne, preiswerte und responsive Websites.\" \/>\n<meta name=\"robots\" content=\"index, follow, max-snippet:-1, max-image-preview:large, max-video-preview:-1\" \/>\n<link rel=\"canonical\" href=\"https:\/\/intpro-handelsagentur.com\/intpro-mobility\/fahrgastraum-fuehrerstand-sonnenschutzrollos-2\/\" \/>\n<meta property=\"og:locale\" content=\"de_DE\" \/>\n<meta property=\"og:type\" content=\"article\" \/>\n<meta property=\"og:title\" content=\"Fahrgastraum &amp; F\u00fchrerstand Sonnenschutzrollos - Intpro Mobility\" \/>\n<meta property=\"og:description\" content=\"Unsere Vision ist Ihre Chance. Die Agentur in OWL f\u00fcr moderne, preiswerte und responsive Websites.\" \/>\n<meta property=\"og:url\" content=\"https:\/\/intpro-handelsagentur.com\/intpro-mobility\/fahrgastraum-fuehrerstand-sonnenschutzrollos-2\/\" \/>\n<meta property=\"og:site_name\" content=\"Intpro Mobility\" \/>\n<meta property=\"article:modified_time\" content=\"2025-10-01T08:29:50+00:00\" \/>\n<meta name=\"twitter:card\" content=\"summary_large_image\" \/>\n<meta name=\"twitter:label1\" content=\"Gesch\u00e4tzte Lesezeit\" \/>\n\t<meta name=\"twitter:data1\" content=\"2\u00a0Minuten\" \/>\n<script type=\"application\/ld+json\" class=\"yoast-schema-graph\">{\"@context\":\"https:\/\/schema.org\",\"@graph\":[{\"@type\":\"WebPage\",\"@id\":\"https:\/\/intpro-handelsagentur.com\/intpro-mobility\/fahrgastraum-fuehrerstand-sonnenschutzrollos-2\/\",\"url\":\"https:\/\/intpro-handelsagentur.com\/intpro-mobility\/fahrgastraum-fuehrerstand-sonnenschutzrollos-2\/\",\"name\":\"Fahrgastraum & F\u00fchrerstand Sonnenschutzrollos - Intpro Mobility\",\"isPartOf\":{\"@id\":\"https:\/\/intpro-handelsagentur.com\/intpro-mobility\/#website\"},\"datePublished\":\"2023-08-07T08:47:08+00:00\",\"dateModified\":\"2025-10-01T08:29:50+00:00\",\"description\":\"Unsere Vision ist Ihre Chance. Die Agentur in OWL f\u00fcr moderne, preiswerte und responsive Websites.\",\"breadcrumb\":{\"@id\":\"https:\/\/intpro-handelsagentur.com\/intpro-mobility\/fahrgastraum-fuehrerstand-sonnenschutzrollos-2\/#breadcrumb\"},\"inLanguage\":\"de\",\"potentialAction\":[{\"@type\":\"ReadAction\",\"target\":[\"https:\/\/intpro-handelsagentur.com\/intpro-mobility\/fahrgastraum-fuehrerstand-sonnenschutzrollos-2\/\"]}]},{\"@type\":\"BreadcrumbList\",\"@id\":\"https:\/\/intpro-handelsagentur.com\/intpro-mobility\/fahrgastraum-fuehrerstand-sonnenschutzrollos-2\/#breadcrumb\",\"itemListElement\":[{\"@type\":\"ListItem\",\"position\":1,\"name\":\"Startseite\",\"item\":\"https:\/\/intpro-handelsagentur.com\/intpro-mobility\/\"},{\"@type\":\"ListItem\",\"position\":2,\"name\":\"Fahrgastraum &#038; F\u00fchrerstand Sonnenschutzrollos\"}]},{\"@type\":\"WebSite\",\"@id\":\"https:\/\/intpro-handelsagentur.com\/intpro-mobility\/#website\",\"url\":\"https:\/\/intpro-handelsagentur.com\/intpro-mobility\/\",\"name\":\"Intpro Mobility\",\"description\":\"\",\"potentialAction\":[{\"@type\":\"SearchAction\",\"target\":{\"@type\":\"EntryPoint\",\"urlTemplate\":\"https:\/\/intpro-handelsagentur.com\/intpro-mobility\/?s={search_term_string}\"},\"query-input\":{\"@type\":\"PropertyValueSpecification\",\"valueRequired\":true,\"valueName\":\"search_term_string\"}}],\"inLanguage\":\"de\"}]}<\/script>\n<!-- \/ Yoast SEO plugin. -->","yoast_head_json":{"title":"Fahrgastraum & F\u00fchrerstand Sonnenschutzrollos - Intpro Mobility","description":"Unsere Vision ist Ihre Chance. Die Agentur in OWL f\u00fcr moderne, preiswerte und responsive Websites.","robots":{"index":"index","follow":"follow","max-snippet":"max-snippet:-1","max-image-preview":"max-image-preview:large","max-video-preview":"max-video-preview:-1"},"canonical":"https:\/\/intpro-handelsagentur.com\/intpro-mobility\/fahrgastraum-fuehrerstand-sonnenschutzrollos-2\/","og_locale":"de_DE","og_type":"article","og_title":"Fahrgastraum & F\u00fchrerstand Sonnenschutzrollos - Intpro Mobility","og_description":"Unsere Vision ist Ihre Chance. Die Agentur in OWL f\u00fcr moderne, preiswerte und responsive Websites.","og_url":"https:\/\/intpro-handelsagentur.com\/intpro-mobility\/fahrgastraum-fuehrerstand-sonnenschutzrollos-2\/","og_site_name":"Intpro Mobility","article_modified_time":"2025-10-01T08:29:50+00:00","twitter_card":"summary_large_image","twitter_misc":{"Gesch\u00e4tzte Lesezeit":"2\u00a0Minuten"},"schema":{"@context":"https:\/\/schema.org","@graph":[{"@type":"WebPage","@id":"https:\/\/intpro-handelsagentur.com\/intpro-mobility\/fahrgastraum-fuehrerstand-sonnenschutzrollos-2\/","url":"https:\/\/intpro-handelsagentur.com\/intpro-mobility\/fahrgastraum-fuehrerstand-sonnenschutzrollos-2\/","name":"Fahrgastraum & F\u00fchrerstand Sonnenschutzrollos - Intpro Mobility","isPartOf":{"@id":"https:\/\/intpro-handelsagentur.com\/intpro-mobility\/#website"},"datePublished":"2023-08-07T08:47:08+00:00","dateModified":"2025-10-01T08:29:50+00:00","description":"Unsere Vision ist Ihre Chance. Die Agentur in OWL f\u00fcr moderne, preiswerte und responsive Websites.","breadcrumb":{"@id":"https:\/\/intpro-handelsagentur.com\/intpro-mobility\/fahrgastraum-fuehrerstand-sonnenschutzrollos-2\/#breadcrumb"},"inLanguage":"de","potentialAction":[{"@type":"ReadAction","target":["https:\/\/intpro-handelsagentur.com\/intpro-mobility\/fahrgastraum-fuehrerstand-sonnenschutzrollos-2\/"]}]},{"@type":"BreadcrumbList","@id":"https:\/\/intpro-handelsagentur.com\/intpro-mobility\/fahrgastraum-fuehrerstand-sonnenschutzrollos-2\/#breadcrumb","itemListElement":[{"@type":"ListItem","position":1,"name":"Startseite","item":"https:\/\/intpro-handelsagentur.com\/intpro-mobility\/"},{"@type":"ListItem","position":2,"name":"Fahrgastraum &#038; F\u00fchrerstand Sonnenschutzrollos"}]},{"@type":"WebSite","@id":"https:\/\/intpro-handelsagentur.com\/intpro-mobility\/#website","url":"https:\/\/intpro-handelsagentur.com\/intpro-mobility\/","name":"Intpro Mobility","description":"","potentialAction":[{"@type":"SearchAction","target":{"@type":"EntryPoint","urlTemplate":"https:\/\/intpro-handelsagentur.com\/intpro-mobility\/?s={search_term_string}"},"query-input":{"@type":"PropertyValueSpecification","valueRequired":true,"valueName":"search_term_string"}}],"inLanguage":"de"}]}},"_links":{"self":[{"href":"https:\/\/intpro-handelsagentur.com\/intpro-mobility\/wp-json\/wp\/v2\/pages\/1721","targetHints":{"allow":["GET"]}}],"collection":[{"href":"https:\/\/intpro-handelsagentur.com\/intpro-mobility\/wp-json\/wp\/v2\/pages"}],"about":[{"href":"https:\/\/intpro-handelsagentur.com\/intpro-mobility\/wp-json\/wp\/v2\/types\/page"}],"author":[{"embeddable":true,"href":"https:\/\/intpro-handelsagentur.com\/intpro-mobility\/wp-json\/wp\/v2\/users\/1"}],"replies":[{"embeddable":true,"href":"https:\/\/intpro-handelsagentur.com\/intpro-mobility\/wp-json\/wp\/v2\/comments?post=1721"}],"version-history":[{"count":10,"href":"https:\/\/intpro-handelsagentur.com\/intpro-mobility\/wp-json\/wp\/v2\/pages\/1721\/revisions"}],"predecessor-version":[{"id":2541,"href":"https:\/\/intpro-handelsagentur.com\/intpro-mobility\/wp-json\/wp\/v2\/pages\/1721\/revisions\/2541"}],"wp:attachment":[{"href":"https:\/\/intpro-handelsagentur.com\/intpro-mobility\/wp-json\/wp\/v2\/media?parent=1721"}],"curies":[{"name":"wp","href":"https:\/\/api.w.org\/{rel}","templated":true}]}}