{"id":1717,"date":"2023-08-07T10:46:37","date_gmt":"2023-08-07T08:46:37","guid":{"rendered":"http:\/\/intpro-handelsagentur.com\/intpro-mobility\/?page_id=1717"},"modified":"2025-12-19T14:30:57","modified_gmt":"2025-12-19T13:30:57","slug":"echtleder-bezugsleder-fuer-sitzbezuege","status":"publish","type":"page","link":"https:\/\/intpro-handelsagentur.com\/intpro-mobility\/echtleder-bezugsleder-fuer-sitzbezuege\/","title":{"rendered":"Echtleder &#038; Bezugsleder"},"content":{"rendered":"\n\n\t<section class=\"section\" id=\"section_784275471\">\n\t\t<div class=\"section-bg fill\" >\n\t\t\t\t\t\t\t\t\t<button class=\"scroll-for-more z-5 icon absolute bottom h-center\" aria-label=\"Scrollen f\u00fcr mehr\"><i class=\"icon-angle-down\" style=\"font-size:42px;\" ><\/i><\/button>\n\t\t\t\n\n\t\t<\/div>\n\n\t\t\n\n\t\t<div class=\"section-content relative\">\n\t\t\t\n\n<div class=\"row row-full-width align-middle\"  id=\"row-99767130\">\n\n\n\t<div id=\"col-458609475\" class=\"col medium-12 small-12 large-6\"  >\n\t\t\t\t<div class=\"col-inner text-left\"  >\n\t\t\t\n\t\t\t\n\n\t<div id=\"text-3164573396\" class=\"text\">\n\t\t\n\n<h3><span style=\"color: #ffffff;\">PRODUKTE<\/span><\/h3>\n\t\t\n<style>\n#text-3164573396 {\n  font-size: 1.3rem;\n}\n<\/style>\n\t<\/div>\n\t\n<div class=\"is-divider divider clearfix\" style=\"max-width:241px;background-color:rgb(255, 244, 28);\"><\/div>\n\n\t<div id=\"text-130756767\" class=\"text\">\n\t\t\n\n<h1>Echtleder f\u00fcr Sitzbez\u00fcge<br \/>\n<\/h1>\n\t\t\n<style>\n#text-130756767 {\n  font-size: 2.3rem;\n  color: #ffffff;\n}\n#text-130756767 > * {\n  color: #ffffff;\n}\n<\/style>\n\t<\/div>\n\t\n\t<div id=\"text-1771773412\" class=\"text\">\n\t\t\n\n<p>Entdecken Sie hochwertiges\u00a0<b>Echtleder f\u00fcr Sitzbez\u00fcge<\/b>\u00a0\u2013 die ideale L\u00f6sung f\u00fcr Verkehrsbetriebe, Sitzhersteller und Designer, die auf langlebige, stilvolle und funktionale Innenausstattung im exklusiven Personenverkehr setzen.<\/p>\n\n\t\t\n<style>\n#text-1771773412 {\n  font-size: 1.5rem;\n  color: #ffffff;\n}\n#text-1771773412 > * {\n  color: #ffffff;\n}\n<\/style>\n\t<\/div>\n\t\n\n\t\t<\/div>\n\t\t\t\t\n<style>\n#col-458609475 > .col-inner {\n  margin: 0 0px 0px 0px;\n}\n@media (min-width:550px) {\n  #col-458609475 > .col-inner {\n    margin: 0 0px 0px 0px;\n  }\n}\n@media (min-width:850px) {\n  #col-458609475 > .col-inner {\n    margin: 0px 0px 0px 0px;\n  }\n}\n<\/style>\n\t<\/div>\n\n\t\n\n\t<div id=\"col-1149187111\" class=\"col hide-for-medium medium-6 small-12 large-6\"  >\n\t\t\t\t<div class=\"col-inner\"  >\n\t\t\t\n\t\t\t\n\n\t<div class=\"img has-hover x md-x lg-x y md-y lg-y\" id=\"image_1350761317\">\n\t\t\t\t\t\t\t\t<div class=\"img-inner image-cover dark\" style=\"padding-top:600px;\">\n\t\t\t<img loading=\"lazy\" decoding=\"async\" width=\"1920\" height=\"2560\" src=\"https:\/\/intpro-handelsagentur.com\/intpro-mobility\/wp-content\/uploads\/2025\/03\/Echtleder_Sitzbezuege_IntPro-scaled.webp\" class=\"attachment-original size-original\" alt=\"Echtleder_Sitzbez\u00fcge_IntPro\" srcset=\"https:\/\/intpro-handelsagentur.com\/intpro-mobility\/wp-content\/uploads\/2025\/03\/Echtleder_Sitzbezuege_IntPro-scaled.webp 1920w, https:\/\/intpro-handelsagentur.com\/intpro-mobility\/wp-content\/uploads\/2025\/03\/Echtleder_Sitzbezuege_IntPro-225x300.webp 225w, https:\/\/intpro-handelsagentur.com\/intpro-mobility\/wp-content\/uploads\/2025\/03\/Echtleder_Sitzbezuege_IntPro-768x1024.webp 768w, https:\/\/intpro-handelsagentur.com\/intpro-mobility\/wp-content\/uploads\/2025\/03\/Echtleder_Sitzbezuege_IntPro-1152x1536.webp 1152w, https:\/\/intpro-handelsagentur.com\/intpro-mobility\/wp-content\/uploads\/2025\/03\/Echtleder_Sitzbezuege_IntPro-1536x2048.webp 1536w\" sizes=\"auto, (max-width: 1920px) 100vw, 1920px\" \/>\t\t\t\t\t\t\n\t\t\t\t\t<\/div>\n\t\t\t\t\t\t\t\t\n<style>\n#image_1350761317 {\n  width: 100%;\n}\n<\/style>\n\t<\/div>\n\t\n\n\n\t\t<\/div>\n\t\t\t\t\t<\/div>\n\n\t\n\n<\/div>\n\t<div id=\"gap-1975393514\" class=\"gap-element clearfix\" style=\"display:block; height:auto;\">\n\t\t\n<style>\n#gap-1975393514 {\n  padding-top: 50px;\n}\n<\/style>\n\t<\/div>\n\t\n\n\n\t\t<\/div>\n\n\t\t\n<style>\n#section_784275471 {\n  padding-top: 30px;\n  padding-bottom: 30px;\n  background-color: rgb(0,0,0);\n}\n<\/style>\n\t<\/section>\n\t\n\n\t<section class=\"section\" id=\"section_1243558852\">\n\t\t<div class=\"section-bg fill\" >\n\t\t\t\t\t\t\t\t\t\n\t\t\t\n\n\t\t<\/div>\n\n\t\t\n\n\t\t<div class=\"section-content relative\">\n\t\t\t\n\n<div class=\"row row-full-width\"  id=\"row-1685418319\">\n\n\n\t<div id=\"col-533544462\" class=\"col medium-12 small-12 large-3\"  >\n\t\t\t\t<div class=\"col-inner text-center\"  >\n\t\t\t\n\t\t\t\n\n<div class=\"slider-wrapper relative\" id=\"slider-2019050183\" >\n    <div class=\"slider slider-nav-circle slider-nav-large slider-nav-light slider-style-normal\"\n        data-flickity-options='{\n            \"cellAlign\": \"center\",\n            \"imagesLoaded\": true,\n            \"lazyLoad\": 1,\n            \"freeScroll\": false,\n            \"wrapAround\": true,\n            \"autoPlay\": 3000,\n            \"pauseAutoPlayOnHover\" : true,\n            \"prevNextButtons\": true,\n            \"contain\" : true,\n            \"adaptiveHeight\" : true,\n            \"dragThreshold\" : 10,\n            \"percentPosition\": true,\n            \"pageDots\": true,\n            \"rightToLeft\": false,\n            \"draggable\": true,\n            \"selectedAttraction\": 0.1,\n            \"parallax\" : 0,\n            \"friction\": 0.6        }'\n        >\n        \n\n\t<div class=\"img has-hover x md-x lg-x y md-y lg-y\" id=\"image_1089643696\">\n\t\t<a class=\"image-lightbox lightbox-gallery\" title=\"\" href=\"https:\/\/intpro-handelsagentur.com\/intpro-mobility\/wp-content\/uploads\/2023\/08\/Echtleder_Beszugsleder_IntPro-Handelsagentur-5-scaled-1-768x1024.jpg\">\t\t\t\t\t\t<div class=\"img-inner dark\" >\n\t\t\t<img loading=\"lazy\" decoding=\"async\" width=\"768\" height=\"1024\" src=\"https:\/\/intpro-handelsagentur.com\/intpro-mobility\/wp-content\/uploads\/2023\/08\/Echtleder_Beszugsleder_IntPro-Handelsagentur-5-scaled-1-768x1024.jpg\" class=\"attachment-large size-large\" alt=\"\" srcset=\"https:\/\/intpro-handelsagentur.com\/intpro-mobility\/wp-content\/uploads\/2023\/08\/Echtleder_Beszugsleder_IntPro-Handelsagentur-5-scaled-1-768x1024.jpg 768w, https:\/\/intpro-handelsagentur.com\/intpro-mobility\/wp-content\/uploads\/2023\/08\/Echtleder_Beszugsleder_IntPro-Handelsagentur-5-scaled-1-225x300.jpg 225w, https:\/\/intpro-handelsagentur.com\/intpro-mobility\/wp-content\/uploads\/2023\/08\/Echtleder_Beszugsleder_IntPro-Handelsagentur-5-scaled-1-1152x1536.jpg 1152w, https:\/\/intpro-handelsagentur.com\/intpro-mobility\/wp-content\/uploads\/2023\/08\/Echtleder_Beszugsleder_IntPro-Handelsagentur-5-scaled-1-1536x2048.jpg 1536w, https:\/\/intpro-handelsagentur.com\/intpro-mobility\/wp-content\/uploads\/2023\/08\/Echtleder_Beszugsleder_IntPro-Handelsagentur-5-scaled-1.jpg 1920w\" sizes=\"auto, (max-width: 768px) 100vw, 768px\" \/>\t\t\t\t\t\t\n\t\t\t\t\t<\/div>\n\t\t\t\t\t\t<\/a>\t\t\n<style>\n#image_1089643696 {\n  width: 100%;\n}\n<\/style>\n\t<\/div>\n\t\n\n\t<div class=\"img has-hover x md-x lg-x y md-y lg-y\" id=\"image_546035960\">\n\t\t\t\t\t\t\t\t<div class=\"img-inner dark\" >\n\t\t\t<img loading=\"lazy\" decoding=\"async\" width=\"768\" height=\"1024\" src=\"https:\/\/intpro-handelsagentur.com\/intpro-mobility\/wp-content\/uploads\/2023\/08\/Echtleder_Beszugsleder_IntPro-Handelsagentur-4-scaled-1-768x1024.jpg\" class=\"attachment-large size-large\" alt=\"\" srcset=\"https:\/\/intpro-handelsagentur.com\/intpro-mobility\/wp-content\/uploads\/2023\/08\/Echtleder_Beszugsleder_IntPro-Handelsagentur-4-scaled-1-768x1024.jpg 768w, https:\/\/intpro-handelsagentur.com\/intpro-mobility\/wp-content\/uploads\/2023\/08\/Echtleder_Beszugsleder_IntPro-Handelsagentur-4-scaled-1-225x300.jpg 225w, https:\/\/intpro-handelsagentur.com\/intpro-mobility\/wp-content\/uploads\/2023\/08\/Echtleder_Beszugsleder_IntPro-Handelsagentur-4-scaled-1-1152x1536.jpg 1152w, https:\/\/intpro-handelsagentur.com\/intpro-mobility\/wp-content\/uploads\/2023\/08\/Echtleder_Beszugsleder_IntPro-Handelsagentur-4-scaled-1-1536x2048.jpg 1536w, https:\/\/intpro-handelsagentur.com\/intpro-mobility\/wp-content\/uploads\/2023\/08\/Echtleder_Beszugsleder_IntPro-Handelsagentur-4-scaled-1.jpg 1920w\" sizes=\"auto, (max-width: 768px) 100vw, 768px\" \/>\t\t\t\t\t\t\n\t\t\t\t\t<\/div>\n\t\t\t\t\t\t\t\t\n<style>\n#image_546035960 {\n  width: 100%;\n}\n<\/style>\n\t<\/div>\n\t\n\n\n     <\/div>\n\n     <div class=\"loading-spin dark large centered\"><\/div>\n\n\t<\/div>\n\n\n\n\t\t<\/div>\n\t\t\t\t\t<\/div>\n\n\t\n\n\t<div id=\"col-273129172\" class=\"col medium-12 small-12 large-9\"  >\n\t\t\t\t<div class=\"col-inner\"  >\n\t\t\t\n\t\t\t\n\n<h2><span style=\"color: #ffff00;\">Echtleder f\u00fcr Sitzbez\u00fcge<\/span><\/h2>\n\t<div id=\"text-658723040\" class=\"text\">\n\t\t\n\n<p>ist die erste Wahl f\u00fcr anspruchsvolle Anwendungen im \u00f6ffentlichen und exklusiven Fahrzeugbau. Ob in Bussen, Bahnen oder hochwertigen Fahrzeugen f\u00fcr den Personenverkehr \u2013 unser Echtleder \u00fcberzeugt durch seine au\u00dfergew\u00f6hnliche Strapazierf\u00e4higkeit, edle Haptik und zeitlose \u00c4sthetik.<\/p>\n<p>F\u00fcr <strong>Verkehrsbetriebe<\/strong> bietet es eine langlebige und pflegeleichte L\u00f6sung, die auch bei hoher Beanspruchung ihre Qualit\u00e4t beh\u00e4lt. <strong>Sitzhersteller<\/strong> profitieren von der einfachen Verarbeitung und der M\u00f6glichkeit, individuelle Designs umzusetzen. <strong>Designer<\/strong> sch\u00e4tzen die Vielfalt an Farben und Oberfl\u00e4chenstrukturen, die kreative und funktionale Gestaltungsspielr\u00e4ume er\u00f6ffnen.<\/p>\n<p>Dank seiner nat\u00fcrlichen Atmungsaktivit\u00e4t und Widerstandsf\u00e4higkeit gegen\u00fcber Abrieb, UV-Strahlung und Reinigungsmitteln ist unser Echtleder ideal f\u00fcr den t\u00e4glichen Einsatz im \u00f6ffentlichen Personenverkehr geeignet. Es erf\u00fcllt h\u00f6chste Anforderungen an Komfort, Sicherheit und Nachhaltigkeit \u2013 und tr\u00e4gt so zur Wertsteigerung jeder Innenausstattung bei.<\/p>\n<p>Ob f\u00fcr neue Fahrzeugserien oder die Aufwertung bestehender Flotten \u2013 unser Echtleder f\u00fcr Sitzbez\u00fcge ist die perfekte Wahl f\u00fcr alle, die kompromisslose Qualit\u00e4t suchen.<\/p>\n\t\t\n<style>\n#text-658723040 {\n  color: rgb(255,255,255);\n}\n#text-658723040 > * {\n  color: rgb(255,255,255);\n}\n<\/style>\n\t<\/div>\n\t\n\t<div id=\"text-317607226\" class=\"text\">\n\t\t\n\n<p>Ihre Vorteile auf einen Blick \u2013 Warum Echtleder f\u00fcr Sitzbez\u00fcge \u00fcberzeugt:<\/p>\n<ul>\n<li><strong>Langlebig &amp; robust:<\/strong> Ideal f\u00fcr den intensiven Einsatz in Bus- und Bahnflotten.<\/li>\n<li><strong>Pflegeleicht &amp; hygienisch:<\/strong> Leicht zu reinigen und best\u00e4ndig gegen Desinfektionsmittel.<\/li>\n<li><strong>Designvielfalt:<\/strong> Gro\u00dfe Auswahl an Farben, Pr\u00e4gungen und Oberfl\u00e4chen f\u00fcr individuelle Gestaltung.<\/li>\n<li><strong>Komfortabel &amp; atmungsaktiv:<\/strong> Angenehmes Sitzgef\u00fchl auch bei langen Fahrten.<\/li>\n<li><strong>Nachhaltig &amp; hochwertig:<\/strong> Nat\u00fcrliches Material mit langer Lebensdauer und edler Optik.<\/li>\n<\/ul>\n\t\t\n<style>\n#text-317607226 {\n  color: rgb(255,255,255);\n}\n#text-317607226 > * {\n  color: rgb(255,255,255);\n}\n<\/style>\n\t<\/div>\n\t\n\t<div id=\"text-1722677797\" class=\"text\">\n\t\t\n\n<div style=\"border-left:3px solid var(--primary-color);padding-left:35px\">\n<p><span style=\"color: #ffffff;\"><strong>Einsatzgebiet:<\/strong> Bahnen, Z\u00fcge, Busse, Spezialfahrzeuge, Schiffe, Yachten, LKW, Nutzfahrzeuge, Landmaschinen, Baumaschinen, Automobile und Luftfahrzeuge.<\/span><\/p>\n<p><span style=\"color: #ffffff;\"><strong>Verwendung:<\/strong> Erstausstattung, Instandhaltung, Umr\u00fcstung, Modernisierung, Sonderanfertigung und Spezialausstattungen.<\/span><\/p>\n<p><span style=\"color: #ffffff;\"><strong>Brandschutz:<\/strong> EN 45545-2 HL2 bis HL3, ECE-R118 und weitere spezifische Normen auf Anfrage.<\/span><\/p>\n<\/div>\n\t\t\n<style>\n#text-1722677797 {\n  font-size: 1.2rem;\n}\n<\/style>\n\t<\/div>\n\t\n\t<div id=\"text-1156086178\" class=\"text\">\n\t\t\n\n<p><strong><a style=\"color:var(--primary-color);\" target=\"blank\" href=\"https:\/\/intpro-handelsagentur.com\/intpro-mobility\/fahrersitze-beifahrersitze\/\">Echtleder f\u00fcr Fahrersitze<\/a><\/strong>\u00a0<\/p>\n\t\t\n<style>\n#text-1156086178 {\n  font-size: 0.95rem;\n  color: rgb(255,255,255);\n}\n#text-1156086178 > * {\n  color: rgb(255,255,255);\n}\n<\/style>\n\t<\/div>\n\t\n\t<div id=\"text-804414495\" class=\"text\">\n\t\t\n\n<p><strong><a style=\"color: var(--primary-color);\"  target=\"blank\" href=\"https:\/\/intpro-handelsagentur.com\/intpro-mobility\/abwicklung-von-brandschutzpruefungen\/\">Brandschutzpr\u00fcfungen f\u00fcr Echtleder<\/a><\/strong><\/p>\n\t\t\n<style>\n#text-804414495 {\n  font-size: 0.95rem;\n  color: rgb(255,255,255);\n}\n#text-804414495 > * {\n  color: rgb(255,255,255);\n}\n<\/style>\n\t<\/div>\n\t\n\t<div id=\"text-2061071113\" class=\"text\">\n\t\t\n\n<p><strong><a style=\"color: var(--primary-color);\"  target=\"blank\" href=\"https:\/\/intpro-handelsagentur.com\/intpro-mobility\/materialveredelung-bearbeitung\/\">Materialveredelung bei Echtledersitzbez\u00fcgen<\/a><\/strong><\/p>\n\t\t\n<style>\n#text-2061071113 {\n  font-size: 0.95rem;\n  color: rgb(255,255,255);\n}\n#text-2061071113 > * {\n  color: rgb(255,255,255);\n}\n<\/style>\n\t<\/div>\n\t\n\t<div id=\"text-280125218\" class=\"text\">\n\t\t\n\n<p><strong><a style=\"color: var(--primary-color);\" target=\"blank\"  target=\"blank\" href=\"https:\/\/intpro-handelsagentur.com\/intpro-mobility\/bedruckung-sitzbezuege-oberflaechen\/\">Bedruckung von Echtledersitzbez\u00fcgen<\/a><\/strong><\/p>\n\t\t\n<style>\n#text-280125218 {\n  font-size: 0.95rem;\n  color: rgb(255,255,255);\n}\n#text-280125218 > * {\n  color: rgb(255,255,255);\n}\n<\/style>\n\t<\/div>\n\t\n\n\t\t<\/div>\n\t\t\t\t\t<\/div>\n\n\t\n\n<\/div>\n<div class=\"row row-full-width align-middle align-center\"  id=\"row-216224840\">\n\n\n\t<div id=\"col-1996305090\" class=\"col medium-12 small-12 large-8\"  >\n\t\t\t\t<div class=\"col-inner\"  >\n\t\t\t\n\t\t\t\n\n\t<div id=\"gap-644520807\" class=\"gap-element clearfix\" style=\"display:block; height:auto;\">\n\t\t\n<style>\n#gap-644520807 {\n  padding-top: 110px;\n}\n<\/style>\n\t<\/div>\n\t\n\n\t<div id=\"text-2004811880\" class=\"text\">\n\t\t\n\n<h2>FAQ \u2013 H\u00e4ufig gestellte Fragen:<\/h2>\n\t\t\n<style>\n#text-2004811880 {\n  color: rgb(255,255,255);\n}\n#text-2004811880 > * {\n  color: rgb(255,255,255);\n}\n<\/style>\n\t<\/div>\n\t\n<div class=\"accordion\">\n\n\t<div id=\"accordion-1051860529\" class=\"accordion-item\">\n\t\t<a id=\"accordion-1051860529-label\" class=\"accordion-title plain\" href=\"#accordion-item-1.-warum-ist-echtleder-besonders-geeignet-f\u00fcr-sitzbez\u00fcge-in-bus--und-bahnfahrzeugen?\" aria-expanded=\"false\" aria-controls=\"accordion-1051860529-content\" >\n\t\t\t<button class=\"toggle\" aria-label=\"Umschalten\"><i class=\"icon-angle-down\"><\/i><\/button>\n\t\t\t<span>1. Warum ist Echtleder besonders geeignet f\u00fcr Sitzbez\u00fcge in Bus- und Bahnfahrzeugen?<\/span>\n\t\t<\/a>\n\t\t<div id=\"accordion-1051860529-content\" class=\"accordion-inner\" aria-labelledby=\"accordion-1051860529-label\" >\n\t\t\t\n\n\t<div id=\"text-4011825775\" class=\"text\">\n\t\t\n\n<p>Echtleder bietet eine hohe Abriebfestigkeit, ist pflegeleicht und langlebig \u2013 ideal f\u00fcr den intensiven Einsatz im \u00f6ffentlichen Personenverkehr.<\/p>\n\t\t\n<style>\n#text-4011825775 {\n  color: rgb(255,255,255);\n}\n#text-4011825775 > * {\n  color: rgb(255,255,255);\n}\n<\/style>\n\t<\/div>\n\t\n\n\t\t<\/div>\n\t<\/div>\n\t\n\t<div id=\"accordion-2984791701\" class=\"accordion-item\">\n\t\t<a id=\"accordion-2984791701-label\" class=\"accordion-title plain\" href=\"#accordion-item-2.-welche-vorteile-bietet-echtleder-gegen\u00fcber-kunstleder-oder-stoff?\" aria-expanded=\"false\" aria-controls=\"accordion-2984791701-content\" >\n\t\t\t<button class=\"toggle\" aria-label=\"Umschalten\"><i class=\"icon-angle-down\"><\/i><\/button>\n\t\t\t<span>2. Welche Vorteile bietet Echtleder gegen\u00fcber Kunstleder oder Stoff?<\/span>\n\t\t<\/a>\n\t\t<div id=\"accordion-2984791701-content\" class=\"accordion-inner\" aria-labelledby=\"accordion-2984791701-label\" >\n\t\t\t\n\n\t<div id=\"text-3947465379\" class=\"text\">\n\t\t\n\n<p>Echtleder ist atmungsaktiv, temperaturausgleichend und besonders widerstandsf\u00e4hig. Es verleiht jeder Innenausstattung eine exklusive Note und ist gleichzeitig funktional.<\/p>\n\t\t\n<style>\n#text-3947465379 {\n  color: rgb(255,255,255);\n}\n#text-3947465379 > * {\n  color: rgb(255,255,255);\n}\n<\/style>\n\t<\/div>\n\t\n\n\t\t<\/div>\n\t<\/div>\n\t\n\t<div id=\"accordion-455690065\" class=\"accordion-item\">\n\t\t<a id=\"accordion-455690065-label\" class=\"accordion-title plain\" href=\"#accordion-item-3.-k\u00f6nnen-echtleder-sitzbez\u00fcge-individuell-gestaltet-werden?\" aria-expanded=\"false\" aria-controls=\"accordion-455690065-content\" >\n\t\t\t<button class=\"toggle\" aria-label=\"Umschalten\"><i class=\"icon-angle-down\"><\/i><\/button>\n\t\t\t<span>3. K\u00f6nnen Echtleder-Sitzbez\u00fcge individuell gestaltet werden?<\/span>\n\t\t<\/a>\n\t\t<div id=\"accordion-455690065-content\" class=\"accordion-inner\" aria-labelledby=\"accordion-455690065-label\" >\n\t\t\t\n\n\t<div id=\"text-591105813\" class=\"text\">\n\t\t\n\n<p>Ja, unser Echtleder ist in verschiedenen Farben, Pr\u00e4gungen und Oberfl\u00e4chen erh\u00e4ltlich \u2013 perfekt f\u00fcr Designer und Sitzhersteller, die individuelle L\u00f6sungen suchen.<\/p>\n\t\t\n<style>\n#text-591105813 {\n  color: rgb(255,255,255);\n}\n#text-591105813 > * {\n  color: rgb(255,255,255);\n}\n<\/style>\n\t<\/div>\n\t\n\n\t\t<\/div>\n\t<\/div>\n\t\n\t<div id=\"accordion-805998275\" class=\"accordion-item\">\n\t\t<a id=\"accordion-805998275-label\" class=\"accordion-title plain\" href=\"#accordion-item-4.-ist-echtleder-hygienisch-und-leicht-zu-reinigen?\" aria-expanded=\"false\" aria-controls=\"accordion-805998275-content\" >\n\t\t\t<button class=\"toggle\" aria-label=\"Umschalten\"><i class=\"icon-angle-down\"><\/i><\/button>\n\t\t\t<span>4. Ist Echtleder hygienisch und leicht zu reinigen?<\/span>\n\t\t<\/a>\n\t\t<div id=\"accordion-805998275-content\" class=\"accordion-inner\" aria-labelledby=\"accordion-805998275-label\" >\n\t\t\t\n\n\t<div id=\"text-879698135\" class=\"text\">\n\t\t\n\n<p>Absolut. Unsere Echtlederqualit\u00e4ten sind schmutzabweisend, desinfektionsmittelbest\u00e4ndig und lassen sich einfach reinigen \u2013 ein gro\u00dfer Vorteil f\u00fcr Verkehrsbetriebe.<\/p>\n\t\t\n<style>\n#text-879698135 {\n  color: rgb(255,255,255);\n}\n#text-879698135 > * {\n  color: rgb(255,255,255);\n}\n<\/style>\n\t<\/div>\n\t\n\n\t\t<\/div>\n\t<\/div>\n\t\n\t<div id=\"accordion-260477845\" class=\"accordion-item\">\n\t\t<a id=\"accordion-260477845-label\" class=\"accordion-title plain\" href=\"#accordion-item-5.-welche-branchen-setzen-echtleder-f\u00fcr-sitzbez\u00fcge-ein?\" aria-expanded=\"false\" aria-controls=\"accordion-260477845-content\" >\n\t\t\t<button class=\"toggle\" aria-label=\"Umschalten\"><i class=\"icon-angle-down\"><\/i><\/button>\n\t\t\t<span>5. Welche Branchen setzen Echtleder f\u00fcr Sitzbez\u00fcge ein?<\/span>\n\t\t<\/a>\n\t\t<div id=\"accordion-260477845-content\" class=\"accordion-inner\" aria-labelledby=\"accordion-260477845-label\" >\n\t\t\t\n\n\t<div id=\"text-3561832895\" class=\"text\">\n\t\t\n\n<p>Vor allem Verkehrsbetriebe, Sitzhersteller und Designer im Fahrzeugbau f\u00fcr Busse, Bahnen und exklusive Personenfahrzeuge setzen auf Echtleder als langlebige und hochwertige L\u00f6sung.<\/p>\n\t\t\n<style>\n#text-3561832895 {\n  color: rgb(255,255,255);\n}\n#text-3561832895 > * {\n  color: rgb(255,255,255);\n}\n<\/style>\n\t<\/div>\n\t\n\n\t\t<\/div>\n\t<\/div>\n\t\n\n<\/div>\n\n\t\t<\/div>\n\t\t\t\t\t<\/div>\n\n\t\n\n<\/div>\n\t<div id=\"gap-1190615642\" class=\"gap-element clearfix\" style=\"display:block; height:auto;\">\n\t\t\n<style>\n#gap-1190615642 {\n  padding-top: 110px;\n}\n<\/style>\n\t<\/div>\n\t\n\n\n\t<section class=\"section\" id=\"section_1531650569\">\n\t\t<div class=\"section-bg fill\" >\n\t\t\t<img loading=\"lazy\" decoding=\"async\" width=\"387\" height=\"297\" src=\"https:\/\/intpro-handelsagentur.com\/intpro-mobility\/wp-content\/uploads\/2023\/08\/Unser-Buero.png\" class=\"bg attachment- size-\" alt=\"\" \/>\t\t\t\t\t\t<div class=\"section-bg-overlay absolute fill\"><\/div>\n\t\t\t\n\n\t\t<\/div>\n\n\t\t\n\n\t\t<div class=\"section-content relative\">\n\t\t\t\n\n<div class=\"row\"  id=\"row-70160881\">\n\n\n\t<div id=\"col-641555009\" class=\"col small-12 large-12\"  >\n\t\t\t\t<div class=\"col-inner\"  >\n\t\t\t\n\t\t\t\n\n\t<div id=\"text-3181731328\" class=\"text\">\n\t\t\n\n<h2><span style=\"font-size: 170%;\">Kontaktanfrage<\/span><\/h2>\n<p>\u00a0<\/p>\n<p>Offene Fragen gibt es bei uns nicht, daher stehen wir Ihnen unkompliziert zur Verf\u00fcgung:<\/p>\n<p>Unsere B\u00fcrozeiten<\/p>\n<p>Montag bis Donnerstag: von 08:30 bis 15:30 Uhr<br \/>Freitag: von 08:30 bis 12:30 Uhr<\/p>\n<p>oder pers\u00f6nlich nach Terminabstimmung.<\/p>\n\t\t\n<style>\n#text-3181731328 {\n  text-align: center;\n  color: #ffffff;\n}\n#text-3181731328 > * {\n  color: #ffffff;\n}\n<\/style>\n\t<\/div>\n\t\n\n\t\t<\/div>\n\t\t\t\t\t<\/div>\n\n\t\n\n<\/div>\n<div class=\"row\"  id=\"row-1112270102\">\n\n\n\t<div id=\"col-832620165\" class=\"col medium-4 small-12 large-4\"  >\n\t\t\t\t<div class=\"col-inner\"  >\n\t\t\t\n\t\t\t\n\n\n\t<a class=\"plain\" href=\"mailto:info@IntPro-Mobility.com\" >\t<div class=\"icon-box featured-box icon-box-center text-center\"  >\n\t\t\t\t\t<div class=\"icon-box-img\" style=\"width: 135px\">\n\t\t\t\t<div class=\"icon\">\n\t\t\t\t\t<div class=\"icon-inner\" >\n\t\t\t\t\t\t<img loading=\"lazy\" decoding=\"async\" width=\"300\" height=\"300\" src=\"https:\/\/intpro-handelsagentur.com\/intpro-mobility\/wp-content\/uploads\/2023\/09\/mail-300x300.png\" class=\"attachment-medium size-medium\" alt=\"\" srcset=\"https:\/\/intpro-handelsagentur.com\/intpro-mobility\/wp-content\/uploads\/2023\/09\/mail-300x300.png 300w, https:\/\/intpro-handelsagentur.com\/intpro-mobility\/wp-content\/uploads\/2023\/09\/mail-150x150.png 150w, https:\/\/intpro-handelsagentur.com\/intpro-mobility\/wp-content\/uploads\/2023\/09\/mail-768x768.png 768w, https:\/\/intpro-handelsagentur.com\/intpro-mobility\/wp-content\/uploads\/2023\/09\/mail.png 1024w\" sizes=\"auto, (max-width: 300px) 100vw, 300px\" \/>\t\t\t\t\t<\/div>\n\t\t\t\t<\/div>\n\t\t\t<\/div>\n\t\t\t\t<div class=\"icon-box-text last-reset\">\n\t\t\t\t\t\t\t\t\t\n\n\t<div id=\"text-418478854\" class=\"text\">\n\t\t\n\n<h3>E-Mail<\/h3>\n<p>info@IntPro-mobility.com<\/p>\n\t\t\n<style>\n#text-418478854 {\n  color: #ffffff;\n}\n#text-418478854 > * {\n  color: #ffffff;\n}\n<\/style>\n\t<\/div>\n\t\n\n\t\t<\/div>\n\t<\/div>\n\t<\/a>\n\t\n\n\t\t<\/div>\n\t\t\t\t\t<\/div>\n\n\t\n\n\t<div id=\"col-385580237\" class=\"col medium-4 small-12 large-4\"  >\n\t\t\t\t<div class=\"col-inner\"  >\n\t\t\t\n\t\t\t\n\n\n\t<a class=\"plain\" href=\"tel:+4952116393052\" >\t<div class=\"icon-box featured-box icon-box-center text-center\"  >\n\t\t\t\t\t<div class=\"icon-box-img\" style=\"width: 135px\">\n\t\t\t\t<div class=\"icon\">\n\t\t\t\t\t<div class=\"icon-inner\" >\n\t\t\t\t\t\t<img loading=\"lazy\" decoding=\"async\" width=\"300\" height=\"300\" src=\"https:\/\/intpro-handelsagentur.com\/intpro-mobility\/wp-content\/uploads\/2023\/09\/phone-300x300.png\" class=\"attachment-medium size-medium\" alt=\"\" srcset=\"https:\/\/intpro-handelsagentur.com\/intpro-mobility\/wp-content\/uploads\/2023\/09\/phone-300x300.png 300w, https:\/\/intpro-handelsagentur.com\/intpro-mobility\/wp-content\/uploads\/2023\/09\/phone-150x150.png 150w, https:\/\/intpro-handelsagentur.com\/intpro-mobility\/wp-content\/uploads\/2023\/09\/phone-768x768.png 768w, https:\/\/intpro-handelsagentur.com\/intpro-mobility\/wp-content\/uploads\/2023\/09\/phone.png 1024w\" sizes=\"auto, (max-width: 300px) 100vw, 300px\" \/>\t\t\t\t\t<\/div>\n\t\t\t\t<\/div>\n\t\t\t<\/div>\n\t\t\t\t<div class=\"icon-box-text last-reset\">\n\t\t\t\t\t\t\t\t\t\n\n\t<div id=\"text-2505201950\" class=\"text\">\n\t\t\n\n<h3>Telefon<\/h3>\n<p>+49 (0) 521 1639305 2<\/p>\n\t\t\n<style>\n#text-2505201950 {\n  color: #ffffff;\n}\n#text-2505201950 > * {\n  color: #ffffff;\n}\n<\/style>\n\t<\/div>\n\t\n\n\t\t<\/div>\n\t<\/div>\n\t<\/a>\n\t\n\n\t\t<\/div>\n\t\t\t\t\t<\/div>\n\n\t\n\n\t<div id=\"col-1162150641\" class=\"col medium-4 small-12 large-4\"  >\n\t\t\t\t<div class=\"col-inner\"  >\n\t\t\t\n\t\t\t\n\n\n\t<a class=\"plain\" href=\"https:\/\/maps.app.goo.gl\/5tRfD2wAZyTFM5gC8\" target=\"_blank\" rel=\"noopener\" >\t<div class=\"icon-box featured-box icon-box-center text-center\"  >\n\t\t\t\t\t<div class=\"icon-box-img\" style=\"width: 135px\">\n\t\t\t\t<div class=\"icon\">\n\t\t\t\t\t<div class=\"icon-inner\" >\n\t\t\t\t\t\t<img loading=\"lazy\" decoding=\"async\" width=\"300\" height=\"300\" src=\"https:\/\/intpro-handelsagentur.com\/intpro-mobility\/wp-content\/uploads\/2023\/09\/hotel-300x300.png\" class=\"attachment-medium size-medium\" alt=\"\" srcset=\"https:\/\/intpro-handelsagentur.com\/intpro-mobility\/wp-content\/uploads\/2023\/09\/hotel-300x300.png 300w, https:\/\/intpro-handelsagentur.com\/intpro-mobility\/wp-content\/uploads\/2023\/09\/hotel-150x150.png 150w, https:\/\/intpro-handelsagentur.com\/intpro-mobility\/wp-content\/uploads\/2023\/09\/hotel-768x768.png 768w, https:\/\/intpro-handelsagentur.com\/intpro-mobility\/wp-content\/uploads\/2023\/09\/hotel.png 1024w\" sizes=\"auto, (max-width: 300px) 100vw, 300px\" \/>\t\t\t\t\t<\/div>\n\t\t\t\t<\/div>\n\t\t\t<\/div>\n\t\t\t\t<div class=\"icon-box-text last-reset\">\n\t\t\t\t\t\t\t\t\t\n\n\t<div id=\"text-3035138197\" class=\"text\">\n\t\t\n\n<h3>B\u00fcro<\/h3>\n<p>B\u00f6ttcherstr.7 <br \/>\nDE-33609 Bielefeld<\/p>\n\t\t\n<style>\n#text-3035138197 {\n  color: #ffffff;\n}\n#text-3035138197 > * {\n  color: #ffffff;\n}\n<\/style>\n\t<\/div>\n\t\n\n\t\t<\/div>\n\t<\/div>\n\t<\/a>\n\t\n\n\t\t<\/div>\n\t\t\t\t\t<\/div>\n\n\t\n\n<\/div>\n\n\n\t\t<\/div>\n\n\t\t\n<style>\n#section_1531650569 {\n  padding-top: 30px;\n  padding-bottom: 30px;\n}\n#section_1531650569 .section-bg-overlay {\n  background-color: rgba(0, 0, 0, 0.802);\n}\n<\/style>\n\t<\/section>\n\t\n\n\n\t\t<\/div>\n\n\t\t\n<style>\n#section_1243558852 {\n  padding-top: 30px;\n  padding-bottom: 30px;\n  background-color: rgb(0,0,0);\n}\n<\/style>\n\t<\/section>\n\t\n\n","protected":false},"excerpt":{"rendered":"","protected":false},"author":1,"featured_media":0,"parent":0,"menu_order":0,"comment_status":"closed","ping_status":"closed","template":"page-blank.php","meta":{"footnotes":""},"class_list":["post-1717","page","type-page","status-publish","hentry"],"yoast_head":"<!-- This site is optimized with the Yoast SEO plugin v27.1.1 - https:\/\/yoast.com\/product\/yoast-seo-wordpress\/ -->\n<title>Echtleder &amp; Bezugsleder - Intpro Mobility<\/title>\n<meta name=\"description\" content=\"Unsere Vision ist Ihre Chance. Die Agentur in OWL f\u00fcr moderne, preiswerte und responsive Websites.\" \/>\n<meta name=\"robots\" content=\"index, follow, max-snippet:-1, max-image-preview:large, max-video-preview:-1\" \/>\n<link rel=\"canonical\" href=\"https:\/\/intpro-handelsagentur.com\/intpro-mobility\/echtleder-bezugsleder-fuer-sitzbezuege\/\" \/>\n<meta property=\"og:locale\" content=\"de_DE\" \/>\n<meta property=\"og:type\" content=\"article\" \/>\n<meta property=\"og:title\" content=\"Echtleder &amp; Bezugsleder - Intpro Mobility\" \/>\n<meta property=\"og:description\" content=\"Unsere Vision ist Ihre Chance. Die Agentur in OWL f\u00fcr moderne, preiswerte und responsive Websites.\" \/>\n<meta property=\"og:url\" content=\"https:\/\/intpro-handelsagentur.com\/intpro-mobility\/echtleder-bezugsleder-fuer-sitzbezuege\/\" \/>\n<meta property=\"og:site_name\" content=\"Intpro Mobility\" \/>\n<meta property=\"article:modified_time\" content=\"2025-12-19T13:30:57+00:00\" \/>\n<meta name=\"twitter:card\" content=\"summary_large_image\" \/>\n<meta name=\"twitter:label1\" content=\"Gesch\u00e4tzte Lesezeit\" \/>\n\t<meta name=\"twitter:data1\" content=\"2\u00a0Minuten\" \/>\n<script type=\"application\/ld+json\" class=\"yoast-schema-graph\">{\"@context\":\"https:\/\/schema.org\",\"@graph\":[{\"@type\":\"WebPage\",\"@id\":\"https:\/\/intpro-handelsagentur.com\/intpro-mobility\/echtleder-bezugsleder-fuer-sitzbezuege\/\",\"url\":\"https:\/\/intpro-handelsagentur.com\/intpro-mobility\/echtleder-bezugsleder-fuer-sitzbezuege\/\",\"name\":\"Echtleder & Bezugsleder - Intpro Mobility\",\"isPartOf\":{\"@id\":\"https:\/\/intpro-handelsagentur.com\/intpro-mobility\/#website\"},\"datePublished\":\"2023-08-07T08:46:37+00:00\",\"dateModified\":\"2025-12-19T13:30:57+00:00\",\"description\":\"Unsere Vision ist Ihre Chance. Die Agentur in OWL f\u00fcr moderne, preiswerte und responsive Websites.\",\"breadcrumb\":{\"@id\":\"https:\/\/intpro-handelsagentur.com\/intpro-mobility\/echtleder-bezugsleder-fuer-sitzbezuege\/#breadcrumb\"},\"inLanguage\":\"de\",\"potentialAction\":[{\"@type\":\"ReadAction\",\"target\":[\"https:\/\/intpro-handelsagentur.com\/intpro-mobility\/echtleder-bezugsleder-fuer-sitzbezuege\/\"]}]},{\"@type\":\"BreadcrumbList\",\"@id\":\"https:\/\/intpro-handelsagentur.com\/intpro-mobility\/echtleder-bezugsleder-fuer-sitzbezuege\/#breadcrumb\",\"itemListElement\":[{\"@type\":\"ListItem\",\"position\":1,\"name\":\"Startseite\",\"item\":\"https:\/\/intpro-handelsagentur.com\/intpro-mobility\/\"},{\"@type\":\"ListItem\",\"position\":2,\"name\":\"Echtleder &#038; Bezugsleder\"}]},{\"@type\":\"WebSite\",\"@id\":\"https:\/\/intpro-handelsagentur.com\/intpro-mobility\/#website\",\"url\":\"https:\/\/intpro-handelsagentur.com\/intpro-mobility\/\",\"name\":\"Intpro Mobility\",\"description\":\"\",\"potentialAction\":[{\"@type\":\"SearchAction\",\"target\":{\"@type\":\"EntryPoint\",\"urlTemplate\":\"https:\/\/intpro-handelsagentur.com\/intpro-mobility\/?s={search_term_string}\"},\"query-input\":{\"@type\":\"PropertyValueSpecification\",\"valueRequired\":true,\"valueName\":\"search_term_string\"}}],\"inLanguage\":\"de\"}]}<\/script>\n<!-- \/ Yoast SEO plugin. -->","yoast_head_json":{"title":"Echtleder & Bezugsleder - Intpro Mobility","description":"Unsere Vision ist Ihre Chance. Die Agentur in OWL f\u00fcr moderne, preiswerte und responsive Websites.","robots":{"index":"index","follow":"follow","max-snippet":"max-snippet:-1","max-image-preview":"max-image-preview:large","max-video-preview":"max-video-preview:-1"},"canonical":"https:\/\/intpro-handelsagentur.com\/intpro-mobility\/echtleder-bezugsleder-fuer-sitzbezuege\/","og_locale":"de_DE","og_type":"article","og_title":"Echtleder & Bezugsleder - Intpro Mobility","og_description":"Unsere Vision ist Ihre Chance. Die Agentur in OWL f\u00fcr moderne, preiswerte und responsive Websites.","og_url":"https:\/\/intpro-handelsagentur.com\/intpro-mobility\/echtleder-bezugsleder-fuer-sitzbezuege\/","og_site_name":"Intpro Mobility","article_modified_time":"2025-12-19T13:30:57+00:00","twitter_card":"summary_large_image","twitter_misc":{"Gesch\u00e4tzte Lesezeit":"2\u00a0Minuten"},"schema":{"@context":"https:\/\/schema.org","@graph":[{"@type":"WebPage","@id":"https:\/\/intpro-handelsagentur.com\/intpro-mobility\/echtleder-bezugsleder-fuer-sitzbezuege\/","url":"https:\/\/intpro-handelsagentur.com\/intpro-mobility\/echtleder-bezugsleder-fuer-sitzbezuege\/","name":"Echtleder & Bezugsleder - Intpro Mobility","isPartOf":{"@id":"https:\/\/intpro-handelsagentur.com\/intpro-mobility\/#website"},"datePublished":"2023-08-07T08:46:37+00:00","dateModified":"2025-12-19T13:30:57+00:00","description":"Unsere Vision ist Ihre Chance. Die Agentur in OWL f\u00fcr moderne, preiswerte und responsive Websites.","breadcrumb":{"@id":"https:\/\/intpro-handelsagentur.com\/intpro-mobility\/echtleder-bezugsleder-fuer-sitzbezuege\/#breadcrumb"},"inLanguage":"de","potentialAction":[{"@type":"ReadAction","target":["https:\/\/intpro-handelsagentur.com\/intpro-mobility\/echtleder-bezugsleder-fuer-sitzbezuege\/"]}]},{"@type":"BreadcrumbList","@id":"https:\/\/intpro-handelsagentur.com\/intpro-mobility\/echtleder-bezugsleder-fuer-sitzbezuege\/#breadcrumb","itemListElement":[{"@type":"ListItem","position":1,"name":"Startseite","item":"https:\/\/intpro-handelsagentur.com\/intpro-mobility\/"},{"@type":"ListItem","position":2,"name":"Echtleder &#038; Bezugsleder"}]},{"@type":"WebSite","@id":"https:\/\/intpro-handelsagentur.com\/intpro-mobility\/#website","url":"https:\/\/intpro-handelsagentur.com\/intpro-mobility\/","name":"Intpro Mobility","description":"","potentialAction":[{"@type":"SearchAction","target":{"@type":"EntryPoint","urlTemplate":"https:\/\/intpro-handelsagentur.com\/intpro-mobility\/?s={search_term_string}"},"query-input":{"@type":"PropertyValueSpecification","valueRequired":true,"valueName":"search_term_string"}}],"inLanguage":"de"}]}},"_links":{"self":[{"href":"https:\/\/intpro-handelsagentur.com\/intpro-mobility\/wp-json\/wp\/v2\/pages\/1717","targetHints":{"allow":["GET"]}}],"collection":[{"href":"https:\/\/intpro-handelsagentur.com\/intpro-mobility\/wp-json\/wp\/v2\/pages"}],"about":[{"href":"https:\/\/intpro-handelsagentur.com\/intpro-mobility\/wp-json\/wp\/v2\/types\/page"}],"author":[{"embeddable":true,"href":"https:\/\/intpro-handelsagentur.com\/intpro-mobility\/wp-json\/wp\/v2\/users\/1"}],"replies":[{"embeddable":true,"href":"https:\/\/intpro-handelsagentur.com\/intpro-mobility\/wp-json\/wp\/v2\/comments?post=1717"}],"version-history":[{"count":10,"href":"https:\/\/intpro-handelsagentur.com\/intpro-mobility\/wp-json\/wp\/v2\/pages\/1717\/revisions"}],"predecessor-version":[{"id":2548,"href":"https:\/\/intpro-handelsagentur.com\/intpro-mobility\/wp-json\/wp\/v2\/pages\/1717\/revisions\/2548"}],"wp:attachment":[{"href":"https:\/\/intpro-handelsagentur.com\/intpro-mobility\/wp-json\/wp\/v2\/media?parent=1717"}],"curies":[{"name":"wp","href":"https:\/\/api.w.org\/{rel}","templated":true}]}}